{"id":8199,"date":"2024-09-30T13:34:17","date_gmt":"2024-09-30T13:34:17","guid":{"rendered":"https:\/\/jerznerhof.at\/ete\/"},"modified":"2025-09-29T11:57:58","modified_gmt":"2025-09-29T11:57:58","slug":"ete","status":"publish","type":"page","link":"https:\/\/jerznerhof.at\/fr\/pitztal-et-au-dela\/ete\/","title":{"rendered":"\u00c9t\u00e9"},"content":{"rendered":"\t\t<div data-elementor-type=\"wp-page\" data-elementor-id=\"8199\" class=\"elementor elementor-8199 elementor-48\" data-elementor-post-type=\"page\">\n\t\t\t\t<div class=\"elementor-element elementor-element-50b37004 e-con-full hero-vid e-flex e-con e-parent\" data-id=\"50b37004\" data-element_type=\"container\" data-e-type=\"container\" data-settings=\"{&quot;motion_fx_motion_fx_scrolling&quot;:&quot;yes&quot;,&quot;motion_fx_opacity_effect&quot;:&quot;yes&quot;,&quot;motion_fx_opacity_direction&quot;:&quot;in-out&quot;,&quot;motion_fx_opacity_level&quot;:{&quot;unit&quot;:&quot;px&quot;,&quot;size&quot;:&quot;7&quot;,&quot;sizes&quot;:[]},&quot;motion_fx_opacity_range&quot;:{&quot;unit&quot;:&quot;%&quot;,&quot;size&quot;:&quot;&quot;,&quot;sizes&quot;:{&quot;start&quot;:&quot;48&quot;,&quot;end&quot;:&quot;62&quot;}},&quot;motion_fx_devices&quot;:[&quot;desktop&quot;,&quot;laptop&quot;,&quot;tablet_extra&quot;,&quot;tablet&quot;,&quot;mobile_extra&quot;,&quot;mobile&quot;]}\">\n\t\t<div class=\"elementor-element elementor-element-3a95e85e e-con-full e-flex e-con e-child\" data-id=\"3a95e85e\" data-element_type=\"container\" data-e-type=\"container\">\n\t\t\t\t<div class=\"elementor-element elementor-element-5d727cee header-vid-unterseiten elementor-widget elementor-widget-video\" data-id=\"5d727cee\" data-element_type=\"widget\" data-e-type=\"widget\" data-settings=\"{&quot;video_type&quot;:&quot;hosted&quot;,&quot;autoplay&quot;:&quot;yes&quot;,&quot;play_on_mobile&quot;:&quot;yes&quot;,&quot;mute&quot;:&quot;yes&quot;,&quot;loop&quot;:&quot;yes&quot;}\" data-widget_type=\"video.default\">\n\t\t\t\t\t\t\t<div class=\"e-hosted-video elementor-wrapper elementor-open-inline\">\n\t\t\t\t\t<video class=\"elementor-video\" src=\"https:\/\/jerznerhof.at\/wp-content\/uploads\/2024\/10\/erleben.mp4\" autoplay=\"\" loop=\"\" muted=\"muted\" playsinline=\"\" controlsList=\"nodownload\"><\/video>\n\t\t\t\t<\/div>\n\t\t\t\t\t\t<\/div>\n\t\t\t\t<div class=\"elementor-element elementor-element-5d8ddfd8 elementor-widget__width-initial animated-slow elementor-invisible elementor-widget elementor-widget-image\" data-id=\"5d8ddfd8\" data-element_type=\"widget\" data-e-type=\"widget\" data-settings=\"{&quot;_animation&quot;:&quot;fadeIn&quot;}\" data-widget_type=\"image.default\">\n\t\t\t\t\t\t\t\t\t\t\t\t\t\t\t<img fetchpriority=\"high\" decoding=\"async\" width=\"308\" height=\"534\" src=\"https:\/\/jerznerhof.at\/wp-content\/uploads\/2025\/06\/erleben-fr.svg\" class=\"attachment-large size-large wp-image-6276\" alt=\"\" \/>\t\t\t\t\t\t\t\t\t\t\t\t\t\t\t<\/div>\n\t\t\t\t<\/div>\n\t\t<div class=\"elementor-element elementor-element-e39c3db e-con-full e-flex e-con e-child\" data-id=\"e39c3db\" data-element_type=\"container\" data-e-type=\"container\">\n\t\t<div class=\"elementor-element elementor-element-68276465 e-con-full e-flex e-con e-child\" data-id=\"68276465\" data-element_type=\"container\" data-e-type=\"container\" data-settings=\"{&quot;motion_fx_motion_fx_scrolling&quot;:&quot;yes&quot;,&quot;motion_fx_translateY_effect&quot;:&quot;yes&quot;,&quot;motion_fx_translateY_speed&quot;:{&quot;unit&quot;:&quot;px&quot;,&quot;size&quot;:&quot;0.5&quot;,&quot;sizes&quot;:[]},&quot;motion_fx_translateY_affectedRange&quot;:{&quot;unit&quot;:&quot;%&quot;,&quot;size&quot;:&quot;&quot;,&quot;sizes&quot;:{&quot;start&quot;:&quot;36&quot;,&quot;end&quot;:&quot;66&quot;}},&quot;motion_fx_devices&quot;:[&quot;desktop&quot;,&quot;laptop&quot;,&quot;tablet_extra&quot;,&quot;tablet&quot;,&quot;mobile_extra&quot;,&quot;mobile&quot;]}\">\n\t\t\t\t<div class=\"elementor-element elementor-element-3663cb66 animated-slow elementor-invisible elementor-widget elementor-widget-heading\" data-id=\"3663cb66\" data-element_type=\"widget\" data-e-type=\"widget\" data-settings=\"{&quot;_animation&quot;:&quot;fadeInUp&quot;}\" data-widget_type=\"heading.default\">\n\t\t\t\t\t<h2 class=\"elementor-heading-title elementor-size-default\">Montagnes, lacs et libert\u00e9<\/h2>\t\t\t\t<\/div>\n\t\t\t\t<div class=\"elementor-element elementor-element-24e046d2 animated-slow elementor-invisible elementor-widget elementor-widget-heading\" data-id=\"24e046d2\" data-element_type=\"widget\" data-e-type=\"widget\" data-settings=\"{&quot;_animation&quot;:&quot;fadeInUp&quot;}\" data-widget_type=\"heading.default\">\n\t\t\t\t\t<h1 class=\"elementor-heading-title elementor-size-default\">\u00c9t\u00e9<\/h1>\t\t\t\t<\/div>\n\t\t\t\t<\/div>\n\t\t\t\t<div class=\"elementor-element elementor-element-754a7c35 elementor-widget__width-initial animated-slow elementor-invisible elementor-widget elementor-widget-text-editor\" data-id=\"754a7c35\" data-element_type=\"widget\" data-e-type=\"widget\" data-settings=\"{&quot;motion_fx_motion_fx_scrolling&quot;:&quot;yes&quot;,&quot;motion_fx_translateY_effect&quot;:&quot;yes&quot;,&quot;motion_fx_translateY_speed&quot;:{&quot;unit&quot;:&quot;px&quot;,&quot;size&quot;:&quot;0.5&quot;,&quot;sizes&quot;:[]},&quot;motion_fx_translateY_affectedRange&quot;:{&quot;unit&quot;:&quot;%&quot;,&quot;size&quot;:&quot;&quot;,&quot;sizes&quot;:{&quot;start&quot;:&quot;36&quot;,&quot;end&quot;:&quot;66&quot;}},&quot;_animation&quot;:&quot;fadeInUp&quot;,&quot;motion_fx_devices&quot;:[&quot;desktop&quot;,&quot;laptop&quot;,&quot;tablet_extra&quot;,&quot;tablet&quot;,&quot;mobile_extra&quot;,&quot;mobile&quot;]}\" data-widget_type=\"text-editor.default\">\n\t\t\t\t\t\t\t\t\t<p>Partir en randonn\u00e9e pour conqu\u00e9rir de nouveaux sommets, sillonner les vall\u00e9es \u00e0 v\u00e9lo ou simplement respirer \u00e0 pleins poumons l\u2019air frais des montagnes&#8230; Dans le Pitztal, chaque journ\u00e9e d\u2019\u00e9t\u00e9 est une nouvelle exp\u00e9rience.<\/p>\n\t\t\t\t\t\t\t\t<\/div>\n\t\t\t\t<div class=\"elementor-element elementor-element-5f0c81b4 btn-blue-beige animated-slow elementor-invisible elementor-widget elementor-widget-button\" data-id=\"5f0c81b4\" data-element_type=\"widget\" data-e-type=\"widget\" data-settings=\"{&quot;motion_fx_motion_fx_scrolling&quot;:&quot;yes&quot;,&quot;motion_fx_translateY_effect&quot;:&quot;yes&quot;,&quot;motion_fx_translateY_speed&quot;:{&quot;unit&quot;:&quot;px&quot;,&quot;size&quot;:&quot;0.5&quot;,&quot;sizes&quot;:[]},&quot;motion_fx_translateY_affectedRange&quot;:{&quot;unit&quot;:&quot;%&quot;,&quot;size&quot;:&quot;&quot;,&quot;sizes&quot;:{&quot;start&quot;:&quot;36&quot;,&quot;end&quot;:&quot;66&quot;}},&quot;_animation&quot;:&quot;fadeInUp&quot;,&quot;motion_fx_devices&quot;:[&quot;desktop&quot;,&quot;laptop&quot;,&quot;tablet_extra&quot;,&quot;tablet&quot;,&quot;mobile_extra&quot;,&quot;mobile&quot;]}\" data-widget_type=\"button.default\">\n\t\t\t\t\t\t\t\t\t\t<a class=\"elementor-button elementor-button-link elementor-size-sm\" href=\"https:\/\/jerznerhof.at\/fr\/chambres-et-suites\/offres\/#sommer\">\n\t\t\t\t\t\t<span class=\"elementor-button-content-wrapper\">\n\t\t\t\t\t\t\t\t\t<span class=\"elementor-button-text\">Offres d\u2019\u00e9t\u00e9 exclusives<\/span>\n\t\t\t\t\t<\/span>\n\t\t\t\t\t<\/a>\n\t\t\t\t\t\t\t\t<\/div>\n\t\t\t\t<\/div>\n\t\t\t\t<\/div>\n\t\t<div class=\"elementor-element elementor-element-168f60b4 e-flex e-con-boxed e-con e-parent\" data-id=\"168f60b4\" data-element_type=\"container\" data-e-type=\"container\" data-settings=\"{&quot;motion_fx_motion_fx_scrolling&quot;:&quot;yes&quot;,&quot;motion_fx_devices&quot;:[&quot;desktop&quot;,&quot;laptop&quot;,&quot;tablet_extra&quot;,&quot;tablet&quot;,&quot;mobile_extra&quot;,&quot;mobile&quot;]}\">\n\t\t\t\t\t<div class=\"e-con-inner\">\n\t\t<div class=\"elementor-element elementor-element-42ea8cd9 e-con-full e-flex e-con e-child\" data-id=\"42ea8cd9\" data-element_type=\"container\" data-e-type=\"container\" data-settings=\"{&quot;motion_fx_motion_fx_scrolling&quot;:&quot;yes&quot;,&quot;motion_fx_opacity_effect&quot;:&quot;yes&quot;,&quot;motion_fx_opacity_direction&quot;:&quot;out-in-out&quot;,&quot;motion_fx_opacity_level&quot;:{&quot;unit&quot;:&quot;px&quot;,&quot;size&quot;:&quot;7&quot;,&quot;sizes&quot;:[]},&quot;motion_fx_opacity_range&quot;:{&quot;unit&quot;:&quot;%&quot;,&quot;size&quot;:&quot;&quot;,&quot;sizes&quot;:{&quot;start&quot;:&quot;38&quot;,&quot;end&quot;:&quot;66&quot;}},&quot;motion_fx_devices&quot;:[&quot;desktop&quot;,&quot;laptop&quot;,&quot;tablet_extra&quot;,&quot;tablet&quot;,&quot;mobile_extra&quot;,&quot;mobile&quot;]}\">\n\t\t<div class=\"elementor-element elementor-element-5cd420bb e-con-full e-flex e-con e-child\" data-id=\"5cd420bb\" data-element_type=\"container\" data-e-type=\"container\" data-settings=\"{&quot;motion_fx_motion_fx_scrolling&quot;:&quot;yes&quot;,&quot;motion_fx_devices&quot;:[&quot;desktop&quot;,&quot;laptop&quot;,&quot;tablet_extra&quot;,&quot;tablet&quot;,&quot;mobile_extra&quot;,&quot;mobile&quot;]}\">\n\t\t<div class=\"elementor-element elementor-element-3ca68fe3 e-con-full e-flex e-con e-child\" data-id=\"3ca68fe3\" data-element_type=\"container\" data-e-type=\"container\" data-settings=\"{&quot;motion_fx_motion_fx_scrolling&quot;:&quot;yes&quot;,&quot;motion_fx_translateY_effect&quot;:&quot;yes&quot;,&quot;motion_fx_translateY_speed&quot;:{&quot;unit&quot;:&quot;px&quot;,&quot;size&quot;:&quot;0.5&quot;,&quot;sizes&quot;:[]},&quot;motion_fx_translateY_affectedRange&quot;:{&quot;unit&quot;:&quot;%&quot;,&quot;size&quot;:&quot;&quot;,&quot;sizes&quot;:{&quot;start&quot;:&quot;38&quot;,&quot;end&quot;:&quot;66&quot;}},&quot;motion_fx_devices&quot;:[&quot;desktop&quot;,&quot;laptop&quot;,&quot;tablet_extra&quot;,&quot;tablet&quot;,&quot;mobile_extra&quot;,&quot;mobile&quot;]}\">\n\t\t\t\t<div class=\"elementor-element elementor-element-72e11537 animated-slow elementor-invisible elementor-widget elementor-widget-heading\" data-id=\"72e11537\" data-element_type=\"widget\" data-e-type=\"widget\" data-settings=\"{&quot;_animation&quot;:&quot;fadeInUp&quot;}\" data-widget_type=\"heading.default\">\n\t\t\t\t\t<h2 class=\"elementor-heading-title elementor-size-default\">Aventures d\u2019\u00e9t\u00e9 dans le Hochzeiger<\/h2>\t\t\t\t<\/div>\n\t\t\t\t<\/div>\n\t\t\t\t<div class=\"elementor-element elementor-element-524a0f7c animated-slow elementor-invisible elementor-widget elementor-widget-text-editor\" data-id=\"524a0f7c\" data-element_type=\"widget\" data-e-type=\"widget\" data-settings=\"{&quot;motion_fx_motion_fx_scrolling&quot;:&quot;yes&quot;,&quot;motion_fx_translateY_effect&quot;:&quot;yes&quot;,&quot;motion_fx_translateY_speed&quot;:{&quot;unit&quot;:&quot;px&quot;,&quot;size&quot;:&quot;0.5&quot;,&quot;sizes&quot;:[]},&quot;motion_fx_translateY_affectedRange&quot;:{&quot;unit&quot;:&quot;%&quot;,&quot;size&quot;:&quot;&quot;,&quot;sizes&quot;:{&quot;start&quot;:&quot;37&quot;,&quot;end&quot;:&quot;68&quot;}},&quot;_animation&quot;:&quot;fadeInUp&quot;,&quot;motion_fx_devices&quot;:[&quot;desktop&quot;,&quot;laptop&quot;,&quot;tablet_extra&quot;,&quot;tablet&quot;,&quot;mobile_extra&quot;,&quot;mobile&quot;]}\" data-widget_type=\"text-editor.default\">\n\t\t\t\t\t\t\t\t\t<p>Cet \u00e9t\u00e9, le Hochzeiger vous invite \u00e0 la d\u00e9couverte. Dans le Zirbenpark, vous ferez la connaissance du pin cembro, v\u00e9ritable \u00ab\u00a0Roi des Alpes\u00a0\u00bb tandis que les enfants s\u2019amuseront avec les jeux et les activit\u00e9s vari\u00e9s qui y sont propos\u00e9s. Les amateurs de randonn\u00e9e trouveront leur bonheur parmi les nombreux sentiers vari\u00e9s \u00e0 leur disposition, tandis que les familles pourront s\u2019en donner \u00e0 c\u0153ur joie en parcourant le Family Trail \u00e0 VTT.<\/p>\n\t\t\t\t\t\t\t\t<\/div>\n\t\t\t\t<div class=\"elementor-element elementor-element-402bb3e btn-blue-beige animated-slow elementor-invisible elementor-widget elementor-widget-button\" data-id=\"402bb3e\" data-element_type=\"widget\" data-e-type=\"widget\" data-settings=\"{&quot;_animation&quot;:&quot;fadeInUp&quot;}\" data-widget_type=\"button.default\">\n\t\t\t\t\t\t\t\t\t\t<a class=\"elementor-button elementor-button-link elementor-size-sm\" href=\"https:\/\/www.pitztal.com\/en\/lifts.html\" target=\"_blank\">\n\t\t\t\t\t\t<span class=\"elementor-button-content-wrapper\">\n\t\t\t\t\t\t\t\t\t<span class=\"elementor-button-text\">T\u00e9l\u00e9pheriques ouvertes dans le Pitztal<\/span>\n\t\t\t\t\t<\/span>\n\t\t\t\t\t<\/a>\n\t\t\t\t\t\t\t\t<\/div>\n\t\t\t\t<\/div>\n\t\t\t\t<div class=\"elementor-element elementor-element-553e3f40 elementor-widget elementor-widget-image\" data-id=\"553e3f40\" data-element_type=\"widget\" data-e-type=\"widget\" data-widget_type=\"image.default\">\n\t\t\t\t\t\t\t\t\t\t\t\t\t\t\t<img decoding=\"async\" width=\"800\" height=\"572\" src=\"https:\/\/jerznerhof.at\/wp-content\/uploads\/2024\/10\/Zirbenpark-Hochzeiger-Jerzens-Jerzens-Hochzeiger-_TVB-Pitztal_Chris-Walch-Jerzens-1024x732.jpg\" class=\"attachment-large size-large wp-image-6382\" alt=\"\" srcset=\"https:\/\/jerznerhof.at\/wp-content\/uploads\/2024\/10\/Zirbenpark-Hochzeiger-Jerzens-Jerzens-Hochzeiger-_TVB-Pitztal_Chris-Walch-Jerzens-1024x732.jpg 1024w, https:\/\/jerznerhof.at\/wp-content\/uploads\/2024\/10\/Zirbenpark-Hochzeiger-Jerzens-Jerzens-Hochzeiger-_TVB-Pitztal_Chris-Walch-Jerzens-300x214.jpg 300w, https:\/\/jerznerhof.at\/wp-content\/uploads\/2024\/10\/Zirbenpark-Hochzeiger-Jerzens-Jerzens-Hochzeiger-_TVB-Pitztal_Chris-Walch-Jerzens-768x549.jpg 768w, https:\/\/jerznerhof.at\/wp-content\/uploads\/2024\/10\/Zirbenpark-Hochzeiger-Jerzens-Jerzens-Hochzeiger-_TVB-Pitztal_Chris-Walch-Jerzens-1536x1098.jpg 1536w, https:\/\/jerznerhof.at\/wp-content\/uploads\/2024\/10\/Zirbenpark-Hochzeiger-Jerzens-Jerzens-Hochzeiger-_TVB-Pitztal_Chris-Walch-Jerzens.jpg 1703w\" sizes=\"(max-width: 800px) 100vw, 800px\" \/>\t\t\t\t\t\t\t\t\t\t\t\t\t\t\t<\/div>\n\t\t\t\t<\/div>\n\t\t<div class=\"elementor-element elementor-element-39c326a5 e-con-full e-flex e-con e-child\" data-id=\"39c326a5\" data-element_type=\"container\" data-e-type=\"container\" data-settings=\"{&quot;motion_fx_motion_fx_scrolling&quot;:&quot;yes&quot;,&quot;motion_fx_opacity_effect&quot;:&quot;yes&quot;,&quot;motion_fx_opacity_direction&quot;:&quot;out-in-out&quot;,&quot;motion_fx_opacity_level&quot;:{&quot;unit&quot;:&quot;px&quot;,&quot;size&quot;:&quot;7&quot;,&quot;sizes&quot;:[]},&quot;motion_fx_opacity_range&quot;:{&quot;unit&quot;:&quot;%&quot;,&quot;size&quot;:&quot;&quot;,&quot;sizes&quot;:{&quot;start&quot;:&quot;36&quot;,&quot;end&quot;:&quot;66&quot;}},&quot;motion_fx_devices&quot;:[&quot;desktop&quot;,&quot;laptop&quot;,&quot;tablet_extra&quot;,&quot;tablet&quot;,&quot;mobile_extra&quot;,&quot;mobile&quot;]}\">\n\t\t\t\t<div class=\"elementor-element elementor-element-7f6ef63b elementor-widget elementor-widget-image\" data-id=\"7f6ef63b\" data-element_type=\"widget\" data-e-type=\"widget\" data-widget_type=\"image.default\">\n\t\t\t\t\t\t\t\t\t\t\t\t\t\t\t<img decoding=\"async\" width=\"732\" height=\"1024\" src=\"https:\/\/jerznerhof.at\/wp-content\/uploads\/2024\/10\/Zirbenpark-Hochzeiger-Jerzens-Jerzens-Hochzeiger-Park_TVB-Pitztal_Chris-Walch-732x1024.webp\" class=\"attachment-large size-large wp-image-6380\" alt=\"\" srcset=\"https:\/\/jerznerhof.at\/wp-content\/uploads\/2024\/10\/Zirbenpark-Hochzeiger-Jerzens-Jerzens-Hochzeiger-Park_TVB-Pitztal_Chris-Walch-732x1024.webp 732w, https:\/\/jerznerhof.at\/wp-content\/uploads\/2024\/10\/Zirbenpark-Hochzeiger-Jerzens-Jerzens-Hochzeiger-Park_TVB-Pitztal_Chris-Walch-214x300.webp 214w, https:\/\/jerznerhof.at\/wp-content\/uploads\/2024\/10\/Zirbenpark-Hochzeiger-Jerzens-Jerzens-Hochzeiger-Park_TVB-Pitztal_Chris-Walch-768x1075.webp 768w, https:\/\/jerznerhof.at\/wp-content\/uploads\/2024\/10\/Zirbenpark-Hochzeiger-Jerzens-Jerzens-Hochzeiger-Park_TVB-Pitztal_Chris-Walch-1098x1536.webp 1098w, https:\/\/jerznerhof.at\/wp-content\/uploads\/2024\/10\/Zirbenpark-Hochzeiger-Jerzens-Jerzens-Hochzeiger-Park_TVB-Pitztal_Chris-Walch.webp 1407w\" sizes=\"(max-width: 732px) 100vw, 732px\" \/>\t\t\t\t\t\t\t\t\t\t\t\t\t\t\t<\/div>\n\t\t<div class=\"elementor-element elementor-element-5cc9dff9 e-con-full e-flex e-con e-child\" data-id=\"5cc9dff9\" data-element_type=\"container\" data-e-type=\"container\">\n\t\t\t\t<div class=\"elementor-element elementor-element-31ed7503 animated-slow kontur-hellgold elementor-invisible elementor-widget elementor-widget-text-editor\" data-id=\"31ed7503\" data-element_type=\"widget\" data-e-type=\"widget\" data-settings=\"{&quot;_animation&quot;:&quot;fadeInUp&quot;,&quot;_animation_delay&quot;:&quot;100&quot;}\" data-widget_type=\"text-editor.default\">\n\t\t\t\t\t\t\t\t\t<p>Zirbenpark<\/p>\n<p>Family &amp; Steinbock Trail<\/p>\n<p>Zirbenwasser<\/p>\n<p>Randonn\u00e9e panoramique Sechszeiger<\/p>\n\t\t\t\t\t\t\t\t<\/div>\n\t\t\t\t<\/div>\n\t\t\t\t<\/div>\n\t\t\t\t\t<\/div>\n\t\t\t\t<\/div>\n\t\t<div class=\"elementor-element elementor-element-11c44093 e-con-full e-flex e-con e-parent\" data-id=\"11c44093\" data-element_type=\"container\" data-e-type=\"container\">\n\t\t<div class=\"elementor-element elementor-element-4dcd05e1 e-flex e-con-boxed e-con e-child\" data-id=\"4dcd05e1\" data-element_type=\"container\" data-e-type=\"container\" data-settings=\"{&quot;background_background&quot;:&quot;classic&quot;,&quot;motion_fx_motion_fx_scrolling&quot;:&quot;yes&quot;,&quot;motion_fx_opacity_effect&quot;:&quot;yes&quot;,&quot;motion_fx_opacity_direction&quot;:&quot;out-in-out&quot;,&quot;motion_fx_opacity_level&quot;:{&quot;unit&quot;:&quot;px&quot;,&quot;size&quot;:&quot;7&quot;,&quot;sizes&quot;:[]},&quot;motion_fx_opacity_range&quot;:{&quot;unit&quot;:&quot;%&quot;,&quot;size&quot;:&quot;&quot;,&quot;sizes&quot;:{&quot;start&quot;:&quot;39&quot;,&quot;end&quot;:&quot;61&quot;}},&quot;motion_fx_devices&quot;:[&quot;desktop&quot;,&quot;laptop&quot;,&quot;tablet_extra&quot;,&quot;tablet&quot;,&quot;mobile_extra&quot;,&quot;mobile&quot;]}\">\n\t\t\t\t\t<div class=\"e-con-inner\">\n\t\t\t\t<div class=\"elementor-element elementor-element-63ead0b8 elementor-widget-laptop__width-initial elementor-absolute elementor-widget elementor-widget-image\" data-id=\"63ead0b8\" data-element_type=\"widget\" data-e-type=\"widget\" data-settings=\"{&quot;_position&quot;:&quot;absolute&quot;}\" data-widget_type=\"image.default\">\n\t\t\t\t\t\t\t\t\t\t\t\t\t\t\t<img loading=\"lazy\" decoding=\"async\" width=\"536\" height=\"317\" src=\"https:\/\/jerznerhof.at\/wp-content\/uploads\/2024\/10\/Jerznerhof-logo-rechts-1.svg\" class=\"attachment-large size-large wp-image-6102\" alt=\"Jerznerhof\" \/>\t\t\t\t\t\t\t\t\t\t\t\t\t\t\t<\/div>\n\t\t<div class=\"elementor-element elementor-element-e2f2bac e-con-full e-flex e-con e-child\" data-id=\"e2f2bac\" data-element_type=\"container\" data-e-type=\"container\" data-settings=\"{&quot;motion_fx_motion_fx_scrolling&quot;:&quot;yes&quot;,&quot;motion_fx_translateY_effect&quot;:&quot;yes&quot;,&quot;motion_fx_translateY_speed&quot;:{&quot;unit&quot;:&quot;px&quot;,&quot;size&quot;:&quot;0.5&quot;,&quot;sizes&quot;:[]},&quot;motion_fx_translateY_affectedRange&quot;:{&quot;unit&quot;:&quot;%&quot;,&quot;size&quot;:&quot;&quot;,&quot;sizes&quot;:{&quot;start&quot;:&quot;36&quot;,&quot;end&quot;:&quot;66&quot;}},&quot;motion_fx_devices&quot;:[&quot;desktop&quot;,&quot;laptop&quot;,&quot;tablet_extra&quot;,&quot;tablet&quot;,&quot;mobile_extra&quot;,&quot;mobile&quot;]}\">\n\t\t\t\t<div class=\"elementor-element elementor-element-48d9b39c animated-slow elementor-invisible elementor-widget elementor-widget-heading\" data-id=\"48d9b39c\" data-element_type=\"widget\" data-e-type=\"widget\" data-settings=\"{&quot;_animation&quot;:&quot;fadeInUp&quot;}\" data-widget_type=\"heading.default\">\n\t\t\t\t\t<h2 class=\"elementor-heading-title elementor-size-default\">Pitztal Sommer Card<\/h2>\t\t\t\t<\/div>\n\t\t\t\t<div class=\"elementor-element elementor-element-29d66d70 aufzahlung-raute elementor-invisible elementor-widget elementor-widget-text-editor\" data-id=\"29d66d70\" data-element_type=\"widget\" data-e-type=\"widget\" data-settings=\"{&quot;_animation&quot;:&quot;fadeInUp&quot;}\" data-widget_type=\"text-editor.default\">\n\t\t\t\t\t\t\t\t\t<p>Le forfait Pitztal Sommer Card vous ouvre les portes d\u2019exp\u00e9riences \u00e0 l\u2019infini. Chaque jour, vous pourrez monter \u00e0 bord d\u2019un t\u00e9l\u00e9ph\u00e9rique ou explorer le parc aventures XP Abenteuerpark gratuitement. La carte vous permet \u00e9galement d\u2019acc\u00e9der gratuitement aux mus\u00e9es, aux lacs de baignades ainsi qu\u2019\u00e0 de nombreuses autres attractions. La Pitztal Sommer Card est la cl\u00e9 pour des vacances inoubliables, de mi-mai \u00e0 mi-octobre.<\/p>\n<ul>\n<li>T\u00e9l\u00e9ph\u00e9riques Hochzeiger, Rifflsee &amp; glacier du Pitztal<\/li>\n<li>T\u00e9l\u00e9ph\u00e9riques Hoch Imst &amp; Fendels<\/li>\n<li>Kaunertaler Gletscherstra\u00dfe &amp; Karlesjochbahn<\/li>\n<li>Museum Flie\u00df<\/li>\n<li>Pitzpark<\/li>\n<li>XP Abenteuerpark<\/li>\n<li>Salles d\u2019escalade d\u2019Imst et Stillebach<\/li>\n<li>Naturparkhaus Kaunergrat<\/li>\n<li>Steinbockzentrum<\/li>\n<li>Programme d\u2019activit\u00e9 estivale pour petits et grands<\/li>\n<\/ul>\n\t\t\t\t\t\t\t\t<\/div>\n\t\t\t\t<div class=\"elementor-element elementor-element-307a61b3 btn-blue-beige animated-slow elementor-invisible elementor-widget elementor-widget-button\" data-id=\"307a61b3\" data-element_type=\"widget\" data-e-type=\"widget\" data-settings=\"{&quot;_animation&quot;:&quot;fadeInUp&quot;}\" data-widget_type=\"button.default\">\n\t\t\t\t\t\t\t\t\t\t<a class=\"elementor-button elementor-button-link elementor-size-sm\" href=\"https:\/\/www.pitztal.com\/en\/pitztal-summer-card.html\" target=\"_blank\">\n\t\t\t\t\t\t<span class=\"elementor-button-content-wrapper\">\n\t\t\t\t\t\t\t\t\t<span class=\"elementor-button-text\">Toutes les activit\u00e9s premium<\/span>\n\t\t\t\t\t<\/span>\n\t\t\t\t\t<\/a>\n\t\t\t\t\t\t\t\t<\/div>\n\t\t\t\t<\/div>\n\t\t\t\t<div class=\"elementor-element elementor-element-7d1fe55 elementor-widget__width-initial animated-slow elementor-invisible elementor-widget elementor-widget-image\" data-id=\"7d1fe55\" data-element_type=\"widget\" data-e-type=\"widget\" data-settings=\"{&quot;_animation&quot;:&quot;fadeInUp&quot;}\" data-widget_type=\"image.default\">\n\t\t\t\t\t\t\t\t\t\t\t\t\t\t\t<img loading=\"lazy\" decoding=\"async\" width=\"322\" height=\"570\" src=\"https:\/\/jerznerhof.at\/wp-content\/uploads\/2024\/11\/Pitztal-Sommer-Card-Partner-2018-web.png\" class=\"attachment-large size-large wp-image-6760\" alt=\"\" srcset=\"https:\/\/jerznerhof.at\/wp-content\/uploads\/2024\/11\/Pitztal-Sommer-Card-Partner-2018-web.png 322w, https:\/\/jerznerhof.at\/wp-content\/uploads\/2024\/11\/Pitztal-Sommer-Card-Partner-2018-web-169x300.png 169w\" sizes=\"(max-width: 322px) 100vw, 322px\" \/>\t\t\t\t\t\t\t\t\t\t\t\t\t\t\t<\/div>\n\t\t\t\t<div class=\"elementor-element elementor-element-1cbc6cf6 elementor-widget-laptop__width-initial elementor-absolute elementor-widget elementor-widget-image\" data-id=\"1cbc6cf6\" data-element_type=\"widget\" data-e-type=\"widget\" data-settings=\"{&quot;_position&quot;:&quot;absolute&quot;}\" data-widget_type=\"image.default\">\n\t\t\t\t\t\t\t\t\t\t\t\t\t\t\t<img loading=\"lazy\" decoding=\"async\" width=\"555\" height=\"317\" src=\"https:\/\/jerznerhof.at\/wp-content\/uploads\/2024\/10\/Jerznerhof-logo-links-1.svg\" class=\"attachment-large size-large wp-image-6114\" alt=\"\" \/>\t\t\t\t\t\t\t\t\t\t\t\t\t\t\t<\/div>\n\t\t\t\t\t<\/div>\n\t\t\t\t<\/div>\n\t\t\t\t<\/div>\n\t\t<div class=\"elementor-element elementor-element-3b896b98 e-flex e-con-boxed e-con e-parent\" data-id=\"3b896b98\" data-element_type=\"container\" data-e-type=\"container\" data-settings=\"{&quot;motion_fx_motion_fx_scrolling&quot;:&quot;yes&quot;,&quot;motion_fx_opacity_direction&quot;:&quot;out-in-out&quot;,&quot;motion_fx_opacity_level&quot;:{&quot;unit&quot;:&quot;px&quot;,&quot;size&quot;:&quot;7&quot;,&quot;sizes&quot;:[]},&quot;motion_fx_opacity_range&quot;:{&quot;unit&quot;:&quot;%&quot;,&quot;size&quot;:&quot;&quot;,&quot;sizes&quot;:{&quot;start&quot;:&quot;33&quot;,&quot;end&quot;:&quot;68&quot;}},&quot;motion_fx_opacity_effect&quot;:&quot;yes&quot;,&quot;motion_fx_devices&quot;:[&quot;desktop&quot;,&quot;laptop&quot;,&quot;tablet_extra&quot;,&quot;tablet&quot;,&quot;mobile_extra&quot;,&quot;mobile&quot;]}\">\n\t\t\t\t\t<div class=\"e-con-inner\">\n\t\t<div class=\"elementor-element elementor-element-4fcdc59b e-con-full e-flex e-con e-child\" data-id=\"4fcdc59b\" data-element_type=\"container\" data-e-type=\"container\" data-settings=\"{&quot;motion_fx_motion_fx_scrolling&quot;:&quot;yes&quot;,&quot;motion_fx_translateY_effect&quot;:&quot;yes&quot;,&quot;motion_fx_translateY_speed&quot;:{&quot;unit&quot;:&quot;px&quot;,&quot;size&quot;:&quot;0.5&quot;,&quot;sizes&quot;:[]},&quot;motion_fx_translateY_affectedRange&quot;:{&quot;unit&quot;:&quot;%&quot;,&quot;size&quot;:&quot;&quot;,&quot;sizes&quot;:{&quot;start&quot;:&quot;36&quot;,&quot;end&quot;:&quot;68&quot;}},&quot;motion_fx_opacity_effect&quot;:&quot;yes&quot;,&quot;motion_fx_opacity_direction&quot;:&quot;out-in-out&quot;,&quot;motion_fx_opacity_level&quot;:{&quot;unit&quot;:&quot;px&quot;,&quot;size&quot;:&quot;7&quot;,&quot;sizes&quot;:[]},&quot;motion_fx_opacity_range&quot;:{&quot;unit&quot;:&quot;%&quot;,&quot;size&quot;:&quot;&quot;,&quot;sizes&quot;:{&quot;start&quot;:&quot;32&quot;,&quot;end&quot;:&quot;68&quot;}},&quot;motion_fx_devices&quot;:[&quot;desktop&quot;,&quot;laptop&quot;,&quot;tablet_extra&quot;,&quot;tablet&quot;,&quot;mobile_extra&quot;,&quot;mobile&quot;]}\">\n\t\t<div class=\"elementor-element elementor-element-212065df e-con-full e-flex e-con e-child\" data-id=\"212065df\" data-element_type=\"container\" data-e-type=\"container\">\n\t\t\t\t<div class=\"elementor-element elementor-element-37e5c04a animated-slow elementor-invisible elementor-widget elementor-widget-heading\" data-id=\"37e5c04a\" data-element_type=\"widget\" data-e-type=\"widget\" data-settings=\"{&quot;_animation&quot;:&quot;fadeInUp&quot;}\" data-widget_type=\"heading.default\">\n\t\t\t\t\t<h2 class=\"elementor-heading-title elementor-size-default\">Area 47<\/h2>\t\t\t\t<\/div>\n\t\t\t\t<\/div>\n\t\t\t\t<div class=\"elementor-element elementor-element-1d6b67a6 animated-slow aufzahlung-raute elementor-invisible elementor-widget elementor-widget-text-editor\" data-id=\"1d6b67a6\" data-element_type=\"widget\" data-e-type=\"widget\" data-settings=\"{&quot;_animation&quot;:&quot;fadeInUp&quot;}\" data-widget_type=\"text-editor.default\">\n\t\t\t\t\t\t\t\t\t<p>Plaisirs aquatiques, frissons vertigineux, action avec un grand\u00a0A&#8230; D\u00e9couvrez\u00a0Area47, avec ses toboggans presque \u00e0 la verticale, son canon humain et son parcours d\u2019accrobranche le plus haut d\u2019Autriche. Dans ce parc d\u2019attractions en plein air, l\u2019adr\u00e9naline est au rendez-vous. Lancez-vous\u00a0!<\/p>\n\t\t\t\t\t\t\t\t<\/div>\n\t\t<div class=\"elementor-element elementor-element-28146708 e-con-full e-flex e-con e-child\" data-id=\"28146708\" data-element_type=\"container\" data-e-type=\"container\">\n\t\t\t\t<div class=\"elementor-element elementor-element-3cd82a4e btn-blue-beige elementor-widget elementor-widget-button\" data-id=\"3cd82a4e\" data-element_type=\"widget\" data-e-type=\"widget\" data-widget_type=\"button.default\">\n\t\t\t\t\t\t\t\t\t\t<a class=\"elementor-button elementor-button-link elementor-size-sm\" href=\"https:\/\/www.area47.at\/en\/\" target=\"_blank\">\n\t\t\t\t\t\t<span class=\"elementor-button-content-wrapper\">\n\t\t\t\t\t\t\t\t\t<span class=\"elementor-button-text\">L\u2019aventure de votre vie<\/span>\n\t\t\t\t\t<\/span>\n\t\t\t\t\t<\/a>\n\t\t\t\t\t\t\t\t<\/div>\n\t\t\t\t<\/div>\n\t\t\t\t<\/div>\n\t\t<div class=\"elementor-element elementor-element-1208208b e-con-full e-flex e-con e-child\" data-id=\"1208208b\" data-element_type=\"container\" data-e-type=\"container\" data-settings=\"{&quot;motion_fx_motion_fx_scrolling&quot;:&quot;yes&quot;,&quot;motion_fx_translateY_effect&quot;:&quot;yes&quot;,&quot;motion_fx_translateY_direction&quot;:&quot;negative&quot;,&quot;motion_fx_translateY_speed&quot;:{&quot;unit&quot;:&quot;px&quot;,&quot;size&quot;:&quot;0.5&quot;,&quot;sizes&quot;:[]},&quot;motion_fx_translateY_affectedRange&quot;:{&quot;unit&quot;:&quot;%&quot;,&quot;size&quot;:&quot;&quot;,&quot;sizes&quot;:{&quot;start&quot;:&quot;35&quot;,&quot;end&quot;:&quot;71&quot;}},&quot;motion_fx_opacity_effect&quot;:&quot;yes&quot;,&quot;motion_fx_opacity_direction&quot;:&quot;out-in-out&quot;,&quot;motion_fx_opacity_level&quot;:{&quot;unit&quot;:&quot;px&quot;,&quot;size&quot;:&quot;7&quot;,&quot;sizes&quot;:[]},&quot;motion_fx_opacity_range&quot;:{&quot;unit&quot;:&quot;%&quot;,&quot;size&quot;:&quot;&quot;,&quot;sizes&quot;:{&quot;start&quot;:&quot;32&quot;,&quot;end&quot;:&quot;68&quot;}},&quot;motion_fx_devices&quot;:[&quot;desktop&quot;,&quot;laptop&quot;,&quot;tablet_extra&quot;,&quot;tablet&quot;,&quot;mobile_extra&quot;,&quot;mobile&quot;]}\">\n\t\t\t\t<div class=\"elementor-element elementor-element-59963f50 animated-slow elementor-invisible elementor-widget elementor-widget-image\" data-id=\"59963f50\" data-element_type=\"widget\" data-e-type=\"widget\" data-settings=\"{&quot;_animation&quot;:&quot;fadeInUp&quot;}\" data-widget_type=\"image.default\">\n\t\t\t\t\t\t\t\t\t\t\t\t\t\t\t<img loading=\"lazy\" decoding=\"async\" width=\"2560\" height=\"1829\" src=\"https:\/\/jerznerhof.at\/wp-content\/uploads\/2024\/11\/AREA47_Panorama_lr_3_\u00a9Area-47-scaled.webp\" class=\"attachment-full size-full wp-image-6626\" alt=\"\" srcset=\"https:\/\/jerznerhof.at\/wp-content\/uploads\/2024\/11\/AREA47_Panorama_lr_3_\u00a9Area-47-scaled.webp 2560w, https:\/\/jerznerhof.at\/wp-content\/uploads\/2024\/11\/AREA47_Panorama_lr_3_\u00a9Area-47-300x214.webp 300w, https:\/\/jerznerhof.at\/wp-content\/uploads\/2024\/11\/AREA47_Panorama_lr_3_\u00a9Area-47-1024x732.webp 1024w, https:\/\/jerznerhof.at\/wp-content\/uploads\/2024\/11\/AREA47_Panorama_lr_3_\u00a9Area-47-768x549.webp 768w, https:\/\/jerznerhof.at\/wp-content\/uploads\/2024\/11\/AREA47_Panorama_lr_3_\u00a9Area-47-1536x1098.webp 1536w, https:\/\/jerznerhof.at\/wp-content\/uploads\/2024\/11\/AREA47_Panorama_lr_3_\u00a9Area-47-2048x1463.webp 2048w\" sizes=\"(max-width: 2560px) 100vw, 2560px\" \/>\t\t\t\t\t\t\t\t\t\t\t\t\t\t\t<\/div>\n\t\t\t\t<\/div>\n\t\t\t\t\t<\/div>\n\t\t\t\t<\/div>\n\t\t<div class=\"elementor-element elementor-element-43a72e47 e-con-full e-flex e-con e-parent\" data-id=\"43a72e47\" data-element_type=\"container\" data-e-type=\"container\">\n\t\t\t\t<div class=\"elementor-element elementor-element-2b9cfaee elementor-widget__width-inherit elementor-absolute elementor-widget elementor-widget-image\" data-id=\"2b9cfaee\" data-element_type=\"widget\" data-e-type=\"widget\" data-settings=\"{&quot;_position&quot;:&quot;absolute&quot;}\" data-widget_type=\"image.default\">\n\t\t\t\t\t\t\t\t\t\t\t\t\t\t\t<img loading=\"lazy\" decoding=\"async\" width=\"60\" height=\"106\" src=\"https:\/\/jerznerhof.at\/wp-content\/uploads\/2024\/10\/Kristall-gold-1.svg\" class=\"attachment-large size-large wp-image-6192\" alt=\"\" \/>\t\t\t\t\t\t\t\t\t\t\t\t\t\t\t<\/div>\n\t\t<div class=\"elementor-element elementor-element-1140c2d0 e-flex e-con-boxed e-con e-child\" data-id=\"1140c2d0\" data-element_type=\"container\" data-e-type=\"container\" data-settings=\"{&quot;background_background&quot;:&quot;classic&quot;,&quot;motion_fx_motion_fx_scrolling&quot;:&quot;yes&quot;,&quot;background_motion_fx_motion_fx_scrolling&quot;:&quot;yes&quot;,&quot;background_motion_fx_translateY_effect&quot;:&quot;yes&quot;,&quot;background_motion_fx_translateY_speed&quot;:{&quot;unit&quot;:&quot;px&quot;,&quot;size&quot;:&quot;1&quot;,&quot;sizes&quot;:[]},&quot;background_motion_fx_translateY_affectedRange&quot;:{&quot;unit&quot;:&quot;%&quot;,&quot;size&quot;:&quot;&quot;,&quot;sizes&quot;:{&quot;start&quot;:0,&quot;end&quot;:100}},&quot;background_motion_fx_devices&quot;:[&quot;desktop&quot;,&quot;laptop&quot;,&quot;tablet_extra&quot;,&quot;tablet&quot;,&quot;mobile_extra&quot;,&quot;mobile&quot;],&quot;motion_fx_devices&quot;:[&quot;desktop&quot;,&quot;laptop&quot;,&quot;tablet_extra&quot;,&quot;tablet&quot;,&quot;mobile_extra&quot;,&quot;mobile&quot;]}\">\n\t\t\t\t\t<div class=\"e-con-inner\">\n\t\t<div class=\"elementor-element elementor-element-56779bb4 e-con-full e-flex e-con e-child\" data-id=\"56779bb4\" data-element_type=\"container\" data-e-type=\"container\">\n\t\t<div class=\"elementor-element elementor-element-6e2a7ed9 e-con-full e-flex e-con e-child\" data-id=\"6e2a7ed9\" data-element_type=\"container\" data-e-type=\"container\" data-settings=\"{&quot;motion_fx_motion_fx_scrolling&quot;:&quot;yes&quot;,&quot;motion_fx_translateY_effect&quot;:&quot;yes&quot;,&quot;motion_fx_translateY_direction&quot;:&quot;negative&quot;,&quot;motion_fx_translateY_speed&quot;:{&quot;unit&quot;:&quot;px&quot;,&quot;size&quot;:&quot;0.5&quot;,&quot;sizes&quot;:[]},&quot;motion_fx_translateY_affectedRange&quot;:{&quot;unit&quot;:&quot;%&quot;,&quot;size&quot;:&quot;&quot;,&quot;sizes&quot;:{&quot;start&quot;:&quot;38&quot;,&quot;end&quot;:&quot;66&quot;}},&quot;motion_fx_opacity_effect&quot;:&quot;yes&quot;,&quot;motion_fx_opacity_direction&quot;:&quot;out-in-out&quot;,&quot;motion_fx_opacity_level&quot;:{&quot;unit&quot;:&quot;px&quot;,&quot;size&quot;:&quot;7.4&quot;,&quot;sizes&quot;:[]},&quot;motion_fx_opacity_range&quot;:{&quot;unit&quot;:&quot;%&quot;,&quot;size&quot;:&quot;&quot;,&quot;sizes&quot;:{&quot;start&quot;:&quot;39&quot;,&quot;end&quot;:&quot;62&quot;}},&quot;background_background&quot;:&quot;classic&quot;,&quot;motion_fx_devices&quot;:[&quot;desktop&quot;,&quot;laptop&quot;,&quot;tablet_extra&quot;,&quot;tablet&quot;,&quot;mobile_extra&quot;,&quot;mobile&quot;]}\">\n\t\t<div class=\"elementor-element elementor-element-535c7010 e-con-full e-flex e-con e-child\" data-id=\"535c7010\" data-element_type=\"container\" data-e-type=\"container\">\n\t\t\t\t<div class=\"elementor-element elementor-element-240f3c21 animated-slow elementor-invisible elementor-widget elementor-widget-heading\" data-id=\"240f3c21\" data-element_type=\"widget\" data-e-type=\"widget\" data-settings=\"{&quot;_animation&quot;:&quot;fadeInUp&quot;}\" data-widget_type=\"heading.default\">\n\t\t\t\t\t<h2 class=\"elementor-heading-title elementor-size-default\">Sentier cycliste de la vall\u00e9e de l\u2019Inn<\/h2>\t\t\t\t<\/div>\n\t\t\t\t<\/div>\n\t\t\t\t<div class=\"elementor-element elementor-element-558c2ed0 animated-slow link-beige elementor-invisible elementor-widget elementor-widget-text-editor\" data-id=\"558c2ed0\" data-element_type=\"widget\" data-e-type=\"widget\" data-settings=\"{&quot;_animation&quot;:&quot;fadeInUp&quot;}\" data-widget_type=\"text-editor.default\">\n\t\t\t\t\t\t\t\t\t<p>Le sentier cycliste de la vall\u00e9e de l\u2019Inn qui traverse l\u2019Oberland tyrolien est de toute beaut\u00e9. Vous traverserez des p\u00e2turages verdoyants, passerez devant des monuments historiques comme le ch\u00e2teau de Landeck et par de charmantes bourgades comme Imst. N\u2019attendez plus\u00a0: enfourchez votre v\u00e9lo et profitez pleinement de la beaut\u00e9 des Alpes.<br \/>Votre circuit termin\u00e9, vous pourrez tout simplement ranger votre VTT dans notre <a href=\"https:\/\/jerznerhof.at\/fr\/jerzner-hof\/infrastructure\/#ski-schuh-bike-raum\">local \u00e0 v\u00e9lo<\/a>.<\/p>\n\t\t\t\t\t\t\t\t<\/div>\n\t\t\t\t<div class=\"elementor-element elementor-element-5cd0c442 btn-region animated-slow elementor-invisible elementor-widget elementor-widget-button\" data-id=\"5cd0c442\" data-element_type=\"widget\" data-e-type=\"widget\" data-settings=\"{&quot;_animation&quot;:&quot;fadeInUp&quot;}\" data-widget_type=\"button.default\">\n\t\t\t\t\t\t\t\t\t\t<a class=\"elementor-button elementor-button-link elementor-size-sm\" href=\"https:\/\/en.innradweg.com\/php\/portal.php\" target=\"_blank\">\n\t\t\t\t\t\t<span class=\"elementor-button-content-wrapper\">\n\t\t\t\t\t\t\t\t\t<span class=\"elementor-button-text\">Sillonner le Tyrol \u00e0 deux-roues<\/span>\n\t\t\t\t\t<\/span>\n\t\t\t\t\t<\/a>\n\t\t\t\t\t\t\t\t<\/div>\n\t\t\t\t<\/div>\n\t\t<div class=\"elementor-element elementor-element-2125284f e-con-full e-flex e-con e-child\" data-id=\"2125284f\" data-element_type=\"container\" data-e-type=\"container\" data-settings=\"{&quot;motion_fx_motion_fx_scrolling&quot;:&quot;yes&quot;,&quot;motion_fx_translateY_effect&quot;:&quot;yes&quot;,&quot;motion_fx_translateY_speed&quot;:{&quot;unit&quot;:&quot;px&quot;,&quot;size&quot;:&quot;0.5&quot;,&quot;sizes&quot;:[]},&quot;motion_fx_translateY_affectedRange&quot;:{&quot;unit&quot;:&quot;%&quot;,&quot;size&quot;:&quot;&quot;,&quot;sizes&quot;:{&quot;start&quot;:&quot;38&quot;,&quot;end&quot;:&quot;65&quot;}},&quot;motion_fx_opacity_effect&quot;:&quot;yes&quot;,&quot;motion_fx_opacity_direction&quot;:&quot;out-in-out&quot;,&quot;motion_fx_opacity_level&quot;:{&quot;unit&quot;:&quot;px&quot;,&quot;size&quot;:&quot;7.4&quot;,&quot;sizes&quot;:[]},&quot;motion_fx_opacity_range&quot;:{&quot;unit&quot;:&quot;%&quot;,&quot;size&quot;:&quot;&quot;,&quot;sizes&quot;:{&quot;start&quot;:&quot;32&quot;,&quot;end&quot;:&quot;71&quot;}},&quot;motion_fx_devices&quot;:[&quot;desktop&quot;,&quot;laptop&quot;,&quot;tablet_extra&quot;,&quot;tablet&quot;,&quot;mobile_extra&quot;,&quot;mobile&quot;]}\">\n\t\t\t\t<div class=\"elementor-element elementor-element-62a61c05 elementor-widget elementor-widget-image\" data-id=\"62a61c05\" data-element_type=\"widget\" data-e-type=\"widget\" data-widget_type=\"image.default\">\n\t\t\t\t\t\t\t\t\t\t\t\t\t\t\t<img loading=\"lazy\" decoding=\"async\" width=\"2000\" height=\"1429\" src=\"https:\/\/jerznerhof.at\/wp-content\/uploads\/2024\/10\/Radfahren-Mountainbiken-im-Pitztal-Cycling-mountainbiken-in-Pitztal_TVB-Pitztal_Christian-Forcher_Wenns-im-Pitztal-1.jpg\" class=\"attachment-full size-full wp-image-6384\" alt=\"\" srcset=\"https:\/\/jerznerhof.at\/wp-content\/uploads\/2024\/10\/Radfahren-Mountainbiken-im-Pitztal-Cycling-mountainbiken-in-Pitztal_TVB-Pitztal_Christian-Forcher_Wenns-im-Pitztal-1.jpg 2000w, https:\/\/jerznerhof.at\/wp-content\/uploads\/2024\/10\/Radfahren-Mountainbiken-im-Pitztal-Cycling-mountainbiken-in-Pitztal_TVB-Pitztal_Christian-Forcher_Wenns-im-Pitztal-1-300x214.jpg 300w, https:\/\/jerznerhof.at\/wp-content\/uploads\/2024\/10\/Radfahren-Mountainbiken-im-Pitztal-Cycling-mountainbiken-in-Pitztal_TVB-Pitztal_Christian-Forcher_Wenns-im-Pitztal-1-1024x732.jpg 1024w, https:\/\/jerznerhof.at\/wp-content\/uploads\/2024\/10\/Radfahren-Mountainbiken-im-Pitztal-Cycling-mountainbiken-in-Pitztal_TVB-Pitztal_Christian-Forcher_Wenns-im-Pitztal-1-768x549.jpg 768w, https:\/\/jerznerhof.at\/wp-content\/uploads\/2024\/10\/Radfahren-Mountainbiken-im-Pitztal-Cycling-mountainbiken-in-Pitztal_TVB-Pitztal_Christian-Forcher_Wenns-im-Pitztal-1-1536x1097.jpg 1536w\" sizes=\"(max-width: 2000px) 100vw, 2000px\" \/>\t\t\t\t\t\t\t\t\t\t\t\t\t\t\t<\/div>\n\t\t\t\t<\/div>\n\t\t\t\t<\/div>\n\t\t<div class=\"elementor-element elementor-element-26908480 e-con-full e-flex e-con e-child\" data-id=\"26908480\" data-element_type=\"container\" data-e-type=\"container\">\n\t\t<div class=\"elementor-element elementor-element-1a4b0d71 e-con-full e-flex e-con e-child\" data-id=\"1a4b0d71\" data-element_type=\"container\" data-e-type=\"container\" data-settings=\"{&quot;motion_fx_motion_fx_scrolling&quot;:&quot;yes&quot;,&quot;motion_fx_translateY_effect&quot;:&quot;yes&quot;,&quot;motion_fx_translateY_speed&quot;:{&quot;unit&quot;:&quot;px&quot;,&quot;size&quot;:&quot;0.5&quot;,&quot;sizes&quot;:[]},&quot;motion_fx_translateY_affectedRange&quot;:{&quot;unit&quot;:&quot;%&quot;,&quot;size&quot;:&quot;&quot;,&quot;sizes&quot;:{&quot;start&quot;:&quot;38&quot;,&quot;end&quot;:&quot;65&quot;}},&quot;motion_fx_opacity_effect&quot;:&quot;yes&quot;,&quot;motion_fx_opacity_direction&quot;:&quot;out-in-out&quot;,&quot;motion_fx_opacity_level&quot;:{&quot;unit&quot;:&quot;px&quot;,&quot;size&quot;:&quot;7.4&quot;,&quot;sizes&quot;:[]},&quot;motion_fx_opacity_range&quot;:{&quot;unit&quot;:&quot;%&quot;,&quot;size&quot;:&quot;&quot;,&quot;sizes&quot;:{&quot;start&quot;:&quot;32&quot;,&quot;end&quot;:&quot;71&quot;}},&quot;motion_fx_devices&quot;:[&quot;desktop&quot;,&quot;laptop&quot;,&quot;tablet_extra&quot;,&quot;tablet&quot;,&quot;mobile_extra&quot;,&quot;mobile&quot;]}\">\n\t\t\t\t<div class=\"elementor-element elementor-element-74ff594c elementor-widget elementor-widget-image\" data-id=\"74ff594c\" data-element_type=\"widget\" data-e-type=\"widget\" data-widget_type=\"image.default\">\n\t\t\t\t\t\t\t\t\t\t\t\t\t\t\t<img loading=\"lazy\" decoding=\"async\" width=\"2560\" height=\"1829\" src=\"https:\/\/jerznerhof.at\/wp-content\/uploads\/2024\/10\/Paar-fahrt-mit-Bikes-Forstweg-Greiter-Graben-Alpbach-Inneralpbach_Alpbachtal-Tourismus_Foto-Matthias-Sedlak-1_Alpbachtal-Tourismus_Sedlak-Matthias_Alpbach-scaled.webp\" class=\"attachment-full size-full wp-image-6386\" alt=\"\" srcset=\"https:\/\/jerznerhof.at\/wp-content\/uploads\/2024\/10\/Paar-fahrt-mit-Bikes-Forstweg-Greiter-Graben-Alpbach-Inneralpbach_Alpbachtal-Tourismus_Foto-Matthias-Sedlak-1_Alpbachtal-Tourismus_Sedlak-Matthias_Alpbach-scaled.webp 2560w, https:\/\/jerznerhof.at\/wp-content\/uploads\/2024\/10\/Paar-fahrt-mit-Bikes-Forstweg-Greiter-Graben-Alpbach-Inneralpbach_Alpbachtal-Tourismus_Foto-Matthias-Sedlak-1_Alpbachtal-Tourismus_Sedlak-Matthias_Alpbach-300x214.webp 300w, https:\/\/jerznerhof.at\/wp-content\/uploads\/2024\/10\/Paar-fahrt-mit-Bikes-Forstweg-Greiter-Graben-Alpbach-Inneralpbach_Alpbachtal-Tourismus_Foto-Matthias-Sedlak-1_Alpbachtal-Tourismus_Sedlak-Matthias_Alpbach-1024x732.webp 1024w, https:\/\/jerznerhof.at\/wp-content\/uploads\/2024\/10\/Paar-fahrt-mit-Bikes-Forstweg-Greiter-Graben-Alpbach-Inneralpbach_Alpbachtal-Tourismus_Foto-Matthias-Sedlak-1_Alpbachtal-Tourismus_Sedlak-Matthias_Alpbach-768x549.webp 768w, https:\/\/jerznerhof.at\/wp-content\/uploads\/2024\/10\/Paar-fahrt-mit-Bikes-Forstweg-Greiter-Graben-Alpbach-Inneralpbach_Alpbachtal-Tourismus_Foto-Matthias-Sedlak-1_Alpbachtal-Tourismus_Sedlak-Matthias_Alpbach-1536x1098.webp 1536w, https:\/\/jerznerhof.at\/wp-content\/uploads\/2024\/10\/Paar-fahrt-mit-Bikes-Forstweg-Greiter-Graben-Alpbach-Inneralpbach_Alpbachtal-Tourismus_Foto-Matthias-Sedlak-1_Alpbachtal-Tourismus_Sedlak-Matthias_Alpbach-2048x1464.webp 2048w\" sizes=\"(max-width: 2560px) 100vw, 2560px\" \/>\t\t\t\t\t\t\t\t\t\t\t\t\t\t\t<\/div>\n\t\t\t\t<\/div>\n\t\t<div class=\"elementor-element elementor-element-d63fcf7 e-con-full e-flex e-con e-child\" data-id=\"d63fcf7\" data-element_type=\"container\" data-e-type=\"container\" data-settings=\"{&quot;motion_fx_motion_fx_scrolling&quot;:&quot;yes&quot;,&quot;motion_fx_translateY_effect&quot;:&quot;yes&quot;,&quot;motion_fx_translateY_direction&quot;:&quot;negative&quot;,&quot;motion_fx_translateY_speed&quot;:{&quot;unit&quot;:&quot;px&quot;,&quot;size&quot;:&quot;0.5&quot;,&quot;sizes&quot;:[]},&quot;motion_fx_translateY_affectedRange&quot;:{&quot;unit&quot;:&quot;%&quot;,&quot;size&quot;:&quot;&quot;,&quot;sizes&quot;:{&quot;start&quot;:&quot;38&quot;,&quot;end&quot;:&quot;66&quot;}},&quot;motion_fx_opacity_effect&quot;:&quot;yes&quot;,&quot;motion_fx_opacity_direction&quot;:&quot;out-in-out&quot;,&quot;motion_fx_opacity_level&quot;:{&quot;unit&quot;:&quot;px&quot;,&quot;size&quot;:&quot;7.4&quot;,&quot;sizes&quot;:[]},&quot;motion_fx_opacity_range&quot;:{&quot;unit&quot;:&quot;%&quot;,&quot;size&quot;:&quot;&quot;,&quot;sizes&quot;:{&quot;start&quot;:&quot;39&quot;,&quot;end&quot;:&quot;62&quot;}},&quot;background_background&quot;:&quot;classic&quot;,&quot;motion_fx_devices&quot;:[&quot;desktop&quot;,&quot;laptop&quot;,&quot;tablet_extra&quot;,&quot;tablet&quot;,&quot;mobile_extra&quot;,&quot;mobile&quot;]}\">\n\t\t<div class=\"elementor-element elementor-element-1f65e9fe e-con-full e-flex e-con e-child\" data-id=\"1f65e9fe\" data-element_type=\"container\" data-e-type=\"container\">\n\t\t\t\t<div class=\"elementor-element elementor-element-495bdca animated-slow elementor-invisible elementor-widget elementor-widget-heading\" data-id=\"495bdca\" data-element_type=\"widget\" data-e-type=\"widget\" data-settings=\"{&quot;_animation&quot;:&quot;fadeInUp&quot;}\" data-widget_type=\"heading.default\">\n\t\t\t\t\t<h2 class=\"elementor-heading-title elementor-size-default\">Circuits \u00e0 v\u00e9lo \u00e9lectrique<\/h2>\t\t\t\t<\/div>\n\t\t\t\t<\/div>\n\t\t\t\t<div class=\"elementor-element elementor-element-71ed4df9 animated-slow link-beige elementor-invisible elementor-widget elementor-widget-text-editor\" data-id=\"71ed4df9\" data-element_type=\"widget\" data-e-type=\"widget\" data-settings=\"{&quot;_animation&quot;:&quot;fadeInUp&quot;}\" data-widget_type=\"text-editor.default\">\n\t\t\t\t\t\t\t\t\t<p>Envie d\u2019explorer le Pitztal \u00e0 v\u00e9lo \u00e9lectrique\u00a0? Allons-y\u00a0! Vous gravirez les montagnes le pied l\u00e9ger, p\u00e9dalerez dans des for\u00eats de toute beaut\u00e9 en admirant le paysage \u00e0 couper le souffle. Que vous pr\u00e9voyiez une balade tranquille jusqu\u2019\u00e0 l\u2019un des nombreux refuges des environs ou fonciez \u00e0 toute vitesse sur un trail exigeant, vous pourrez d\u00e9couvrir le Pitztal \u00e0 presque toutes les altitudes avec votre v\u00e9lo \u00e9lectrique. Votre circuit termin\u00e9, vous pourrez <a href=\"https:\/\/jerznerhof.at\/fr\/jerzner-hof\/infrastructure\/#biken\">recharger<\/a> votre v\u00e9lo \u00e9lectrique \u00e0 l\u2019h\u00f4tel\u00a0!<\/p>\n\t\t\t\t\t\t\t\t<\/div>\n\t\t\t\t<div class=\"elementor-element elementor-element-6b640548 btn-region animated-slow elementor-invisible elementor-widget elementor-widget-button\" data-id=\"6b640548\" data-element_type=\"widget\" data-e-type=\"widget\" data-settings=\"{&quot;_animation&quot;:&quot;fadeInUp&quot;}\" data-widget_type=\"button.default\">\n\t\t\t\t\t\t\t\t\t\t<a class=\"elementor-button elementor-button-link elementor-size-sm\" href=\"https:\/\/www.pitztal.com\/en\/mountainbiking-pitztal.html\" target=\"_blank\">\n\t\t\t\t\t\t<span class=\"elementor-button-content-wrapper\">\n\t\t\t\t\t\t\t\t\t<span class=\"elementor-button-text\">En selle\u00a0!<\/span>\n\t\t\t\t\t<\/span>\n\t\t\t\t\t<\/a>\n\t\t\t\t\t\t\t\t<\/div>\n\t\t\t\t<\/div>\n\t\t\t\t<\/div>\n\t\t<div class=\"elementor-element elementor-element-5e0e878d e-con-full e-flex e-con e-child\" data-id=\"5e0e878d\" data-element_type=\"container\" data-e-type=\"container\">\n\t\t<div class=\"elementor-element elementor-element-ac235f6 e-con-full e-flex e-con e-child\" data-id=\"ac235f6\" data-element_type=\"container\" data-e-type=\"container\" data-settings=\"{&quot;motion_fx_motion_fx_scrolling&quot;:&quot;yes&quot;,&quot;motion_fx_translateY_effect&quot;:&quot;yes&quot;,&quot;motion_fx_translateY_direction&quot;:&quot;negative&quot;,&quot;motion_fx_translateY_speed&quot;:{&quot;unit&quot;:&quot;px&quot;,&quot;size&quot;:&quot;0.5&quot;,&quot;sizes&quot;:[]},&quot;motion_fx_translateY_affectedRange&quot;:{&quot;unit&quot;:&quot;%&quot;,&quot;size&quot;:&quot;&quot;,&quot;sizes&quot;:{&quot;start&quot;:&quot;38&quot;,&quot;end&quot;:&quot;66&quot;}},&quot;motion_fx_opacity_effect&quot;:&quot;yes&quot;,&quot;motion_fx_opacity_direction&quot;:&quot;out-in-out&quot;,&quot;motion_fx_opacity_level&quot;:{&quot;unit&quot;:&quot;px&quot;,&quot;size&quot;:&quot;7.4&quot;,&quot;sizes&quot;:[]},&quot;motion_fx_opacity_range&quot;:{&quot;unit&quot;:&quot;%&quot;,&quot;size&quot;:&quot;&quot;,&quot;sizes&quot;:{&quot;start&quot;:&quot;39&quot;,&quot;end&quot;:&quot;62&quot;}},&quot;background_background&quot;:&quot;classic&quot;,&quot;motion_fx_devices&quot;:[&quot;desktop&quot;,&quot;laptop&quot;,&quot;tablet_extra&quot;,&quot;tablet&quot;,&quot;mobile_extra&quot;,&quot;mobile&quot;]}\">\n\t\t<div class=\"elementor-element elementor-element-2ca5abaf e-con-full e-flex e-con e-child\" data-id=\"2ca5abaf\" data-element_type=\"container\" data-e-type=\"container\">\n\t\t\t\t<div class=\"elementor-element elementor-element-e9c8c58 animated-slow elementor-invisible elementor-widget elementor-widget-heading\" data-id=\"e9c8c58\" data-element_type=\"widget\" data-e-type=\"widget\" data-settings=\"{&quot;_animation&quot;:&quot;fadeInUp&quot;}\" data-widget_type=\"heading.default\">\n\t\t\t\t\t<h2 class=\"elementor-heading-title elementor-size-default\">Local \u00e0 v\u00e9lo et station de charge pour v\u00e9los \u00e9lectriques<\/h2>\t\t\t\t<\/div>\n\t\t\t\t<\/div>\n\t\t\t\t<div class=\"elementor-element elementor-element-651f3301 animated-slow elementor-invisible elementor-widget elementor-widget-text-editor\" data-id=\"651f3301\" data-element_type=\"widget\" data-e-type=\"widget\" data-settings=\"{&quot;_animation&quot;:&quot;fadeInUp&quot;}\" data-widget_type=\"text-editor.default\">\n\t\t\t\t\t\t\t\t\t<p>Rangez vos v\u00e9los traditionnels et \u00e9lectriques dans notre local \u00e0 v\u00e9lo pratique et s\u00e9curis\u00e9. Nous tenons bien s\u00fbr une station de recharge \u00e0 la disposition de tous les propri\u00e9taires de v\u00e9los \u00e9lectriques, pour vous permettre de partir \u00e0 l\u2019aventure dans le Pitztal, l\u2019esprit tranquille\u00a0!<\/p>\n\t\t\t\t\t\t\t\t<\/div>\n\t\t\t\t<div class=\"elementor-element elementor-element-ad438f1 btn-region animated-slow elementor-invisible elementor-widget elementor-widget-button\" data-id=\"ad438f1\" data-element_type=\"widget\" data-e-type=\"widget\" data-settings=\"{&quot;_animation&quot;:&quot;fadeInUp&quot;}\" data-widget_type=\"button.default\">\n\t\t\t\t\t\t\t\t\t\t<a class=\"elementor-button elementor-button-link elementor-size-sm\" href=\"https:\/\/jerznerhof.at\/fr\/jerzner-hof\/infrastructure\/#biken\">\n\t\t\t\t\t\t<span class=\"elementor-button-content-wrapper\">\n\t\t\t\t\t\t\t\t\t<span class=\"elementor-button-text\">Local \u00e0 v\u00e9lo et station de recharge<\/span>\n\t\t\t\t\t<\/span>\n\t\t\t\t\t<\/a>\n\t\t\t\t\t\t\t\t<\/div>\n\t\t\t\t<\/div>\n\t\t<div class=\"elementor-element elementor-element-5a829831 e-con-full e-flex e-con e-child\" data-id=\"5a829831\" data-element_type=\"container\" data-e-type=\"container\" data-settings=\"{&quot;motion_fx_motion_fx_scrolling&quot;:&quot;yes&quot;,&quot;motion_fx_translateY_effect&quot;:&quot;yes&quot;,&quot;motion_fx_translateY_speed&quot;:{&quot;unit&quot;:&quot;px&quot;,&quot;size&quot;:&quot;0.5&quot;,&quot;sizes&quot;:[]},&quot;motion_fx_translateY_affectedRange&quot;:{&quot;unit&quot;:&quot;%&quot;,&quot;size&quot;:&quot;&quot;,&quot;sizes&quot;:{&quot;start&quot;:&quot;38&quot;,&quot;end&quot;:&quot;65&quot;}},&quot;motion_fx_opacity_effect&quot;:&quot;yes&quot;,&quot;motion_fx_opacity_direction&quot;:&quot;out-in-out&quot;,&quot;motion_fx_opacity_level&quot;:{&quot;unit&quot;:&quot;px&quot;,&quot;size&quot;:&quot;7.4&quot;,&quot;sizes&quot;:[]},&quot;motion_fx_opacity_range&quot;:{&quot;unit&quot;:&quot;%&quot;,&quot;size&quot;:&quot;&quot;,&quot;sizes&quot;:{&quot;start&quot;:&quot;32&quot;,&quot;end&quot;:&quot;71&quot;}},&quot;motion_fx_devices&quot;:[&quot;desktop&quot;,&quot;laptop&quot;,&quot;tablet_extra&quot;,&quot;tablet&quot;,&quot;mobile_extra&quot;,&quot;mobile&quot;]}\">\n\t\t\t\t<div class=\"elementor-element elementor-element-268d6afa elementor-widget elementor-widget-image\" data-id=\"268d6afa\" data-element_type=\"widget\" data-e-type=\"widget\" data-widget_type=\"image.default\">\n\t\t\t\t\t\t\t\t\t\t\t\t\t\t\t<img loading=\"lazy\" decoding=\"async\" width=\"2560\" height=\"1830\" src=\"https:\/\/jerznerhof.at\/wp-content\/uploads\/2024\/12\/Jerzner-Hof_bikeraum-scaled.webp\" class=\"attachment-full size-full wp-image-7304\" alt=\"\" srcset=\"https:\/\/jerznerhof.at\/wp-content\/uploads\/2024\/12\/Jerzner-Hof_bikeraum-scaled.webp 2560w, https:\/\/jerznerhof.at\/wp-content\/uploads\/2024\/12\/Jerzner-Hof_bikeraum-300x214.webp 300w, https:\/\/jerznerhof.at\/wp-content\/uploads\/2024\/12\/Jerzner-Hof_bikeraum-1024x732.webp 1024w, https:\/\/jerznerhof.at\/wp-content\/uploads\/2024\/12\/Jerzner-Hof_bikeraum-768x549.webp 768w, https:\/\/jerznerhof.at\/wp-content\/uploads\/2024\/12\/Jerzner-Hof_bikeraum-1536x1098.webp 1536w, https:\/\/jerznerhof.at\/wp-content\/uploads\/2024\/12\/Jerzner-Hof_bikeraum-2048x1464.webp 2048w\" sizes=\"(max-width: 2560px) 100vw, 2560px\" \/>\t\t\t\t\t\t\t\t\t\t\t\t\t\t\t<\/div>\n\t\t\t\t<\/div>\n\t\t\t\t<\/div>\n\t\t<div class=\"elementor-element elementor-element-4238d3fa e-con-full e-flex e-con e-child\" data-id=\"4238d3fa\" data-element_type=\"container\" data-e-type=\"container\">\n\t\t<div class=\"elementor-element elementor-element-23909c5a e-con-full e-flex e-con e-child\" data-id=\"23909c5a\" data-element_type=\"container\" data-e-type=\"container\" data-settings=\"{&quot;motion_fx_motion_fx_scrolling&quot;:&quot;yes&quot;,&quot;motion_fx_translateY_effect&quot;:&quot;yes&quot;,&quot;motion_fx_translateY_speed&quot;:{&quot;unit&quot;:&quot;px&quot;,&quot;size&quot;:&quot;0.5&quot;,&quot;sizes&quot;:[]},&quot;motion_fx_translateY_affectedRange&quot;:{&quot;unit&quot;:&quot;%&quot;,&quot;size&quot;:&quot;&quot;,&quot;sizes&quot;:{&quot;start&quot;:&quot;38&quot;,&quot;end&quot;:&quot;65&quot;}},&quot;motion_fx_opacity_effect&quot;:&quot;yes&quot;,&quot;motion_fx_opacity_direction&quot;:&quot;out-in-out&quot;,&quot;motion_fx_opacity_level&quot;:{&quot;unit&quot;:&quot;px&quot;,&quot;size&quot;:&quot;7.4&quot;,&quot;sizes&quot;:[]},&quot;motion_fx_opacity_range&quot;:{&quot;unit&quot;:&quot;%&quot;,&quot;size&quot;:&quot;&quot;,&quot;sizes&quot;:{&quot;start&quot;:&quot;32&quot;,&quot;end&quot;:&quot;71&quot;}},&quot;motion_fx_devices&quot;:[&quot;desktop&quot;,&quot;laptop&quot;,&quot;tablet_extra&quot;,&quot;tablet&quot;,&quot;mobile_extra&quot;,&quot;mobile&quot;]}\">\n\t\t\t\t<div class=\"elementor-element elementor-element-13d86765 elementor-widget elementor-widget-image\" data-id=\"13d86765\" data-element_type=\"widget\" data-e-type=\"widget\" data-widget_type=\"image.default\">\n\t\t\t\t\t\t\t\t\t\t\t\t\t\t\t<img loading=\"lazy\" decoding=\"async\" width=\"2560\" height=\"1829\" src=\"https:\/\/jerznerhof.at\/wp-content\/uploads\/2024\/10\/Vom-Dach-der-Welt-zum-Dach-Tirols_TVB-Pitztal_Chris-Walch-Breonix-FotoDesign_Sankt-Leonhard-im-Pitztal-scaled.webp\" class=\"attachment-full size-full wp-image-6390\" alt=\"\" srcset=\"https:\/\/jerznerhof.at\/wp-content\/uploads\/2024\/10\/Vom-Dach-der-Welt-zum-Dach-Tirols_TVB-Pitztal_Chris-Walch-Breonix-FotoDesign_Sankt-Leonhard-im-Pitztal-scaled.webp 2560w, https:\/\/jerznerhof.at\/wp-content\/uploads\/2024\/10\/Vom-Dach-der-Welt-zum-Dach-Tirols_TVB-Pitztal_Chris-Walch-Breonix-FotoDesign_Sankt-Leonhard-im-Pitztal-300x214.webp 300w, https:\/\/jerznerhof.at\/wp-content\/uploads\/2024\/10\/Vom-Dach-der-Welt-zum-Dach-Tirols_TVB-Pitztal_Chris-Walch-Breonix-FotoDesign_Sankt-Leonhard-im-Pitztal-1024x732.webp 1024w, https:\/\/jerznerhof.at\/wp-content\/uploads\/2024\/10\/Vom-Dach-der-Welt-zum-Dach-Tirols_TVB-Pitztal_Chris-Walch-Breonix-FotoDesign_Sankt-Leonhard-im-Pitztal-768x549.webp 768w, https:\/\/jerznerhof.at\/wp-content\/uploads\/2024\/10\/Vom-Dach-der-Welt-zum-Dach-Tirols_TVB-Pitztal_Chris-Walch-Breonix-FotoDesign_Sankt-Leonhard-im-Pitztal-1536x1097.webp 1536w, https:\/\/jerznerhof.at\/wp-content\/uploads\/2024\/10\/Vom-Dach-der-Welt-zum-Dach-Tirols_TVB-Pitztal_Chris-Walch-Breonix-FotoDesign_Sankt-Leonhard-im-Pitztal-2048x1463.webp 2048w\" sizes=\"(max-width: 2560px) 100vw, 2560px\" \/>\t\t\t\t\t\t\t\t\t\t\t\t\t\t\t<\/div>\n\t\t\t\t<\/div>\n\t\t<div class=\"elementor-element elementor-element-7fbf2841 e-con-full e-flex e-con e-child\" data-id=\"7fbf2841\" data-element_type=\"container\" data-e-type=\"container\" data-settings=\"{&quot;motion_fx_motion_fx_scrolling&quot;:&quot;yes&quot;,&quot;motion_fx_translateY_effect&quot;:&quot;yes&quot;,&quot;motion_fx_translateY_direction&quot;:&quot;negative&quot;,&quot;motion_fx_translateY_speed&quot;:{&quot;unit&quot;:&quot;px&quot;,&quot;size&quot;:&quot;0.5&quot;,&quot;sizes&quot;:[]},&quot;motion_fx_translateY_affectedRange&quot;:{&quot;unit&quot;:&quot;%&quot;,&quot;size&quot;:&quot;&quot;,&quot;sizes&quot;:{&quot;start&quot;:&quot;38&quot;,&quot;end&quot;:&quot;66&quot;}},&quot;motion_fx_opacity_effect&quot;:&quot;yes&quot;,&quot;motion_fx_opacity_direction&quot;:&quot;out-in-out&quot;,&quot;motion_fx_opacity_level&quot;:{&quot;unit&quot;:&quot;px&quot;,&quot;size&quot;:&quot;7.4&quot;,&quot;sizes&quot;:[]},&quot;motion_fx_opacity_range&quot;:{&quot;unit&quot;:&quot;%&quot;,&quot;size&quot;:&quot;&quot;,&quot;sizes&quot;:{&quot;start&quot;:&quot;39&quot;,&quot;end&quot;:&quot;62&quot;}},&quot;background_background&quot;:&quot;classic&quot;,&quot;motion_fx_devices&quot;:[&quot;desktop&quot;,&quot;laptop&quot;,&quot;tablet_extra&quot;,&quot;tablet&quot;,&quot;mobile_extra&quot;,&quot;mobile&quot;]}\">\n\t\t<div class=\"elementor-element elementor-element-3adea71d e-con-full e-flex e-con e-child\" data-id=\"3adea71d\" data-element_type=\"container\" data-e-type=\"container\">\n\t\t\t\t<div class=\"elementor-element elementor-element-5040cd77 animated-slow elementor-invisible elementor-widget elementor-widget-heading\" data-id=\"5040cd77\" data-element_type=\"widget\" data-e-type=\"widget\" data-settings=\"{&quot;_animation&quot;:&quot;fadeInUp&quot;}\" data-widget_type=\"heading.default\">\n\t\t\t\t\t<h2 class=\"elementor-heading-title elementor-size-default\">Randonn\u00e9e sur le glacier<\/h2>\t\t\t\t<\/div>\n\t\t\t\t<\/div>\n\t\t\t\t<div class=\"elementor-element elementor-element-3389f152 animated-slow elementor-invisible elementor-widget elementor-widget-text-editor\" data-id=\"3389f152\" data-element_type=\"widget\" data-e-type=\"widget\" data-settings=\"{&quot;_animation&quot;:&quot;fadeInUp&quot;}\" data-widget_type=\"text-editor.default\">\n\t\t\t\t\t\t\t\t\t<p>D\u00e9couvrez un joyau de la nature, de ceux qui r\u00e9sistent \u00e0 l\u2019usure du temps\u00a0: partez pour une randonn\u00e9e guid\u00e9e sur le glacier\u00a0!<br \/>Vous crapahuterez dans de magnifiques paysages fig\u00e9s par la glace, explorerez des crevasses profondes et sentirez, sous vos pieds, toute la force des neiges \u00e9ternelles.<\/p>\n\t\t\t\t\t\t\t\t<\/div>\n\t\t\t\t<div class=\"elementor-element elementor-element-7babc953 btn-region animated-slow elementor-invisible elementor-widget elementor-widget-button\" data-id=\"7babc953\" data-element_type=\"widget\" data-e-type=\"widget\" data-settings=\"{&quot;_animation&quot;:&quot;fadeInUp&quot;}\" data-widget_type=\"button.default\">\n\t\t\t\t\t\t\t\t\t\t<a class=\"elementor-button elementor-button-link elementor-size-sm\" href=\"https:\/\/www.pitztaler-gletscher.at\/en\/summer\/mountaineering-and-hiking\" target=\"_blank\">\n\t\t\t\t\t\t<span class=\"elementor-button-content-wrapper\">\n\t\t\t\t\t\t\t\t\t<span class=\"elementor-button-text\">Une aventure givr\u00e9e<\/span>\n\t\t\t\t\t<\/span>\n\t\t\t\t\t<\/a>\n\t\t\t\t\t\t\t\t<\/div>\n\t\t\t\t<\/div>\n\t\t\t\t<\/div>\n\t\t<div class=\"elementor-element elementor-element-675308dc e-con-full e-flex e-con e-child\" data-id=\"675308dc\" data-element_type=\"container\" data-e-type=\"container\">\n\t\t<div class=\"elementor-element elementor-element-70cb56e e-con-full e-flex e-con e-child\" data-id=\"70cb56e\" data-element_type=\"container\" data-e-type=\"container\" data-settings=\"{&quot;motion_fx_motion_fx_scrolling&quot;:&quot;yes&quot;,&quot;motion_fx_translateY_effect&quot;:&quot;yes&quot;,&quot;motion_fx_translateY_direction&quot;:&quot;negative&quot;,&quot;motion_fx_translateY_speed&quot;:{&quot;unit&quot;:&quot;px&quot;,&quot;size&quot;:&quot;0.5&quot;,&quot;sizes&quot;:[]},&quot;motion_fx_translateY_affectedRange&quot;:{&quot;unit&quot;:&quot;%&quot;,&quot;size&quot;:&quot;&quot;,&quot;sizes&quot;:{&quot;start&quot;:&quot;38&quot;,&quot;end&quot;:&quot;66&quot;}},&quot;motion_fx_opacity_effect&quot;:&quot;yes&quot;,&quot;motion_fx_opacity_direction&quot;:&quot;out-in-out&quot;,&quot;motion_fx_opacity_level&quot;:{&quot;unit&quot;:&quot;px&quot;,&quot;size&quot;:&quot;7.4&quot;,&quot;sizes&quot;:[]},&quot;motion_fx_opacity_range&quot;:{&quot;unit&quot;:&quot;%&quot;,&quot;size&quot;:&quot;&quot;,&quot;sizes&quot;:{&quot;start&quot;:&quot;39&quot;,&quot;end&quot;:&quot;62&quot;}},&quot;background_background&quot;:&quot;classic&quot;,&quot;motion_fx_devices&quot;:[&quot;desktop&quot;,&quot;laptop&quot;,&quot;tablet_extra&quot;,&quot;tablet&quot;,&quot;mobile_extra&quot;,&quot;mobile&quot;]}\">\n\t\t\t\t<div class=\"elementor-element elementor-element-31918603 elementor-widget__width-initial elementor-absolute animated-slow elementor-invisible elementor-widget elementor-widget-image\" data-id=\"31918603\" data-element_type=\"widget\" data-e-type=\"widget\" data-settings=\"{&quot;_position&quot;:&quot;absolute&quot;,&quot;motion_fx_motion_fx_scrolling&quot;:&quot;yes&quot;,&quot;motion_fx_translateY_effect&quot;:&quot;yes&quot;,&quot;motion_fx_translateY_speed&quot;:{&quot;unit&quot;:&quot;px&quot;,&quot;size&quot;:&quot;0.5&quot;,&quot;sizes&quot;:[]},&quot;motion_fx_translateY_affectedRange&quot;:{&quot;unit&quot;:&quot;%&quot;,&quot;size&quot;:&quot;&quot;,&quot;sizes&quot;:{&quot;start&quot;:&quot;36&quot;,&quot;end&quot;:&quot;66&quot;}},&quot;_animation&quot;:&quot;fadeInUp&quot;,&quot;_animation_delay&quot;:&quot;200&quot;,&quot;motion_fx_devices&quot;:[&quot;desktop&quot;,&quot;laptop&quot;,&quot;tablet_extra&quot;,&quot;tablet&quot;,&quot;mobile_extra&quot;,&quot;mobile&quot;]}\" data-widget_type=\"image.default\">\n\t\t\t\t\t\t\t\t\t\t\t\t\t\t\t\t<a href=\"https:\/\/www.pitztaler-gletscher.at\/sommer\/rifflsee\" target=\"_blank\">\n\t\t\t\t\t\t\t<img loading=\"lazy\" decoding=\"async\" width=\"284\" height=\"290\" src=\"https:\/\/jerznerhof.at\/wp-content\/uploads\/2025\/06\/rifflsee-fr.svg\" class=\"attachment-large size-large wp-image-6416\" alt=\"\" \/>\t\t\t\t\t\t\t\t<\/a>\n\t\t\t\t\t\t\t\t\t\t\t\t\t\t\t<\/div>\n\t\t<div class=\"elementor-element elementor-element-4b1b8494 e-con-full e-flex e-con e-child\" data-id=\"4b1b8494\" data-element_type=\"container\" data-e-type=\"container\">\n\t\t\t\t<div class=\"elementor-element elementor-element-2c831821 animated-slow elementor-invisible elementor-widget elementor-widget-heading\" data-id=\"2c831821\" data-element_type=\"widget\" data-e-type=\"widget\" data-settings=\"{&quot;_animation&quot;:&quot;fadeInUp&quot;}\" data-widget_type=\"heading.default\">\n\t\t\t\t\t<h2 class=\"elementor-heading-title elementor-size-default\">Rifflsee<\/h2>\t\t\t\t<\/div>\n\t\t\t\t<\/div>\n\t\t\t\t<div class=\"elementor-element elementor-element-59c45741 animated-slow elementor-invisible elementor-widget elementor-widget-text-editor\" data-id=\"59c45741\" data-element_type=\"widget\" data-e-type=\"widget\" data-settings=\"{&quot;_animation&quot;:&quot;fadeInUp&quot;}\" data-widget_type=\"text-editor.default\">\n\t\t\t\t\t\t\t\t\t<p class=\"Text\"><span lang=\"fr\">Tout l\u00e0-haut dans les montagnes du Pitztal, \u00e0 2\u00a0232\u00a0m d\u2019altitude, tr\u00f4ne le Rifflsee, le lac de montagne le plus haut d\u2019Autriche. Vous pourrez en faire le tour en empruntant un chemin de randonn\u00e9e facile ou pratiquer diverses activit\u00e9s sur les eaux scintillantes du lac glaciaire le plus haut d\u2019Europe. Et apr\u00e8s l\u2019effort, le r\u00e9confort\u00a0: installez-vous sur la terrasse panoramique du refuge Sunna Alm pour admirer le paysage, une boisson \u00e0 la main.<\/span><\/p>\n\t\t\t\t\t\t\t\t<\/div>\n\t\t\t\t<\/div>\n\t\t<div class=\"elementor-element elementor-element-15549f2c e-con-full e-flex e-con e-child\" data-id=\"15549f2c\" data-element_type=\"container\" data-e-type=\"container\" data-settings=\"{&quot;motion_fx_motion_fx_scrolling&quot;:&quot;yes&quot;,&quot;motion_fx_translateY_effect&quot;:&quot;yes&quot;,&quot;motion_fx_translateY_speed&quot;:{&quot;unit&quot;:&quot;px&quot;,&quot;size&quot;:&quot;0.5&quot;,&quot;sizes&quot;:[]},&quot;motion_fx_translateY_affectedRange&quot;:{&quot;unit&quot;:&quot;%&quot;,&quot;size&quot;:&quot;&quot;,&quot;sizes&quot;:{&quot;start&quot;:&quot;38&quot;,&quot;end&quot;:&quot;65&quot;}},&quot;motion_fx_opacity_effect&quot;:&quot;yes&quot;,&quot;motion_fx_opacity_direction&quot;:&quot;out-in-out&quot;,&quot;motion_fx_opacity_level&quot;:{&quot;unit&quot;:&quot;px&quot;,&quot;size&quot;:&quot;7.4&quot;,&quot;sizes&quot;:[]},&quot;motion_fx_opacity_range&quot;:{&quot;unit&quot;:&quot;%&quot;,&quot;size&quot;:&quot;&quot;,&quot;sizes&quot;:{&quot;start&quot;:&quot;32&quot;,&quot;end&quot;:&quot;71&quot;}},&quot;motion_fx_devices&quot;:[&quot;desktop&quot;,&quot;laptop&quot;,&quot;tablet_extra&quot;,&quot;tablet&quot;,&quot;mobile_extra&quot;,&quot;mobile&quot;]}\">\n\t\t\t\t<div class=\"elementor-element elementor-element-1080ba2c elementor-widget elementor-widget-image\" data-id=\"1080ba2c\" data-element_type=\"widget\" data-e-type=\"widget\" data-widget_type=\"image.default\">\n\t\t\t\t\t\t\t\t\t\t\t\t\t\t\t<img loading=\"lazy\" decoding=\"async\" width=\"2000\" height=\"1429\" src=\"https:\/\/jerznerhof.at\/wp-content\/uploads\/2024\/10\/Rifflsee-Bergbahnen-Sommer-St.-Leonhard-Rifflsee-Bergbahnen-Summer-St.-Leonhard_TVB-Pitztal_keineAngabe_Sankt-Leonhard-im-Pitztal-1.jpg\" class=\"attachment-full size-full wp-image-6392\" alt=\"\" srcset=\"https:\/\/jerznerhof.at\/wp-content\/uploads\/2024\/10\/Rifflsee-Bergbahnen-Sommer-St.-Leonhard-Rifflsee-Bergbahnen-Summer-St.-Leonhard_TVB-Pitztal_keineAngabe_Sankt-Leonhard-im-Pitztal-1.jpg 2000w, https:\/\/jerznerhof.at\/wp-content\/uploads\/2024\/10\/Rifflsee-Bergbahnen-Sommer-St.-Leonhard-Rifflsee-Bergbahnen-Summer-St.-Leonhard_TVB-Pitztal_keineAngabe_Sankt-Leonhard-im-Pitztal-1-300x214.jpg 300w, https:\/\/jerznerhof.at\/wp-content\/uploads\/2024\/10\/Rifflsee-Bergbahnen-Sommer-St.-Leonhard-Rifflsee-Bergbahnen-Summer-St.-Leonhard_TVB-Pitztal_keineAngabe_Sankt-Leonhard-im-Pitztal-1-1024x732.jpg 1024w, https:\/\/jerznerhof.at\/wp-content\/uploads\/2024\/10\/Rifflsee-Bergbahnen-Sommer-St.-Leonhard-Rifflsee-Bergbahnen-Summer-St.-Leonhard_TVB-Pitztal_keineAngabe_Sankt-Leonhard-im-Pitztal-1-768x549.jpg 768w, https:\/\/jerznerhof.at\/wp-content\/uploads\/2024\/10\/Rifflsee-Bergbahnen-Sommer-St.-Leonhard-Rifflsee-Bergbahnen-Summer-St.-Leonhard_TVB-Pitztal_keineAngabe_Sankt-Leonhard-im-Pitztal-1-1536x1097.jpg 1536w\" sizes=\"(max-width: 2000px) 100vw, 2000px\" \/>\t\t\t\t\t\t\t\t\t\t\t\t\t\t\t<\/div>\n\t\t\t\t<\/div>\n\t\t\t\t<\/div>\n\t\t<div class=\"elementor-element elementor-element-7c20178 e-con-full e-flex e-con e-child\" data-id=\"7c20178\" data-element_type=\"container\" data-e-type=\"container\">\n\t\t<div class=\"elementor-element elementor-element-a6863f1 e-con-full e-flex e-con e-child\" data-id=\"a6863f1\" data-element_type=\"container\" data-e-type=\"container\" data-settings=\"{&quot;motion_fx_motion_fx_scrolling&quot;:&quot;yes&quot;,&quot;motion_fx_translateY_effect&quot;:&quot;yes&quot;,&quot;motion_fx_translateY_speed&quot;:{&quot;unit&quot;:&quot;px&quot;,&quot;size&quot;:&quot;0.5&quot;,&quot;sizes&quot;:[]},&quot;motion_fx_translateY_affectedRange&quot;:{&quot;unit&quot;:&quot;%&quot;,&quot;size&quot;:&quot;&quot;,&quot;sizes&quot;:{&quot;start&quot;:&quot;38&quot;,&quot;end&quot;:&quot;65&quot;}},&quot;motion_fx_opacity_effect&quot;:&quot;yes&quot;,&quot;motion_fx_opacity_direction&quot;:&quot;out-in-out&quot;,&quot;motion_fx_opacity_level&quot;:{&quot;unit&quot;:&quot;px&quot;,&quot;size&quot;:&quot;7.4&quot;,&quot;sizes&quot;:[]},&quot;motion_fx_opacity_range&quot;:{&quot;unit&quot;:&quot;%&quot;,&quot;size&quot;:&quot;&quot;,&quot;sizes&quot;:{&quot;start&quot;:&quot;32&quot;,&quot;end&quot;:&quot;71&quot;}},&quot;motion_fx_devices&quot;:[&quot;desktop&quot;,&quot;laptop&quot;,&quot;tablet_extra&quot;,&quot;tablet&quot;,&quot;mobile_extra&quot;,&quot;mobile&quot;]}\">\n\t\t\t\t<div class=\"elementor-element elementor-element-252bc7f elementor-widget elementor-widget-image\" data-id=\"252bc7f\" data-element_type=\"widget\" data-e-type=\"widget\" data-widget_type=\"image.default\">\n\t\t\t\t\t\t\t\t\t\t\t\t\t\t\t<img loading=\"lazy\" decoding=\"async\" width=\"2560\" height=\"1829\" src=\"https:\/\/jerznerhof.at\/wp-content\/uploads\/2024\/10\/Highline179-scaled.webp\" class=\"attachment-full size-full wp-image-6394\" alt=\"\" srcset=\"https:\/\/jerznerhof.at\/wp-content\/uploads\/2024\/10\/Highline179-scaled.webp 2560w, https:\/\/jerznerhof.at\/wp-content\/uploads\/2024\/10\/Highline179-300x214.webp 300w, https:\/\/jerznerhof.at\/wp-content\/uploads\/2024\/10\/Highline179-1024x732.webp 1024w, https:\/\/jerznerhof.at\/wp-content\/uploads\/2024\/10\/Highline179-768x549.webp 768w, https:\/\/jerznerhof.at\/wp-content\/uploads\/2024\/10\/Highline179-1536x1098.webp 1536w, https:\/\/jerznerhof.at\/wp-content\/uploads\/2024\/10\/Highline179-2048x1464.webp 2048w\" sizes=\"(max-width: 2560px) 100vw, 2560px\" \/>\t\t\t\t\t\t\t\t\t\t\t\t\t\t\t<\/div>\n\t\t\t\t<\/div>\n\t\t<div class=\"elementor-element elementor-element-687fd3d e-con-full e-flex e-con e-child\" data-id=\"687fd3d\" data-element_type=\"container\" data-e-type=\"container\" data-settings=\"{&quot;motion_fx_motion_fx_scrolling&quot;:&quot;yes&quot;,&quot;motion_fx_translateY_effect&quot;:&quot;yes&quot;,&quot;motion_fx_translateY_direction&quot;:&quot;negative&quot;,&quot;motion_fx_translateY_speed&quot;:{&quot;unit&quot;:&quot;px&quot;,&quot;size&quot;:&quot;0.5&quot;,&quot;sizes&quot;:[]},&quot;motion_fx_translateY_affectedRange&quot;:{&quot;unit&quot;:&quot;%&quot;,&quot;size&quot;:&quot;&quot;,&quot;sizes&quot;:{&quot;start&quot;:&quot;38&quot;,&quot;end&quot;:&quot;66&quot;}},&quot;motion_fx_opacity_effect&quot;:&quot;yes&quot;,&quot;motion_fx_opacity_direction&quot;:&quot;out-in-out&quot;,&quot;motion_fx_opacity_level&quot;:{&quot;unit&quot;:&quot;px&quot;,&quot;size&quot;:&quot;7.4&quot;,&quot;sizes&quot;:[]},&quot;motion_fx_opacity_range&quot;:{&quot;unit&quot;:&quot;%&quot;,&quot;size&quot;:&quot;&quot;,&quot;sizes&quot;:{&quot;start&quot;:&quot;39&quot;,&quot;end&quot;:&quot;62&quot;}},&quot;background_background&quot;:&quot;classic&quot;,&quot;motion_fx_devices&quot;:[&quot;desktop&quot;,&quot;laptop&quot;,&quot;tablet_extra&quot;,&quot;tablet&quot;,&quot;mobile_extra&quot;,&quot;mobile&quot;]}\">\n\t\t<div class=\"elementor-element elementor-element-54d1863 e-con-full e-flex e-con e-child\" data-id=\"54d1863\" data-element_type=\"container\" data-e-type=\"container\">\n\t\t\t\t<div class=\"elementor-element elementor-element-78018c8 animated-slow elementor-invisible elementor-widget elementor-widget-heading\" data-id=\"78018c8\" data-element_type=\"widget\" data-e-type=\"widget\" data-settings=\"{&quot;_animation&quot;:&quot;fadeInUp&quot;}\" data-widget_type=\"heading.default\">\n\t\t\t\t\t<h2 class=\"elementor-heading-title elementor-size-default\">Burgenwelt Ehrenberg et Highline\u00a0179<\/h2>\t\t\t\t<\/div>\n\t\t\t\t<\/div>\n\t\t\t\t<div class=\"elementor-element elementor-element-cb1d2dc animated-slow elementor-invisible elementor-widget elementor-widget-text-editor\" data-id=\"cb1d2dc\" data-element_type=\"widget\" data-e-type=\"widget\" data-settings=\"{&quot;_animation&quot;:&quot;fadeInUp&quot;}\" data-widget_type=\"text-editor.default\">\n\t\t\t\t\t\t\t\t\t<p>La passerelle Highline\u00a0179 franchit la vall\u00e9e \u00e0 114\u00a0m et relie les ruines d\u2019Ehrenberg au Fort Claudia. Venez y vivre des sensations fortes et profiter d\u2019une vue grandiose. Au bout du chemin, des ruines m\u00e9di\u00e9vales attendent les explorateurs en herbe. C\u2019est l\u2019alliance parfaite entre histoire et adr\u00e9naline.<\/p>\n\t\t\t\t\t\t\t\t<\/div>\n\t\t\t\t<div class=\"elementor-element elementor-element-4b11d5f btn-region animated-slow elementor-invisible elementor-widget elementor-widget-button\" data-id=\"4b11d5f\" data-element_type=\"widget\" data-e-type=\"widget\" data-settings=\"{&quot;_animation&quot;:&quot;fadeInUp&quot;}\" data-widget_type=\"button.default\">\n\t\t\t\t\t\t\t\t\t\t<a class=\"elementor-button elementor-button-link elementor-size-sm\" href=\"https:\/\/www.ehrenberg.at\/de\/highline-179.html\" target=\"_blank\">\n\t\t\t\t\t\t<span class=\"elementor-button-content-wrapper\">\n\t\t\t\t\t\t\t\t\t<span class=\"elementor-button-text\">Panorama et frissons<\/span>\n\t\t\t\t\t<\/span>\n\t\t\t\t\t<\/a>\n\t\t\t\t\t\t\t\t<\/div>\n\t\t\t\t<\/div>\n\t\t\t\t<\/div>\n\t\t<div class=\"elementor-element elementor-element-02cb548 e-con-full e-flex e-con e-child\" data-id=\"02cb548\" data-element_type=\"container\" data-e-type=\"container\">\n\t\t<div class=\"elementor-element elementor-element-2d4f9d8 e-con-full e-flex e-con e-child\" data-id=\"2d4f9d8\" data-element_type=\"container\" data-e-type=\"container\" data-settings=\"{&quot;motion_fx_motion_fx_scrolling&quot;:&quot;yes&quot;,&quot;motion_fx_translateY_effect&quot;:&quot;yes&quot;,&quot;motion_fx_translateY_direction&quot;:&quot;negative&quot;,&quot;motion_fx_translateY_speed&quot;:{&quot;unit&quot;:&quot;px&quot;,&quot;size&quot;:&quot;0.5&quot;,&quot;sizes&quot;:[]},&quot;motion_fx_translateY_affectedRange&quot;:{&quot;unit&quot;:&quot;%&quot;,&quot;size&quot;:&quot;&quot;,&quot;sizes&quot;:{&quot;start&quot;:&quot;38&quot;,&quot;end&quot;:&quot;66&quot;}},&quot;motion_fx_opacity_effect&quot;:&quot;yes&quot;,&quot;motion_fx_opacity_direction&quot;:&quot;out-in-out&quot;,&quot;motion_fx_opacity_level&quot;:{&quot;unit&quot;:&quot;px&quot;,&quot;size&quot;:&quot;7.4&quot;,&quot;sizes&quot;:[]},&quot;motion_fx_opacity_range&quot;:{&quot;unit&quot;:&quot;%&quot;,&quot;size&quot;:&quot;&quot;,&quot;sizes&quot;:{&quot;start&quot;:&quot;39&quot;,&quot;end&quot;:&quot;62&quot;}},&quot;background_background&quot;:&quot;classic&quot;,&quot;motion_fx_devices&quot;:[&quot;desktop&quot;,&quot;laptop&quot;,&quot;tablet_extra&quot;,&quot;tablet&quot;,&quot;mobile_extra&quot;,&quot;mobile&quot;]}\">\n\t\t\t\t<div class=\"elementor-element elementor-element-a1cbc11 elementor-widget__width-initial elementor-absolute animated-slow elementor-invisible elementor-widget elementor-widget-image\" data-id=\"a1cbc11\" data-element_type=\"widget\" data-e-type=\"widget\" data-settings=\"{&quot;_position&quot;:&quot;absolute&quot;,&quot;motion_fx_motion_fx_scrolling&quot;:&quot;yes&quot;,&quot;motion_fx_translateY_effect&quot;:&quot;yes&quot;,&quot;motion_fx_translateY_speed&quot;:{&quot;unit&quot;:&quot;px&quot;,&quot;size&quot;:&quot;0.5&quot;,&quot;sizes&quot;:[]},&quot;motion_fx_translateY_affectedRange&quot;:{&quot;unit&quot;:&quot;%&quot;,&quot;size&quot;:&quot;&quot;,&quot;sizes&quot;:{&quot;start&quot;:&quot;36&quot;,&quot;end&quot;:&quot;66&quot;}},&quot;_animation&quot;:&quot;fadeInUp&quot;,&quot;_animation_delay&quot;:&quot;200&quot;,&quot;motion_fx_devices&quot;:[&quot;desktop&quot;,&quot;laptop&quot;,&quot;tablet_extra&quot;,&quot;tablet&quot;,&quot;mobile_extra&quot;,&quot;mobile&quot;]}\" data-widget_type=\"image.default\">\n\t\t\t\t\t\t\t\t\t\t\t\t\t\t\t\t<a href=\"https:\/\/www.alpenzoo.at\/\" target=\"_blank\">\n\t\t\t\t\t\t\t<img loading=\"lazy\" decoding=\"async\" width=\"299\" height=\"289\" src=\"https:\/\/jerznerhof.at\/wp-content\/uploads\/2025\/06\/alpenzoo-fr.svg\" class=\"attachment-large size-large wp-image-6412\" alt=\"\" \/>\t\t\t\t\t\t\t\t<\/a>\n\t\t\t\t\t\t\t\t\t\t\t\t\t\t\t<\/div>\n\t\t<div class=\"elementor-element elementor-element-0aa9670 e-con-full e-flex e-con e-child\" data-id=\"0aa9670\" data-element_type=\"container\" data-e-type=\"container\">\n\t\t\t\t<div class=\"elementor-element elementor-element-7bc795a animated-slow elementor-invisible elementor-widget elementor-widget-heading\" data-id=\"7bc795a\" data-element_type=\"widget\" data-e-type=\"widget\" data-settings=\"{&quot;_animation&quot;:&quot;fadeInUp&quot;}\" data-widget_type=\"heading.default\">\n\t\t\t\t\t<h2 class=\"elementor-heading-title elementor-size-default\">Alpenzoo Innsbruck<\/h2>\t\t\t\t<\/div>\n\t\t\t\t<\/div>\n\t\t\t\t<div class=\"elementor-element elementor-element-4148a26 animated-slow elementor-invisible elementor-widget elementor-widget-text-editor\" data-id=\"4148a26\" data-element_type=\"widget\" data-e-type=\"widget\" data-settings=\"{&quot;_animation&quot;:&quot;fadeInUp&quot;}\" data-widget_type=\"text-editor.default\">\n\t\t\t\t\t\t\t\t\t<p>Situ\u00e9 au pied de la Nordkette, au-dessus d\u2019Innsbruck, ce zoo alpin vous fera d\u00e9couvrir les merveilles de la faune alpine. Bouquetins majestueux, ours ou loups, plus de 2\u00a0000\u00a0animaux vivent ici dans des enclos adapt\u00e9s qui reproduisent leur environnement naturel.<\/p>\n\t\t\t\t\t\t\t\t<\/div>\n\t\t\t\t<\/div>\n\t\t<div class=\"elementor-element elementor-element-bc8e550 e-con-full e-flex e-con e-child\" data-id=\"bc8e550\" data-element_type=\"container\" data-e-type=\"container\" data-settings=\"{&quot;motion_fx_motion_fx_scrolling&quot;:&quot;yes&quot;,&quot;motion_fx_translateY_effect&quot;:&quot;yes&quot;,&quot;motion_fx_translateY_speed&quot;:{&quot;unit&quot;:&quot;px&quot;,&quot;size&quot;:&quot;0.5&quot;,&quot;sizes&quot;:[]},&quot;motion_fx_translateY_affectedRange&quot;:{&quot;unit&quot;:&quot;%&quot;,&quot;size&quot;:&quot;&quot;,&quot;sizes&quot;:{&quot;start&quot;:&quot;38&quot;,&quot;end&quot;:&quot;65&quot;}},&quot;motion_fx_opacity_effect&quot;:&quot;yes&quot;,&quot;motion_fx_opacity_direction&quot;:&quot;out-in-out&quot;,&quot;motion_fx_opacity_level&quot;:{&quot;unit&quot;:&quot;px&quot;,&quot;size&quot;:&quot;7.4&quot;,&quot;sizes&quot;:[]},&quot;motion_fx_opacity_range&quot;:{&quot;unit&quot;:&quot;%&quot;,&quot;size&quot;:&quot;&quot;,&quot;sizes&quot;:{&quot;start&quot;:&quot;32&quot;,&quot;end&quot;:&quot;71&quot;}},&quot;motion_fx_devices&quot;:[&quot;desktop&quot;,&quot;laptop&quot;,&quot;tablet_extra&quot;,&quot;tablet&quot;,&quot;mobile_extra&quot;,&quot;mobile&quot;]}\">\n\t\t\t\t<div class=\"elementor-element elementor-element-873abcf elementor-widget elementor-widget-image\" data-id=\"873abcf\" data-element_type=\"widget\" data-e-type=\"widget\" data-widget_type=\"image.default\">\n\t\t\t\t\t\t\t\t\t\t\t\t\t\t\t<img loading=\"lazy\" decoding=\"async\" width=\"2000\" height=\"1429\" src=\"https:\/\/jerznerhof.at\/wp-content\/uploads\/2024\/10\/Alpenzoo-Innsbruck-Gaemsen_Tirol-Werbung_Jenewein-Markus_Innsbruck.jpg\" class=\"attachment-full size-full wp-image-6396\" alt=\"\" srcset=\"https:\/\/jerznerhof.at\/wp-content\/uploads\/2024\/10\/Alpenzoo-Innsbruck-Gaemsen_Tirol-Werbung_Jenewein-Markus_Innsbruck.jpg 2000w, https:\/\/jerznerhof.at\/wp-content\/uploads\/2024\/10\/Alpenzoo-Innsbruck-Gaemsen_Tirol-Werbung_Jenewein-Markus_Innsbruck-300x214.jpg 300w, https:\/\/jerznerhof.at\/wp-content\/uploads\/2024\/10\/Alpenzoo-Innsbruck-Gaemsen_Tirol-Werbung_Jenewein-Markus_Innsbruck-1024x732.jpg 1024w, https:\/\/jerznerhof.at\/wp-content\/uploads\/2024\/10\/Alpenzoo-Innsbruck-Gaemsen_Tirol-Werbung_Jenewein-Markus_Innsbruck-768x549.jpg 768w, https:\/\/jerznerhof.at\/wp-content\/uploads\/2024\/10\/Alpenzoo-Innsbruck-Gaemsen_Tirol-Werbung_Jenewein-Markus_Innsbruck-1536x1097.jpg 1536w\" sizes=\"(max-width: 2000px) 100vw, 2000px\" \/>\t\t\t\t\t\t\t\t\t\t\t\t\t\t\t<\/div>\n\t\t\t\t<\/div>\n\t\t\t\t<\/div>\n\t\t<div class=\"elementor-element elementor-element-08fbc82 e-con-full e-flex e-con e-child\" data-id=\"08fbc82\" data-element_type=\"container\" data-e-type=\"container\">\n\t\t<div class=\"elementor-element elementor-element-ab00eac e-con-full e-flex e-con e-child\" data-id=\"ab00eac\" data-element_type=\"container\" data-e-type=\"container\" data-settings=\"{&quot;motion_fx_motion_fx_scrolling&quot;:&quot;yes&quot;,&quot;motion_fx_translateY_effect&quot;:&quot;yes&quot;,&quot;motion_fx_translateY_speed&quot;:{&quot;unit&quot;:&quot;px&quot;,&quot;size&quot;:&quot;0.5&quot;,&quot;sizes&quot;:[]},&quot;motion_fx_translateY_affectedRange&quot;:{&quot;unit&quot;:&quot;%&quot;,&quot;size&quot;:&quot;&quot;,&quot;sizes&quot;:{&quot;start&quot;:&quot;38&quot;,&quot;end&quot;:&quot;65&quot;}},&quot;motion_fx_opacity_effect&quot;:&quot;yes&quot;,&quot;motion_fx_opacity_direction&quot;:&quot;out-in-out&quot;,&quot;motion_fx_opacity_level&quot;:{&quot;unit&quot;:&quot;px&quot;,&quot;size&quot;:&quot;7.4&quot;,&quot;sizes&quot;:[]},&quot;motion_fx_opacity_range&quot;:{&quot;unit&quot;:&quot;%&quot;,&quot;size&quot;:&quot;&quot;,&quot;sizes&quot;:{&quot;start&quot;:&quot;32&quot;,&quot;end&quot;:&quot;71&quot;}},&quot;motion_fx_devices&quot;:[&quot;desktop&quot;,&quot;laptop&quot;,&quot;tablet_extra&quot;,&quot;tablet&quot;,&quot;mobile_extra&quot;,&quot;mobile&quot;]}\">\n\t\t\t\t<div class=\"elementor-element elementor-element-1a5b897 elementor-widget elementor-widget-image\" data-id=\"1a5b897\" data-element_type=\"widget\" data-e-type=\"widget\" data-widget_type=\"image.default\">\n\t\t\t\t\t\t\t\t\t\t\t\t\t\t\t<img loading=\"lazy\" decoding=\"async\" width=\"2560\" height=\"1829\" src=\"https:\/\/jerznerhof.at\/wp-content\/uploads\/2024\/10\/Alpendohle-am-Gipfel-des-Schafreuter-Karwendelgebirge-bei-Hinterriss_Tirol-Werbung_Ehn-Wolfgang_Keine-Ortsangabe-scaled.webp\" class=\"attachment-full size-full wp-image-6398\" alt=\"\" srcset=\"https:\/\/jerznerhof.at\/wp-content\/uploads\/2024\/10\/Alpendohle-am-Gipfel-des-Schafreuter-Karwendelgebirge-bei-Hinterriss_Tirol-Werbung_Ehn-Wolfgang_Keine-Ortsangabe-scaled.webp 2560w, https:\/\/jerznerhof.at\/wp-content\/uploads\/2024\/10\/Alpendohle-am-Gipfel-des-Schafreuter-Karwendelgebirge-bei-Hinterriss_Tirol-Werbung_Ehn-Wolfgang_Keine-Ortsangabe-300x214.webp 300w, https:\/\/jerznerhof.at\/wp-content\/uploads\/2024\/10\/Alpendohle-am-Gipfel-des-Schafreuter-Karwendelgebirge-bei-Hinterriss_Tirol-Werbung_Ehn-Wolfgang_Keine-Ortsangabe-1024x732.webp 1024w, https:\/\/jerznerhof.at\/wp-content\/uploads\/2024\/10\/Alpendohle-am-Gipfel-des-Schafreuter-Karwendelgebirge-bei-Hinterriss_Tirol-Werbung_Ehn-Wolfgang_Keine-Ortsangabe-768x549.webp 768w, https:\/\/jerznerhof.at\/wp-content\/uploads\/2024\/10\/Alpendohle-am-Gipfel-des-Schafreuter-Karwendelgebirge-bei-Hinterriss_Tirol-Werbung_Ehn-Wolfgang_Keine-Ortsangabe-1536x1098.webp 1536w, https:\/\/jerznerhof.at\/wp-content\/uploads\/2024\/10\/Alpendohle-am-Gipfel-des-Schafreuter-Karwendelgebirge-bei-Hinterriss_Tirol-Werbung_Ehn-Wolfgang_Keine-Ortsangabe-2048x1463.webp 2048w\" sizes=\"(max-width: 2560px) 100vw, 2560px\" \/>\t\t\t\t\t\t\t\t\t\t\t\t\t\t\t<\/div>\n\t\t\t\t<\/div>\n\t\t<div class=\"elementor-element elementor-element-af63b83 e-con-full e-flex e-con e-child\" data-id=\"af63b83\" data-element_type=\"container\" data-e-type=\"container\" data-settings=\"{&quot;motion_fx_motion_fx_scrolling&quot;:&quot;yes&quot;,&quot;motion_fx_translateY_effect&quot;:&quot;yes&quot;,&quot;motion_fx_translateY_direction&quot;:&quot;negative&quot;,&quot;motion_fx_translateY_speed&quot;:{&quot;unit&quot;:&quot;px&quot;,&quot;size&quot;:&quot;0.5&quot;,&quot;sizes&quot;:[]},&quot;motion_fx_translateY_affectedRange&quot;:{&quot;unit&quot;:&quot;%&quot;,&quot;size&quot;:&quot;&quot;,&quot;sizes&quot;:{&quot;start&quot;:&quot;38&quot;,&quot;end&quot;:&quot;66&quot;}},&quot;motion_fx_opacity_effect&quot;:&quot;yes&quot;,&quot;motion_fx_opacity_direction&quot;:&quot;out-in-out&quot;,&quot;motion_fx_opacity_level&quot;:{&quot;unit&quot;:&quot;px&quot;,&quot;size&quot;:&quot;7.4&quot;,&quot;sizes&quot;:[]},&quot;motion_fx_opacity_range&quot;:{&quot;unit&quot;:&quot;%&quot;,&quot;size&quot;:&quot;&quot;,&quot;sizes&quot;:{&quot;start&quot;:&quot;39&quot;,&quot;end&quot;:&quot;62&quot;}},&quot;background_background&quot;:&quot;classic&quot;,&quot;motion_fx_devices&quot;:[&quot;desktop&quot;,&quot;laptop&quot;,&quot;tablet_extra&quot;,&quot;tablet&quot;,&quot;mobile_extra&quot;,&quot;mobile&quot;]}\">\n\t\t<div class=\"elementor-element elementor-element-679a5ba e-con-full e-flex e-con e-child\" data-id=\"679a5ba\" data-element_type=\"container\" data-e-type=\"container\">\n\t\t\t\t<div class=\"elementor-element elementor-element-b441c0f animated-slow elementor-invisible elementor-widget elementor-widget-heading\" data-id=\"b441c0f\" data-element_type=\"widget\" data-e-type=\"widget\" data-settings=\"{&quot;_animation&quot;:&quot;fadeInUp&quot;}\" data-widget_type=\"heading.default\">\n\t\t\t\t\t<h2 class=\"elementor-heading-title elementor-size-default\">\u00d6tzidorf &amp; fauconnerie<\/h2>\t\t\t\t<\/div>\n\t\t\t\t<\/div>\n\t\t\t\t<div class=\"elementor-element elementor-element-a5e49ae animated-slow elementor-invisible elementor-widget elementor-widget-text-editor\" data-id=\"a5e49ae\" data-element_type=\"widget\" data-e-type=\"widget\" data-settings=\"{&quot;_animation&quot;:&quot;fadeInUp&quot;}\" data-widget_type=\"text-editor.default\">\n\t\t\t\t\t\t\t\t\t<p>Remontons \u00e0 l\u2019\u00e2ge de pierre pour rencontrer le c\u00e9l\u00e8bre homme des glaces \u00d6tzi dont la momie tr\u00e8s bien conserv\u00e9e a \u00e9t\u00e9 retrouv\u00e9e au Tyrol. D\u00e9couvrez des huttes authentiques, des outils oubli\u00e9s et d\u2019anciennes races d\u2019animaux domestiques. Juste \u00e0 c\u00f4t\u00e9, vous pourrez assister \u00e0 un spectacle \u00e9poustouflant de fauconnerie o\u00f9 aigles, faucons et hiboux s\u2019\u00e9lanceront au-dessus de vos t\u00eates.<\/p>\n\t\t\t\t\t\t\t\t<\/div>\n\t\t\t\t<div class=\"elementor-element elementor-element-a92d957 btn-region animated-slow elementor-invisible elementor-widget elementor-widget-button\" data-id=\"a92d957\" data-element_type=\"widget\" data-e-type=\"widget\" data-settings=\"{&quot;_animation&quot;:&quot;fadeInUp&quot;}\" data-widget_type=\"button.default\">\n\t\t\t\t\t\t\t\t\t\t<a class=\"elementor-button elementor-button-link elementor-size-sm\" href=\"https:\/\/www.greifvogelpark.at\/en\/\" target=\"_blank\">\n\t\t\t\t\t\t<span class=\"elementor-button-content-wrapper\">\n\t\t\t\t\t\t\t\t\t<span class=\"elementor-button-text\">Voyage \u00e0 l\u2019\u00e2ge de pierre<\/span>\n\t\t\t\t\t<\/span>\n\t\t\t\t\t<\/a>\n\t\t\t\t\t\t\t\t<\/div>\n\t\t\t\t<\/div>\n\t\t\t\t<\/div>\n\t\t<div class=\"elementor-element elementor-element-138996a e-con-full e-flex e-con e-child\" data-id=\"138996a\" data-element_type=\"container\" data-e-type=\"container\">\n\t\t<div class=\"elementor-element elementor-element-442dcfd e-con-full e-flex e-con e-child\" data-id=\"442dcfd\" data-element_type=\"container\" data-e-type=\"container\" data-settings=\"{&quot;motion_fx_motion_fx_scrolling&quot;:&quot;yes&quot;,&quot;motion_fx_translateY_effect&quot;:&quot;yes&quot;,&quot;motion_fx_translateY_direction&quot;:&quot;negative&quot;,&quot;motion_fx_translateY_speed&quot;:{&quot;unit&quot;:&quot;px&quot;,&quot;size&quot;:&quot;0.5&quot;,&quot;sizes&quot;:[]},&quot;motion_fx_translateY_affectedRange&quot;:{&quot;unit&quot;:&quot;%&quot;,&quot;size&quot;:&quot;&quot;,&quot;sizes&quot;:{&quot;start&quot;:&quot;38&quot;,&quot;end&quot;:&quot;66&quot;}},&quot;motion_fx_opacity_effect&quot;:&quot;yes&quot;,&quot;motion_fx_opacity_direction&quot;:&quot;out-in-out&quot;,&quot;motion_fx_opacity_level&quot;:{&quot;unit&quot;:&quot;px&quot;,&quot;size&quot;:&quot;7.4&quot;,&quot;sizes&quot;:[]},&quot;motion_fx_opacity_range&quot;:{&quot;unit&quot;:&quot;%&quot;,&quot;size&quot;:&quot;&quot;,&quot;sizes&quot;:{&quot;start&quot;:&quot;39&quot;,&quot;end&quot;:&quot;62&quot;}},&quot;background_background&quot;:&quot;classic&quot;,&quot;motion_fx_devices&quot;:[&quot;desktop&quot;,&quot;laptop&quot;,&quot;tablet_extra&quot;,&quot;tablet&quot;,&quot;mobile_extra&quot;,&quot;mobile&quot;]}\">\n\t\t\t\t<div class=\"elementor-element elementor-element-8da0f3b elementor-widget__width-initial elementor-absolute animated-slow elementor-invisible elementor-widget elementor-widget-image\" data-id=\"8da0f3b\" data-element_type=\"widget\" data-e-type=\"widget\" data-settings=\"{&quot;_position&quot;:&quot;absolute&quot;,&quot;motion_fx_motion_fx_scrolling&quot;:&quot;yes&quot;,&quot;motion_fx_translateY_effect&quot;:&quot;yes&quot;,&quot;motion_fx_translateY_speed&quot;:{&quot;unit&quot;:&quot;px&quot;,&quot;size&quot;:&quot;0.5&quot;,&quot;sizes&quot;:[]},&quot;motion_fx_translateY_affectedRange&quot;:{&quot;unit&quot;:&quot;%&quot;,&quot;size&quot;:&quot;&quot;,&quot;sizes&quot;:{&quot;start&quot;:&quot;36&quot;,&quot;end&quot;:&quot;66&quot;}},&quot;_animation&quot;:&quot;fadeInUp&quot;,&quot;_animation_delay&quot;:&quot;200&quot;,&quot;motion_fx_devices&quot;:[&quot;desktop&quot;,&quot;laptop&quot;,&quot;tablet_extra&quot;,&quot;tablet&quot;,&quot;mobile_extra&quot;,&quot;mobile&quot;]}\" data-widget_type=\"image.default\">\n\t\t\t\t\t\t\t\t\t\t\t\t\t\t\t\t<a href=\"https:\/\/www.imst.at\/urlaubserlebnisse\/sommer\/rosengartenschlucht\" target=\"_blank\">\n\t\t\t\t\t\t\t<img loading=\"lazy\" decoding=\"async\" width=\"284\" height=\"286\" src=\"https:\/\/jerznerhof.at\/wp-content\/uploads\/2025\/06\/rosengartenschlucht-fr.svg\" class=\"attachment-large size-large wp-image-6418\" alt=\"\" \/>\t\t\t\t\t\t\t\t<\/a>\n\t\t\t\t\t\t\t\t\t\t\t\t\t\t\t<\/div>\n\t\t<div class=\"elementor-element elementor-element-e718ba5 e-con-full e-flex e-con e-child\" data-id=\"e718ba5\" data-element_type=\"container\" data-e-type=\"container\">\n\t\t\t\t<div class=\"elementor-element elementor-element-fa57eb2 animated-slow elementor-invisible elementor-widget elementor-widget-heading\" data-id=\"fa57eb2\" data-element_type=\"widget\" data-e-type=\"widget\" data-settings=\"{&quot;_animation&quot;:&quot;fadeInUp&quot;}\" data-widget_type=\"heading.default\">\n\t\t\t\t\t<h2 class=\"elementor-heading-title elementor-size-default\">Rosengartenschlucht &amp; Alpine Coaster<\/h2>\t\t\t\t<\/div>\n\t\t\t\t<\/div>\n\t\t\t\t<div class=\"elementor-element elementor-element-5a032e8 animated-slow elementor-invisible elementor-widget elementor-widget-text-editor\" data-id=\"5a032e8\" data-element_type=\"widget\" data-e-type=\"widget\" data-settings=\"{&quot;_animation&quot;:&quot;fadeInUp&quot;}\" data-widget_type=\"text-editor.default\">\n\t\t\t\t\t\t\t\t\t<p>D\u00e9couvrez, au cours d\u2019une randonn\u00e9e \u00e0 couper le souffle, la beaut\u00e9 sauvage de la gorge Rosengartenschlucht, avec ses eaux tumultueuses et ses parois rocheuses abruptes. Une fois l\u00e0-haut, de nouvelles sensations fortes vous attendent\u00a0: sur l\u2019Alpine Coaster, la plus longue piste de luge sur rails du monde, d\u00e9valez les pentes \u00e0 une vitesse vertigineuse et prenez un vrai shot d\u2019adr\u00e9naline.<\/p>\n\t\t\t\t\t\t\t\t<\/div>\n\t\t\t\t<div class=\"elementor-element elementor-element-93ebf26 btn-region animated-slow elementor-invisible elementor-widget elementor-widget-button\" data-id=\"93ebf26\" data-element_type=\"widget\" data-e-type=\"widget\" data-settings=\"{&quot;_animation&quot;:&quot;fadeInUp&quot;}\" data-widget_type=\"button.default\">\n\t\t\t\t\t\t\t\t\t\t<a class=\"elementor-button elementor-button-link elementor-size-sm\" href=\"https:\/\/www.imster-bergbahnen.at\/en\/summer\/alpine-coaster\/fun-facts\/\" target=\"_blank\">\n\t\t\t\t\t\t<span class=\"elementor-button-content-wrapper\">\n\t\t\t\t\t\t\t\t\t<span class=\"elementor-button-text\">Alpine Coaster<\/span>\n\t\t\t\t\t<\/span>\n\t\t\t\t\t<\/a>\n\t\t\t\t\t\t\t\t<\/div>\n\t\t\t\t<\/div>\n\t\t<div class=\"elementor-element elementor-element-94f41eb e-con-full e-flex e-con e-child\" data-id=\"94f41eb\" data-element_type=\"container\" data-e-type=\"container\" data-settings=\"{&quot;motion_fx_motion_fx_scrolling&quot;:&quot;yes&quot;,&quot;motion_fx_translateY_effect&quot;:&quot;yes&quot;,&quot;motion_fx_translateY_speed&quot;:{&quot;unit&quot;:&quot;px&quot;,&quot;size&quot;:&quot;0.5&quot;,&quot;sizes&quot;:[]},&quot;motion_fx_translateY_affectedRange&quot;:{&quot;unit&quot;:&quot;%&quot;,&quot;size&quot;:&quot;&quot;,&quot;sizes&quot;:{&quot;start&quot;:&quot;38&quot;,&quot;end&quot;:&quot;65&quot;}},&quot;motion_fx_opacity_effect&quot;:&quot;yes&quot;,&quot;motion_fx_opacity_direction&quot;:&quot;out-in-out&quot;,&quot;motion_fx_opacity_level&quot;:{&quot;unit&quot;:&quot;px&quot;,&quot;size&quot;:&quot;7.4&quot;,&quot;sizes&quot;:[]},&quot;motion_fx_opacity_range&quot;:{&quot;unit&quot;:&quot;%&quot;,&quot;size&quot;:&quot;&quot;,&quot;sizes&quot;:{&quot;start&quot;:&quot;32&quot;,&quot;end&quot;:&quot;71&quot;}},&quot;motion_fx_devices&quot;:[&quot;desktop&quot;,&quot;laptop&quot;,&quot;tablet_extra&quot;,&quot;tablet&quot;,&quot;mobile_extra&quot;,&quot;mobile&quot;]}\">\n\t\t\t\t<div class=\"elementor-element elementor-element-1d18703 elementor-widget elementor-widget-image\" data-id=\"1d18703\" data-element_type=\"widget\" data-e-type=\"widget\" data-widget_type=\"image.default\">\n\t\t\t\t\t\t\t\t\t\t\t\t\t\t\t<img loading=\"lazy\" decoding=\"async\" width=\"2560\" height=\"1829\" src=\"https:\/\/jerznerhof.at\/wp-content\/uploads\/2024\/11\/imst_tourismus_bildergalerie_rosengartenschlucht__13_-scaled.webp\" class=\"attachment-full size-full wp-image-6658\" alt=\"\" srcset=\"https:\/\/jerznerhof.at\/wp-content\/uploads\/2024\/11\/imst_tourismus_bildergalerie_rosengartenschlucht__13_-scaled.webp 2560w, https:\/\/jerznerhof.at\/wp-content\/uploads\/2024\/11\/imst_tourismus_bildergalerie_rosengartenschlucht__13_-300x214.webp 300w, https:\/\/jerznerhof.at\/wp-content\/uploads\/2024\/11\/imst_tourismus_bildergalerie_rosengartenschlucht__13_-1024x732.webp 1024w, https:\/\/jerznerhof.at\/wp-content\/uploads\/2024\/11\/imst_tourismus_bildergalerie_rosengartenschlucht__13_-768x549.webp 768w, https:\/\/jerznerhof.at\/wp-content\/uploads\/2024\/11\/imst_tourismus_bildergalerie_rosengartenschlucht__13_-1536x1098.webp 1536w, https:\/\/jerznerhof.at\/wp-content\/uploads\/2024\/11\/imst_tourismus_bildergalerie_rosengartenschlucht__13_-2048x1463.webp 2048w\" sizes=\"(max-width: 2560px) 100vw, 2560px\" \/>\t\t\t\t\t\t\t\t\t\t\t\t\t\t\t<\/div>\n\t\t\t\t<\/div>\n\t\t\t\t<\/div>\n\t\t\t\t\t<\/div>\n\t\t\t\t<\/div>\n\t\t\t\t<\/div>\n\t\t<div class=\"elementor-element elementor-element-532c0116 e-con-full e-flex e-con e-parent\" data-id=\"532c0116\" data-element_type=\"container\" data-e-type=\"container\">\n\t\t<div class=\"elementor-element elementor-element-3b7620a7 e-flex e-con-boxed e-con e-child\" data-id=\"3b7620a7\" data-element_type=\"container\" data-e-type=\"container\" data-settings=\"{&quot;background_background&quot;:&quot;classic&quot;,&quot;motion_fx_motion_fx_scrolling&quot;:&quot;yes&quot;,&quot;background_motion_fx_motion_fx_scrolling&quot;:&quot;yes&quot;,&quot;background_motion_fx_translateY_effect&quot;:&quot;yes&quot;,&quot;background_motion_fx_translateY_speed&quot;:{&quot;unit&quot;:&quot;px&quot;,&quot;size&quot;:&quot;1&quot;,&quot;sizes&quot;:[]},&quot;background_motion_fx_translateY_affectedRange&quot;:{&quot;unit&quot;:&quot;%&quot;,&quot;size&quot;:&quot;&quot;,&quot;sizes&quot;:{&quot;start&quot;:0,&quot;end&quot;:100}},&quot;background_motion_fx_devices&quot;:[&quot;desktop&quot;,&quot;laptop&quot;,&quot;tablet_extra&quot;,&quot;tablet&quot;,&quot;mobile_extra&quot;,&quot;mobile&quot;],&quot;motion_fx_devices&quot;:[&quot;desktop&quot;,&quot;laptop&quot;,&quot;tablet_extra&quot;,&quot;tablet&quot;,&quot;mobile_extra&quot;,&quot;mobile&quot;]}\">\n\t\t\t\t\t<div class=\"e-con-inner\">\n\t\t\t\t<div class=\"elementor-element elementor-element-3e5cf56b elementor-widget__width-inherit elementor-absolute elementor-widget elementor-widget-image\" data-id=\"3e5cf56b\" data-element_type=\"widget\" data-e-type=\"widget\" data-settings=\"{&quot;_position&quot;:&quot;absolute&quot;}\" data-widget_type=\"image.default\">\n\t\t\t\t\t\t\t\t\t\t\t\t\t\t\t<img loading=\"lazy\" decoding=\"async\" width=\"60\" height=\"106\" src=\"https:\/\/jerznerhof.at\/wp-content\/uploads\/2024\/10\/Kristall-gold.svg\" class=\"attachment-large size-large wp-image-6020\" alt=\"\" \/>\t\t\t\t\t\t\t\t\t\t\t\t\t\t\t<\/div>\n\t\t<div class=\"elementor-element elementor-element-4ad46184 e-con-full e-flex e-con e-child\" data-id=\"4ad46184\" data-element_type=\"container\" data-e-type=\"container\">\n\t\t<div class=\"elementor-element elementor-element-1cb3744b e-con-full e-flex e-con e-child\" data-id=\"1cb3744b\" data-element_type=\"container\" data-e-type=\"container\" data-settings=\"{&quot;motion_fx_motion_fx_scrolling&quot;:&quot;yes&quot;,&quot;motion_fx_translateY_effect&quot;:&quot;yes&quot;,&quot;motion_fx_translateY_direction&quot;:&quot;negative&quot;,&quot;motion_fx_translateY_speed&quot;:{&quot;unit&quot;:&quot;px&quot;,&quot;size&quot;:&quot;0.5&quot;,&quot;sizes&quot;:[]},&quot;motion_fx_translateY_affectedRange&quot;:{&quot;unit&quot;:&quot;%&quot;,&quot;size&quot;:&quot;&quot;,&quot;sizes&quot;:{&quot;start&quot;:&quot;38&quot;,&quot;end&quot;:&quot;66&quot;}},&quot;motion_fx_opacity_effect&quot;:&quot;yes&quot;,&quot;motion_fx_opacity_direction&quot;:&quot;out-in-out&quot;,&quot;motion_fx_opacity_level&quot;:{&quot;unit&quot;:&quot;px&quot;,&quot;size&quot;:&quot;7.4&quot;,&quot;sizes&quot;:[]},&quot;motion_fx_opacity_range&quot;:{&quot;unit&quot;:&quot;%&quot;,&quot;size&quot;:&quot;&quot;,&quot;sizes&quot;:{&quot;start&quot;:&quot;39&quot;,&quot;end&quot;:&quot;62&quot;}},&quot;motion_fx_devices&quot;:[&quot;desktop&quot;,&quot;laptop&quot;,&quot;tablet_extra&quot;,&quot;tablet&quot;,&quot;mobile_extra&quot;,&quot;mobile&quot;]}\">\n\t\t<div class=\"elementor-element elementor-element-c182367 e-con-full e-flex e-con e-child\" data-id=\"c182367\" data-element_type=\"container\" data-e-type=\"container\">\n\t\t\t\t<div class=\"elementor-element elementor-element-230266bf animated-slow elementor-invisible elementor-widget elementor-widget-heading\" data-id=\"230266bf\" data-element_type=\"widget\" data-e-type=\"widget\" data-settings=\"{&quot;_animation&quot;:&quot;fadeInUp&quot;}\" data-widget_type=\"heading.default\">\n\t\t\t\t\t<h2 class=\"elementor-heading-title elementor-size-default\">007 Elements<\/h2>\t\t\t\t<\/div>\n\t\t\t\t<\/div>\n\t\t\t\t<div class=\"elementor-element elementor-element-3c585215 animated-slow elementor-invisible elementor-widget elementor-widget-text-editor\" data-id=\"3c585215\" data-element_type=\"widget\" data-e-type=\"widget\" data-settings=\"{&quot;_animation&quot;:&quot;fadeInUp&quot;}\" data-widget_type=\"text-editor.default\">\n\t\t\t\t\t\t\t\t\t<p>Dans le cadre fascinant du Gaislachkogl, \u00e0 plus de 3\u00a0000\u00a0m, vivez une exp\u00e9rience intense aux c\u00f4t\u00e9s de James Bond. Une installation futuriste vous ouvre ses portes pour vous faire d\u00e9couvrir le monde de l\u2019agent\u00a0007 comme si vous y \u00e9tiez. Un incontournable pour tous ceux qui veulent se mettre dans la peau d\u2019un agent secret.<\/p>\n\t\t\t\t\t\t\t\t<\/div>\n\t\t\t\t<\/div>\n\t\t<div class=\"elementor-element elementor-element-63a83cc1 e-con-full e-flex e-con e-child\" data-id=\"63a83cc1\" data-element_type=\"container\" data-e-type=\"container\" data-settings=\"{&quot;motion_fx_motion_fx_scrolling&quot;:&quot;yes&quot;,&quot;motion_fx_translateY_effect&quot;:&quot;yes&quot;,&quot;motion_fx_translateY_speed&quot;:{&quot;unit&quot;:&quot;px&quot;,&quot;size&quot;:&quot;0.5&quot;,&quot;sizes&quot;:[]},&quot;motion_fx_translateY_affectedRange&quot;:{&quot;unit&quot;:&quot;%&quot;,&quot;size&quot;:&quot;&quot;,&quot;sizes&quot;:{&quot;start&quot;:&quot;38&quot;,&quot;end&quot;:&quot;65&quot;}},&quot;motion_fx_opacity_effect&quot;:&quot;yes&quot;,&quot;motion_fx_opacity_direction&quot;:&quot;out-in-out&quot;,&quot;motion_fx_opacity_level&quot;:{&quot;unit&quot;:&quot;px&quot;,&quot;size&quot;:&quot;7.4&quot;,&quot;sizes&quot;:[]},&quot;motion_fx_opacity_range&quot;:{&quot;unit&quot;:&quot;%&quot;,&quot;size&quot;:&quot;&quot;,&quot;sizes&quot;:{&quot;start&quot;:&quot;32&quot;,&quot;end&quot;:&quot;71&quot;}},&quot;motion_fx_devices&quot;:[&quot;desktop&quot;,&quot;laptop&quot;,&quot;tablet_extra&quot;,&quot;tablet&quot;,&quot;mobile_extra&quot;,&quot;mobile&quot;]}\">\n\t\t\t\t<div class=\"elementor-element elementor-element-5457b5ce elementor-widget__width-initial elementor-absolute animated-slow elementor-invisible elementor-widget elementor-widget-image\" data-id=\"5457b5ce\" data-element_type=\"widget\" data-e-type=\"widget\" data-settings=\"{&quot;_position&quot;:&quot;absolute&quot;,&quot;motion_fx_motion_fx_scrolling&quot;:&quot;yes&quot;,&quot;motion_fx_translateY_effect&quot;:&quot;yes&quot;,&quot;motion_fx_translateY_speed&quot;:{&quot;unit&quot;:&quot;px&quot;,&quot;size&quot;:&quot;0.5&quot;,&quot;sizes&quot;:[]},&quot;motion_fx_translateY_affectedRange&quot;:{&quot;unit&quot;:&quot;%&quot;,&quot;size&quot;:&quot;&quot;,&quot;sizes&quot;:{&quot;start&quot;:&quot;36&quot;,&quot;end&quot;:&quot;66&quot;}},&quot;_animation&quot;:&quot;fadeInUp&quot;,&quot;_animation_delay&quot;:&quot;200&quot;,&quot;motion_fx_devices&quot;:[&quot;desktop&quot;,&quot;laptop&quot;,&quot;tablet_extra&quot;,&quot;tablet&quot;,&quot;mobile_extra&quot;,&quot;mobile&quot;]}\" data-widget_type=\"image.default\">\n\t\t\t\t\t\t\t\t\t\t\t\t\t\t\t\t<a href=\"https:\/\/007elements.soelden.com\/de\/home.html\" target=\"_blank\">\n\t\t\t\t\t\t\t<img loading=\"lazy\" decoding=\"async\" width=\"296\" height=\"290\" src=\"https:\/\/jerznerhof.at\/wp-content\/uploads\/2025\/06\/007-elements-fr.svg\" class=\"attachment-large size-large wp-image-6410\" alt=\"\" \/>\t\t\t\t\t\t\t\t<\/a>\n\t\t\t\t\t\t\t\t\t\t\t\t\t\t\t<\/div>\n\t\t\t\t<div class=\"elementor-element elementor-element-3fd9e4f1 elementor-widget elementor-widget-image\" data-id=\"3fd9e4f1\" data-element_type=\"widget\" data-e-type=\"widget\" data-widget_type=\"image.default\">\n\t\t\t\t\t\t\t\t\t\t\t\t\t\t\t<img loading=\"lazy\" decoding=\"async\" width=\"732\" height=\"1024\" src=\"https:\/\/jerznerhof.at\/wp-content\/uploads\/2024\/10\/165_oetztal-paerchen_\u00a9KOTTERSTEGER_210811_KOT_2552-large-732x1024.webp\" class=\"attachment-large size-large wp-image-6400\" alt=\"\" srcset=\"https:\/\/jerznerhof.at\/wp-content\/uploads\/2024\/10\/165_oetztal-paerchen_\u00a9KOTTERSTEGER_210811_KOT_2552-large-732x1024.webp 732w, https:\/\/jerznerhof.at\/wp-content\/uploads\/2024\/10\/165_oetztal-paerchen_\u00a9KOTTERSTEGER_210811_KOT_2552-large-214x300.webp 214w, https:\/\/jerznerhof.at\/wp-content\/uploads\/2024\/10\/165_oetztal-paerchen_\u00a9KOTTERSTEGER_210811_KOT_2552-large-768x1074.webp 768w, https:\/\/jerznerhof.at\/wp-content\/uploads\/2024\/10\/165_oetztal-paerchen_\u00a9KOTTERSTEGER_210811_KOT_2552-large-1098x1536.webp 1098w, https:\/\/jerznerhof.at\/wp-content\/uploads\/2024\/10\/165_oetztal-paerchen_\u00a9KOTTERSTEGER_210811_KOT_2552-large-1464x2048.webp 1464w, https:\/\/jerznerhof.at\/wp-content\/uploads\/2024\/10\/165_oetztal-paerchen_\u00a9KOTTERSTEGER_210811_KOT_2552-large.webp 1532w\" sizes=\"(max-width: 732px) 100vw, 732px\" \/>\t\t\t\t\t\t\t\t\t\t\t\t\t\t\t<\/div>\n\t\t\t\t<\/div>\n\t\t\t\t<\/div>\n\t\t<div class=\"elementor-element elementor-element-73870b38 e-con-full e-flex e-con e-child\" data-id=\"73870b38\" data-element_type=\"container\" data-e-type=\"container\">\n\t\t<div class=\"elementor-element elementor-element-b7ae6d2 e-con-full e-flex e-con e-child\" data-id=\"b7ae6d2\" data-element_type=\"container\" data-e-type=\"container\" data-settings=\"{&quot;motion_fx_motion_fx_scrolling&quot;:&quot;yes&quot;,&quot;motion_fx_translateY_effect&quot;:&quot;yes&quot;,&quot;motion_fx_translateY_speed&quot;:{&quot;unit&quot;:&quot;px&quot;,&quot;size&quot;:&quot;0.5&quot;,&quot;sizes&quot;:[]},&quot;motion_fx_translateY_affectedRange&quot;:{&quot;unit&quot;:&quot;%&quot;,&quot;size&quot;:&quot;&quot;,&quot;sizes&quot;:{&quot;start&quot;:&quot;38&quot;,&quot;end&quot;:&quot;65&quot;}},&quot;motion_fx_opacity_effect&quot;:&quot;yes&quot;,&quot;motion_fx_opacity_direction&quot;:&quot;out-in-out&quot;,&quot;motion_fx_opacity_level&quot;:{&quot;unit&quot;:&quot;px&quot;,&quot;size&quot;:&quot;7.4&quot;,&quot;sizes&quot;:[]},&quot;motion_fx_opacity_range&quot;:{&quot;unit&quot;:&quot;%&quot;,&quot;size&quot;:&quot;&quot;,&quot;sizes&quot;:{&quot;start&quot;:&quot;32&quot;,&quot;end&quot;:&quot;67&quot;}},&quot;motion_fx_devices&quot;:[&quot;desktop&quot;,&quot;laptop&quot;,&quot;tablet_extra&quot;,&quot;tablet&quot;,&quot;mobile_extra&quot;,&quot;mobile&quot;]}\">\n\t\t\t\t<div class=\"elementor-element elementor-element-306f5dc elementor-widget-mobile_extra__width-inherit elementor-widget elementor-widget-image\" data-id=\"306f5dc\" data-element_type=\"widget\" data-e-type=\"widget\" data-widget_type=\"image.default\">\n\t\t\t\t\t\t\t\t\t\t\t\t\t\t\t<img loading=\"lazy\" decoding=\"async\" width=\"732\" height=\"1024\" src=\"https:\/\/jerznerhof.at\/wp-content\/uploads\/2024\/10\/Kase-geschnitten-732x1024.webp\" class=\"attachment-large size-large wp-image-6402\" alt=\"\" srcset=\"https:\/\/jerznerhof.at\/wp-content\/uploads\/2024\/10\/Kase-geschnitten-732x1024.webp 732w, https:\/\/jerznerhof.at\/wp-content\/uploads\/2024\/10\/Kase-geschnitten-214x300.webp 214w, https:\/\/jerznerhof.at\/wp-content\/uploads\/2024\/10\/Kase-geschnitten-768x1075.webp 768w, https:\/\/jerznerhof.at\/wp-content\/uploads\/2024\/10\/Kase-geschnitten-1098x1536.webp 1098w, https:\/\/jerznerhof.at\/wp-content\/uploads\/2024\/10\/Kase-geschnitten-1463x2048.webp 1463w, https:\/\/jerznerhof.at\/wp-content\/uploads\/2024\/10\/Kase-geschnitten-scaled.webp 1829w\" sizes=\"(max-width: 732px) 100vw, 732px\" \/>\t\t\t\t\t\t\t\t\t\t\t\t\t\t\t<\/div>\n\t\t\t\t<\/div>\n\t\t\t\t<div class=\"elementor-element elementor-element-9a16be0 elementor-widget__width-initial elementor-absolute animated-slow elementor-invisible elementor-widget elementor-widget-image\" data-id=\"9a16be0\" data-element_type=\"widget\" data-e-type=\"widget\" data-settings=\"{&quot;_position&quot;:&quot;absolute&quot;,&quot;motion_fx_motion_fx_scrolling&quot;:&quot;yes&quot;,&quot;motion_fx_translateY_effect&quot;:&quot;yes&quot;,&quot;motion_fx_translateY_speed&quot;:{&quot;unit&quot;:&quot;px&quot;,&quot;size&quot;:&quot;0.5&quot;,&quot;sizes&quot;:[]},&quot;motion_fx_translateY_affectedRange&quot;:{&quot;unit&quot;:&quot;%&quot;,&quot;size&quot;:&quot;&quot;,&quot;sizes&quot;:{&quot;start&quot;:&quot;36&quot;,&quot;end&quot;:&quot;66&quot;}},&quot;_animation&quot;:&quot;fadeInUp&quot;,&quot;_animation_delay&quot;:&quot;200&quot;,&quot;motion_fx_devices&quot;:[&quot;desktop&quot;,&quot;laptop&quot;,&quot;tablet_extra&quot;,&quot;tablet&quot;,&quot;mobile_extra&quot;,&quot;mobile&quot;]}\" data-widget_type=\"image.default\">\n\t\t\t\t\t\t\t\t\t\t\t\t\t\t\t\t<a href=\"https:\/\/www.frischemarkt-landeck.at\/de\/\" target=\"_blank\">\n\t\t\t\t\t\t\t<img loading=\"lazy\" decoding=\"async\" width=\"286\" height=\"292\" src=\"https:\/\/jerznerhof.at\/wp-content\/uploads\/2025\/06\/frischemarkt-fr.svg\" class=\"attachment-large size-large wp-image-6414\" alt=\"\" \/>\t\t\t\t\t\t\t\t<\/a>\n\t\t\t\t\t\t\t\t\t\t\t\t\t\t\t<\/div>\n\t\t<div class=\"elementor-element elementor-element-1f471a0f e-con-full e-flex e-con e-child\" data-id=\"1f471a0f\" data-element_type=\"container\" data-e-type=\"container\" data-settings=\"{&quot;motion_fx_motion_fx_scrolling&quot;:&quot;yes&quot;,&quot;motion_fx_translateY_effect&quot;:&quot;yes&quot;,&quot;motion_fx_translateY_direction&quot;:&quot;negative&quot;,&quot;motion_fx_translateY_speed&quot;:{&quot;unit&quot;:&quot;px&quot;,&quot;size&quot;:&quot;0.5&quot;,&quot;sizes&quot;:[]},&quot;motion_fx_translateY_affectedRange&quot;:{&quot;unit&quot;:&quot;%&quot;,&quot;size&quot;:&quot;&quot;,&quot;sizes&quot;:{&quot;start&quot;:&quot;38&quot;,&quot;end&quot;:&quot;66&quot;}},&quot;motion_fx_opacity_effect&quot;:&quot;yes&quot;,&quot;motion_fx_opacity_direction&quot;:&quot;out-in-out&quot;,&quot;motion_fx_opacity_level&quot;:{&quot;unit&quot;:&quot;px&quot;,&quot;size&quot;:&quot;7.4&quot;,&quot;sizes&quot;:[]},&quot;motion_fx_opacity_range&quot;:{&quot;unit&quot;:&quot;%&quot;,&quot;size&quot;:&quot;&quot;,&quot;sizes&quot;:{&quot;start&quot;:&quot;39&quot;,&quot;end&quot;:&quot;62&quot;}},&quot;motion_fx_devices&quot;:[&quot;desktop&quot;,&quot;laptop&quot;,&quot;tablet_extra&quot;,&quot;tablet&quot;,&quot;mobile_extra&quot;,&quot;mobile&quot;]}\">\n\t\t<div class=\"elementor-element elementor-element-85fc3f4 e-con-full e-flex e-con e-child\" data-id=\"85fc3f4\" data-element_type=\"container\" data-e-type=\"container\">\n\t\t\t\t<div class=\"elementor-element elementor-element-7e11c9f9 animated-slow elementor-invisible elementor-widget elementor-widget-heading\" data-id=\"7e11c9f9\" data-element_type=\"widget\" data-e-type=\"widget\" data-settings=\"{&quot;_animation&quot;:&quot;fadeInUp&quot;}\" data-widget_type=\"heading.default\">\n\t\t\t\t\t<h2 class=\"elementor-heading-title elementor-size-default\">Frischemarkt Landeck<\/h2>\t\t\t\t<\/div>\n\t\t\t\t<\/div>\n\t\t\t\t<div class=\"elementor-element elementor-element-28f0ef5a animated-slow elementor-invisible elementor-widget elementor-widget-text-editor\" data-id=\"28f0ef5a\" data-element_type=\"widget\" data-e-type=\"widget\" data-settings=\"{&quot;_animation&quot;:&quot;fadeInUp&quot;}\" data-widget_type=\"text-editor.default\">\n\t\t\t\t\t\t\t\t\t<p>Tous les vendredis, la rue Malserstra\u00dfe de Landeck se transforme en v\u00e9ritable paradis pour gourmets. Le march\u00e9 des produits frais propose toutes sortes de sp\u00e9cialit\u00e9s r\u00e9gionales\u00a0: pain, fruits et l\u00e9gumes frais, fromages et produits faits maison. C\u2019est l\u2019occasion id\u00e9ale pour go\u00fbter \u00e0 une cuisine tyrolienne authentique.<\/p>\n\t\t\t\t\t\t\t\t<\/div>\n\t\t\t\t<\/div>\n\t\t\t\t<\/div>\n\t\t\t\t\t<\/div>\n\t\t\t\t<\/div>\n\t\t\t\t<\/div>\n\t\t<div class=\"elementor-element elementor-element-613fcc8e e-con-full e-flex e-con e-parent\" data-id=\"613fcc8e\" data-element_type=\"container\" data-e-type=\"container\">\n\t\t<div class=\"elementor-element elementor-element-7faa4793 e-flex e-con-boxed e-con e-child\" data-id=\"7faa4793\" data-element_type=\"container\" data-e-type=\"container\" data-settings=\"{&quot;background_background&quot;:&quot;classic&quot;,&quot;motion_fx_motion_fx_scrolling&quot;:&quot;yes&quot;,&quot;motion_fx_opacity_effect&quot;:&quot;yes&quot;,&quot;motion_fx_opacity_direction&quot;:&quot;out-in-out&quot;,&quot;motion_fx_opacity_level&quot;:{&quot;unit&quot;:&quot;px&quot;,&quot;size&quot;:&quot;7&quot;,&quot;sizes&quot;:[]},&quot;motion_fx_opacity_range&quot;:{&quot;unit&quot;:&quot;%&quot;,&quot;size&quot;:&quot;&quot;,&quot;sizes&quot;:{&quot;start&quot;:&quot;38&quot;,&quot;end&quot;:&quot;65&quot;}},&quot;motion_fx_devices&quot;:[&quot;desktop&quot;,&quot;laptop&quot;,&quot;tablet_extra&quot;,&quot;tablet&quot;,&quot;mobile_extra&quot;,&quot;mobile&quot;]}\">\n\t\t\t\t\t<div class=\"e-con-inner\">\n\t\t<div class=\"elementor-element elementor-element-77d12616 e-con-full e-flex e-con e-child\" data-id=\"77d12616\" data-element_type=\"container\" data-e-type=\"container\" data-settings=\"{&quot;motion_fx_motion_fx_scrolling&quot;:&quot;yes&quot;,&quot;motion_fx_opacity_effect&quot;:&quot;yes&quot;,&quot;motion_fx_opacity_direction&quot;:&quot;out-in-out&quot;,&quot;motion_fx_opacity_level&quot;:{&quot;unit&quot;:&quot;px&quot;,&quot;size&quot;:&quot;7&quot;,&quot;sizes&quot;:[]},&quot;motion_fx_opacity_range&quot;:{&quot;unit&quot;:&quot;%&quot;,&quot;size&quot;:&quot;&quot;,&quot;sizes&quot;:{&quot;start&quot;:&quot;38&quot;,&quot;end&quot;:&quot;66&quot;}},&quot;motion_fx_devices&quot;:[&quot;desktop&quot;,&quot;laptop&quot;,&quot;tablet_extra&quot;,&quot;tablet&quot;,&quot;mobile_extra&quot;,&quot;mobile&quot;]}\">\n\t\t<div class=\"elementor-element elementor-element-496d6648 e-con-full e-flex e-con e-child\" data-id=\"496d6648\" data-element_type=\"container\" data-e-type=\"container\" data-settings=\"{&quot;motion_fx_motion_fx_scrolling&quot;:&quot;yes&quot;,&quot;motion_fx_devices&quot;:[&quot;desktop&quot;,&quot;laptop&quot;,&quot;tablet_extra&quot;,&quot;tablet&quot;,&quot;mobile_extra&quot;,&quot;mobile&quot;]}\">\n\t\t<div class=\"elementor-element elementor-element-56efcf4c e-con-full e-flex e-con e-child\" data-id=\"56efcf4c\" data-element_type=\"container\" data-e-type=\"container\" data-settings=\"{&quot;motion_fx_motion_fx_scrolling&quot;:&quot;yes&quot;,&quot;motion_fx_translateY_effect&quot;:&quot;yes&quot;,&quot;motion_fx_translateY_speed&quot;:{&quot;unit&quot;:&quot;px&quot;,&quot;size&quot;:&quot;0.5&quot;,&quot;sizes&quot;:[]},&quot;motion_fx_translateY_affectedRange&quot;:{&quot;unit&quot;:&quot;%&quot;,&quot;size&quot;:&quot;&quot;,&quot;sizes&quot;:{&quot;start&quot;:&quot;38&quot;,&quot;end&quot;:&quot;66&quot;}},&quot;motion_fx_devices&quot;:[&quot;desktop&quot;,&quot;laptop&quot;,&quot;tablet_extra&quot;,&quot;tablet&quot;,&quot;mobile_extra&quot;,&quot;mobile&quot;]}\">\n\t\t\t\t<div class=\"elementor-element elementor-element-46c89d0c animated-slow elementor-invisible elementor-widget elementor-widget-heading\" data-id=\"46c89d0c\" data-element_type=\"widget\" data-e-type=\"widget\" data-settings=\"{&quot;_animation&quot;:&quot;fadeInUp&quot;}\" data-widget_type=\"heading.default\">\n\t\t\t\t\t<h2 class=\"elementor-heading-title elementor-size-default\">Swarovski Kristallwelten<\/h2>\t\t\t\t<\/div>\n\t\t\t\t<\/div>\n\t\t\t\t<div class=\"elementor-element elementor-element-53d052b animated-slow elementor-invisible elementor-widget elementor-widget-text-editor\" data-id=\"53d052b\" data-element_type=\"widget\" data-e-type=\"widget\" data-settings=\"{&quot;motion_fx_motion_fx_scrolling&quot;:&quot;yes&quot;,&quot;motion_fx_translateY_effect&quot;:&quot;yes&quot;,&quot;motion_fx_translateY_speed&quot;:{&quot;unit&quot;:&quot;px&quot;,&quot;size&quot;:&quot;0.5&quot;,&quot;sizes&quot;:[]},&quot;motion_fx_translateY_affectedRange&quot;:{&quot;unit&quot;:&quot;%&quot;,&quot;size&quot;:&quot;&quot;,&quot;sizes&quot;:{&quot;start&quot;:&quot;37&quot;,&quot;end&quot;:&quot;68&quot;}},&quot;_animation&quot;:&quot;fadeInUp&quot;,&quot;motion_fx_devices&quot;:[&quot;desktop&quot;,&quot;laptop&quot;,&quot;tablet_extra&quot;,&quot;tablet&quot;,&quot;mobile_extra&quot;,&quot;mobile&quot;]}\" data-widget_type=\"text-editor.default\">\n\t\t\t\t\t\t\t\t\t<p>\u00c0 Wattens, d\u00e9couvrez un univers incomparable fait de cristaux aux mille \u00e9clats et d\u2019impressionnantes structures artistiques. N\u2019attendez plus\u00a0! Plongez dans le monde enchanteur des cristaux Swarovski.<\/p>\n\t\t\t\t\t\t\t\t<\/div>\n\t\t\t\t<div class=\"elementor-element elementor-element-2dfe29e8 btn-white-beige animated-slow elementor-invisible elementor-widget elementor-widget-button\" data-id=\"2dfe29e8\" data-element_type=\"widget\" data-e-type=\"widget\" data-settings=\"{&quot;motion_fx_motion_fx_scrolling&quot;:&quot;yes&quot;,&quot;motion_fx_translateY_effect&quot;:&quot;yes&quot;,&quot;motion_fx_translateY_speed&quot;:{&quot;unit&quot;:&quot;px&quot;,&quot;size&quot;:&quot;0.5&quot;,&quot;sizes&quot;:[]},&quot;motion_fx_translateY_affectedRange&quot;:{&quot;unit&quot;:&quot;%&quot;,&quot;size&quot;:&quot;&quot;,&quot;sizes&quot;:{&quot;start&quot;:&quot;36&quot;,&quot;end&quot;:&quot;66&quot;}},&quot;_animation&quot;:&quot;fadeInUp&quot;,&quot;motion_fx_devices&quot;:[&quot;desktop&quot;,&quot;laptop&quot;,&quot;tablet_extra&quot;,&quot;tablet&quot;,&quot;mobile_extra&quot;,&quot;mobile&quot;]}\" data-widget_type=\"button.default\">\n\t\t\t\t\t\t\t\t\t\t<a class=\"elementor-button elementor-button-link elementor-size-sm\" href=\"https:\/\/kristallwelten.swarovski.com\/Content.Node\/wattens\/index.fr.html\" target=\"_blank\">\n\t\t\t\t\t\t<span class=\"elementor-button-content-wrapper\">\n\t\t\t\t\t\t\t\t\t<span class=\"elementor-button-text\">Un univers de scintillements <\/span>\n\t\t\t\t\t<\/span>\n\t\t\t\t\t<\/a>\n\t\t\t\t\t\t\t\t<\/div>\n\t\t\t\t<\/div>\n\t\t\t\t<div class=\"elementor-element elementor-element-53411e95 elementor-widget elementor-widget-image\" data-id=\"53411e95\" data-element_type=\"widget\" data-e-type=\"widget\" data-widget_type=\"image.default\">\n\t\t\t\t\t\t\t\t\t\t\t\t\t\t\t<img loading=\"lazy\" decoding=\"async\" width=\"800\" height=\"572\" src=\"https:\/\/jerznerhof.at\/wp-content\/uploads\/2024\/10\/Wattens-Swarovski-Kristallwelten_Tirol-Werbung_Schels-Sebastian_Wattens-1024x732.jpg\" class=\"attachment-large size-large wp-image-6408\" alt=\"\" srcset=\"https:\/\/jerznerhof.at\/wp-content\/uploads\/2024\/10\/Wattens-Swarovski-Kristallwelten_Tirol-Werbung_Schels-Sebastian_Wattens-1024x732.jpg 1024w, https:\/\/jerznerhof.at\/wp-content\/uploads\/2024\/10\/Wattens-Swarovski-Kristallwelten_Tirol-Werbung_Schels-Sebastian_Wattens-300x214.jpg 300w, https:\/\/jerznerhof.at\/wp-content\/uploads\/2024\/10\/Wattens-Swarovski-Kristallwelten_Tirol-Werbung_Schels-Sebastian_Wattens-768x549.jpg 768w, https:\/\/jerznerhof.at\/wp-content\/uploads\/2024\/10\/Wattens-Swarovski-Kristallwelten_Tirol-Werbung_Schels-Sebastian_Wattens-1536x1097.jpg 1536w, https:\/\/jerznerhof.at\/wp-content\/uploads\/2024\/10\/Wattens-Swarovski-Kristallwelten_Tirol-Werbung_Schels-Sebastian_Wattens.jpg 2000w\" sizes=\"(max-width: 800px) 100vw, 800px\" \/>\t\t\t\t\t\t\t\t\t\t\t\t\t\t\t<\/div>\n\t\t\t\t<\/div>\n\t\t<div class=\"elementor-element elementor-element-49de0d9c e-con-full e-flex e-con e-child\" data-id=\"49de0d9c\" data-element_type=\"container\" data-e-type=\"container\" data-settings=\"{&quot;motion_fx_motion_fx_scrolling&quot;:&quot;yes&quot;,&quot;motion_fx_opacity_effect&quot;:&quot;yes&quot;,&quot;motion_fx_opacity_direction&quot;:&quot;out-in-out&quot;,&quot;motion_fx_opacity_level&quot;:{&quot;unit&quot;:&quot;px&quot;,&quot;size&quot;:&quot;7&quot;,&quot;sizes&quot;:[]},&quot;motion_fx_opacity_range&quot;:{&quot;unit&quot;:&quot;%&quot;,&quot;size&quot;:&quot;&quot;,&quot;sizes&quot;:{&quot;start&quot;:&quot;36&quot;,&quot;end&quot;:&quot;66&quot;}},&quot;motion_fx_devices&quot;:[&quot;desktop&quot;,&quot;laptop&quot;,&quot;tablet_extra&quot;,&quot;tablet&quot;,&quot;mobile_extra&quot;,&quot;mobile&quot;]}\">\n\t\t\t\t<div class=\"elementor-element elementor-element-21545672 elementor-widget elementor-widget-image\" data-id=\"21545672\" data-element_type=\"widget\" data-e-type=\"widget\" data-widget_type=\"image.default\">\n\t\t\t\t\t\t\t\t\t\t\t\t\t\t\t<img loading=\"lazy\" decoding=\"async\" width=\"732\" height=\"1024\" src=\"https:\/\/jerznerhof.at\/wp-content\/uploads\/2024\/10\/Wattens-Swarovski-Kristallwelten_Tirol-Werbung_Schels-Sebastian_Wattens-732x1024.webp\" class=\"attachment-large size-large wp-image-6406\" alt=\"\" srcset=\"https:\/\/jerznerhof.at\/wp-content\/uploads\/2024\/10\/Wattens-Swarovski-Kristallwelten_Tirol-Werbung_Schels-Sebastian_Wattens-732x1024.webp 732w, https:\/\/jerznerhof.at\/wp-content\/uploads\/2024\/10\/Wattens-Swarovski-Kristallwelten_Tirol-Werbung_Schels-Sebastian_Wattens-214x300.webp 214w, https:\/\/jerznerhof.at\/wp-content\/uploads\/2024\/10\/Wattens-Swarovski-Kristallwelten_Tirol-Werbung_Schels-Sebastian_Wattens-768x1075.webp 768w, https:\/\/jerznerhof.at\/wp-content\/uploads\/2024\/10\/Wattens-Swarovski-Kristallwelten_Tirol-Werbung_Schels-Sebastian_Wattens-1098x1536.webp 1098w, https:\/\/jerznerhof.at\/wp-content\/uploads\/2024\/10\/Wattens-Swarovski-Kristallwelten_Tirol-Werbung_Schels-Sebastian_Wattens-1464x2048.webp 1464w, https:\/\/jerznerhof.at\/wp-content\/uploads\/2024\/10\/Wattens-Swarovski-Kristallwelten_Tirol-Werbung_Schels-Sebastian_Wattens-scaled.webp 1829w\" sizes=\"(max-width: 732px) 100vw, 732px\" \/>\t\t\t\t\t\t\t\t\t\t\t\t\t\t\t<\/div>\n\t\t\t\t<\/div>\n\t\t\t\t\t<\/div>\n\t\t\t\t<\/div>\n\t\t\t\t<\/div>\n\t\t<div class=\"elementor-element elementor-element-46047579 e-flex e-con-boxed e-con e-parent\" data-id=\"46047579\" data-element_type=\"container\" data-e-type=\"container\">\n\t\t\t\t\t<div class=\"e-con-inner\">\n\t\t\t\t<div class=\"elementor-element elementor-element-66f3c672 btn-blue-beige animated-slow elementor-invisible elementor-widget elementor-widget-button\" data-id=\"66f3c672\" data-element_type=\"widget\" data-e-type=\"widget\" data-settings=\"{&quot;_animation&quot;:&quot;fadeInUp&quot;}\" data-widget_type=\"button.default\">\n\t\t\t\t\t\t\t\t\t\t<a class=\"elementor-button elementor-button-link elementor-size-sm\" href=\"https:\/\/jerznerhof.at\/fr\/pitztal-et-au-dela\/\">\n\t\t\t\t\t\t<span class=\"elementor-button-content-wrapper\">\n\t\t\t\t\t\t\t\t\t<span class=\"elementor-button-text\">Accueil<\/span>\n\t\t\t\t\t<\/span>\n\t\t\t\t\t<\/a>\n\t\t\t\t\t\t\t\t<\/div>\n\t\t\t\t\t<\/div>\n\t\t\t\t<\/div>\n\t\t\t\t<\/div>\n\t\t","protected":false},"excerpt":{"rendered":"<p>https:\/\/jerznerhof.at\/wp-content\/uploads\/2024\/10\/erleben.mp4 Montagnes, lacs et libert\u00e9 \u00c9t\u00e9 Partir en randonn\u00e9e pour conqu\u00e9rir de nouveaux sommets, sillonner les vall\u00e9es \u00e0 v\u00e9lo ou simplement respirer \u00e0 pleins poumons l\u2019air frais des montagnes&#8230; Dans le Pitztal, chaque journ\u00e9e d\u2019\u00e9t\u00e9 est une nouvelle exp\u00e9rience. Offres d\u2019\u00e9t\u00e9 exclusives Aventures d\u2019\u00e9t\u00e9 dans le Hochzeiger Cet \u00e9t\u00e9, le Hochzeiger vous invite \u00e0 la [&hellip;]<\/p>\n","protected":false},"author":1,"featured_media":0,"parent":8212,"menu_order":16,"comment_status":"closed","ping_status":"closed","template":"","meta":{"_acf_changed":false,"footnotes":""},"class_list":["post-8199","page","type-page","status-publish","hentry"],"acf":[],"yoast_head":"<!-- This site is optimized with the Yoast SEO plugin v27.5 - https:\/\/yoast.com\/product\/yoast-seo-wordpress\/ -->\n<title>L\u2019\u00e9t\u00e9 au Pitztal\u00a0| Vacances au Tyrol\u00a0| Vacances d\u2019\u00e9t\u00e9\u00a0| Bien-\u00eatre<\/title>\n<meta name=\"description\" content=\"Randonn\u00e9es, v\u00e9lo ou simple escapade pour respirer l\u2019air des montagnes. L\u2019\u00e9t\u00e9 dans le Pitztal est une saison hors du commun.\" \/>\n<meta name=\"robots\" content=\"index, follow, max-snippet:-1, max-image-preview:large, max-video-preview:-1\" \/>\n<link rel=\"canonical\" href=\"https:\/\/jerznerhof.at\/fr\/pitztal-et-au-dela\/ete\/\" \/>\n<meta property=\"og:locale\" content=\"fr_FR\" \/>\n<meta property=\"og:type\" content=\"article\" \/>\n<meta property=\"og:title\" content=\"L\u2019\u00e9t\u00e9 au Pitztal\u00a0| Vacances au Tyrol\u00a0| Vacances d\u2019\u00e9t\u00e9\u00a0| Bien-\u00eatre\" \/>\n<meta property=\"og:description\" content=\"Randonn\u00e9es, v\u00e9lo ou simple escapade pour respirer l\u2019air des montagnes. L\u2019\u00e9t\u00e9 dans le Pitztal est une saison hors du commun.\" \/>\n<meta property=\"og:url\" content=\"https:\/\/jerznerhof.at\/fr\/pitztal-et-au-dela\/ete\/\" \/>\n<meta property=\"og:site_name\" content=\"Jerzner Hof****s\" \/>\n<meta property=\"article:modified_time\" content=\"2025-09-29T11:57:58+00:00\" \/>\n<meta name=\"twitter:card\" content=\"summary_large_image\" \/>\n<meta name=\"twitter:label1\" content=\"Dur\u00e9e de lecture estim\u00e9e\" \/>\n\t<meta name=\"twitter:data1\" content=\"6 minutes\" \/>\n<script type=\"application\/ld+json\" class=\"yoast-schema-graph\">{\"@context\":\"https:\\\/\\\/schema.org\",\"@graph\":[{\"@type\":\"WebPage\",\"@id\":\"https:\\\/\\\/jerznerhof.at\\\/fr\\\/pitztal-et-au-dela\\\/ete\\\/\",\"url\":\"https:\\\/\\\/jerznerhof.at\\\/fr\\\/pitztal-et-au-dela\\\/ete\\\/\",\"name\":\"L\u2019\u00e9t\u00e9 au Pitztal\u00a0| Vacances au Tyrol\u00a0| Vacances d\u2019\u00e9t\u00e9\u00a0| Bien-\u00eatre\",\"isPartOf\":{\"@id\":\"https:\\\/\\\/jerznerhof.at\\\/fr\\\/#website\"},\"primaryImageOfPage\":{\"@id\":\"https:\\\/\\\/jerznerhof.at\\\/fr\\\/pitztal-et-au-dela\\\/ete\\\/#primaryimage\"},\"image\":{\"@id\":\"https:\\\/\\\/jerznerhof.at\\\/fr\\\/pitztal-et-au-dela\\\/ete\\\/#primaryimage\"},\"thumbnailUrl\":\"https:\\\/\\\/jerznerhof.at\\\/wp-content\\\/uploads\\\/2024\\\/10\\\/erleben-raute.svg\",\"datePublished\":\"2024-09-30T13:34:17+00:00\",\"dateModified\":\"2025-09-29T11:57:58+00:00\",\"description\":\"Randonn\u00e9es, v\u00e9lo ou simple escapade pour respirer l\u2019air des montagnes. L\u2019\u00e9t\u00e9 dans le Pitztal est une saison hors du commun.\",\"breadcrumb\":{\"@id\":\"https:\\\/\\\/jerznerhof.at\\\/fr\\\/pitztal-et-au-dela\\\/ete\\\/#breadcrumb\"},\"inLanguage\":\"fr-FR\",\"potentialAction\":[{\"@type\":\"ReadAction\",\"target\":[\"https:\\\/\\\/jerznerhof.at\\\/fr\\\/pitztal-et-au-dela\\\/ete\\\/\"]}]},{\"@type\":\"ImageObject\",\"inLanguage\":\"fr-FR\",\"@id\":\"https:\\\/\\\/jerznerhof.at\\\/fr\\\/pitztal-et-au-dela\\\/ete\\\/#primaryimage\",\"url\":\"https:\\\/\\\/jerznerhof.at\\\/wp-content\\\/uploads\\\/2024\\\/10\\\/erleben-raute.svg\",\"contentUrl\":\"https:\\\/\\\/jerznerhof.at\\\/wp-content\\\/uploads\\\/2024\\\/10\\\/erleben-raute.svg\"},{\"@type\":\"BreadcrumbList\",\"@id\":\"https:\\\/\\\/jerznerhof.at\\\/fr\\\/pitztal-et-au-dela\\\/ete\\\/#breadcrumb\",\"itemListElement\":[{\"@type\":\"ListItem\",\"position\":1,\"name\":\"Startseite\",\"item\":\"https:\\\/\\\/jerznerhof.at\\\/fr\\\/\"},{\"@type\":\"ListItem\",\"position\":2,\"name\":\"Pitztal et au-del\u00e0\",\"item\":\"https:\\\/\\\/jerznerhof.at\\\/fr\\\/pitztal-et-au-dela\\\/\"},{\"@type\":\"ListItem\",\"position\":3,\"name\":\"\u00c9t\u00e9\"}]},{\"@type\":\"WebSite\",\"@id\":\"https:\\\/\\\/jerznerhof.at\\\/fr\\\/#website\",\"url\":\"https:\\\/\\\/jerznerhof.at\\\/fr\\\/\",\"name\":\"Jerzner Hof****s\",\"description\":\"Wellnesshotel im Pitztal\",\"publisher\":{\"@id\":\"https:\\\/\\\/jerznerhof.at\\\/fr\\\/#organization\"},\"potentialAction\":[{\"@type\":\"SearchAction\",\"target\":{\"@type\":\"EntryPoint\",\"urlTemplate\":\"https:\\\/\\\/jerznerhof.at\\\/fr\\\/?s={search_term_string}\"},\"query-input\":{\"@type\":\"PropertyValueSpecification\",\"valueRequired\":true,\"valueName\":\"search_term_string\"}}],\"inLanguage\":\"fr-FR\"},{\"@type\":\"Organization\",\"@id\":\"https:\\\/\\\/jerznerhof.at\\\/fr\\\/#organization\",\"name\":\"Jerzner Hof****s\",\"url\":\"https:\\\/\\\/jerznerhof.at\\\/fr\\\/\",\"logo\":{\"@type\":\"ImageObject\",\"inLanguage\":\"fr-FR\",\"@id\":\"https:\\\/\\\/jerznerhof.at\\\/fr\\\/#\\\/schema\\\/logo\\\/image\\\/\",\"url\":\"https:\\\/\\\/jerznerhof.at\\\/wp-content\\\/uploads\\\/2024\\\/10\\\/2024_Logo_Jerzner-Hof_Logo-mit-Sterne-Superior_hell.svg\",\"contentUrl\":\"https:\\\/\\\/jerznerhof.at\\\/wp-content\\\/uploads\\\/2024\\\/10\\\/2024_Logo_Jerzner-Hof_Logo-mit-Sterne-Superior_hell.svg\",\"width\":300,\"height\":225,\"caption\":\"Jerzner Hof****s\"},\"image\":{\"@id\":\"https:\\\/\\\/jerznerhof.at\\\/fr\\\/#\\\/schema\\\/logo\\\/image\\\/\"}}]}<\/script>\n<!-- \/ Yoast SEO plugin. -->","yoast_head_json":{"title":"L\u2019\u00e9t\u00e9 au Pitztal\u00a0| Vacances au Tyrol\u00a0| Vacances d\u2019\u00e9t\u00e9\u00a0| Bien-\u00eatre","description":"Randonn\u00e9es, v\u00e9lo ou simple escapade pour respirer l\u2019air des montagnes. L\u2019\u00e9t\u00e9 dans le Pitztal est une saison hors du commun.","robots":{"index":"index","follow":"follow","max-snippet":"max-snippet:-1","max-image-preview":"max-image-preview:large","max-video-preview":"max-video-preview:-1"},"canonical":"https:\/\/jerznerhof.at\/fr\/pitztal-et-au-dela\/ete\/","og_locale":"fr_FR","og_type":"article","og_title":"L\u2019\u00e9t\u00e9 au Pitztal\u00a0| Vacances au Tyrol\u00a0| Vacances d\u2019\u00e9t\u00e9\u00a0| Bien-\u00eatre","og_description":"Randonn\u00e9es, v\u00e9lo ou simple escapade pour respirer l\u2019air des montagnes. L\u2019\u00e9t\u00e9 dans le Pitztal est une saison hors du commun.","og_url":"https:\/\/jerznerhof.at\/fr\/pitztal-et-au-dela\/ete\/","og_site_name":"Jerzner Hof****s","article_modified_time":"2025-09-29T11:57:58+00:00","twitter_card":"summary_large_image","twitter_misc":{"Dur\u00e9e de lecture estim\u00e9e":"6 minutes"},"schema":{"@context":"https:\/\/schema.org","@graph":[{"@type":"WebPage","@id":"https:\/\/jerznerhof.at\/fr\/pitztal-et-au-dela\/ete\/","url":"https:\/\/jerznerhof.at\/fr\/pitztal-et-au-dela\/ete\/","name":"L\u2019\u00e9t\u00e9 au Pitztal\u00a0| Vacances au Tyrol\u00a0| Vacances d\u2019\u00e9t\u00e9\u00a0| Bien-\u00eatre","isPartOf":{"@id":"https:\/\/jerznerhof.at\/fr\/#website"},"primaryImageOfPage":{"@id":"https:\/\/jerznerhof.at\/fr\/pitztal-et-au-dela\/ete\/#primaryimage"},"image":{"@id":"https:\/\/jerznerhof.at\/fr\/pitztal-et-au-dela\/ete\/#primaryimage"},"thumbnailUrl":"https:\/\/jerznerhof.at\/wp-content\/uploads\/2024\/10\/erleben-raute.svg","datePublished":"2024-09-30T13:34:17+00:00","dateModified":"2025-09-29T11:57:58+00:00","description":"Randonn\u00e9es, v\u00e9lo ou simple escapade pour respirer l\u2019air des montagnes. L\u2019\u00e9t\u00e9 dans le Pitztal est une saison hors du commun.","breadcrumb":{"@id":"https:\/\/jerznerhof.at\/fr\/pitztal-et-au-dela\/ete\/#breadcrumb"},"inLanguage":"fr-FR","potentialAction":[{"@type":"ReadAction","target":["https:\/\/jerznerhof.at\/fr\/pitztal-et-au-dela\/ete\/"]}]},{"@type":"ImageObject","inLanguage":"fr-FR","@id":"https:\/\/jerznerhof.at\/fr\/pitztal-et-au-dela\/ete\/#primaryimage","url":"https:\/\/jerznerhof.at\/wp-content\/uploads\/2024\/10\/erleben-raute.svg","contentUrl":"https:\/\/jerznerhof.at\/wp-content\/uploads\/2024\/10\/erleben-raute.svg"},{"@type":"BreadcrumbList","@id":"https:\/\/jerznerhof.at\/fr\/pitztal-et-au-dela\/ete\/#breadcrumb","itemListElement":[{"@type":"ListItem","position":1,"name":"Startseite","item":"https:\/\/jerznerhof.at\/fr\/"},{"@type":"ListItem","position":2,"name":"Pitztal et au-del\u00e0","item":"https:\/\/jerznerhof.at\/fr\/pitztal-et-au-dela\/"},{"@type":"ListItem","position":3,"name":"\u00c9t\u00e9"}]},{"@type":"WebSite","@id":"https:\/\/jerznerhof.at\/fr\/#website","url":"https:\/\/jerznerhof.at\/fr\/","name":"Jerzner Hof****s","description":"Wellnesshotel im Pitztal","publisher":{"@id":"https:\/\/jerznerhof.at\/fr\/#organization"},"potentialAction":[{"@type":"SearchAction","target":{"@type":"EntryPoint","urlTemplate":"https:\/\/jerznerhof.at\/fr\/?s={search_term_string}"},"query-input":{"@type":"PropertyValueSpecification","valueRequired":true,"valueName":"search_term_string"}}],"inLanguage":"fr-FR"},{"@type":"Organization","@id":"https:\/\/jerznerhof.at\/fr\/#organization","name":"Jerzner Hof****s","url":"https:\/\/jerznerhof.at\/fr\/","logo":{"@type":"ImageObject","inLanguage":"fr-FR","@id":"https:\/\/jerznerhof.at\/fr\/#\/schema\/logo\/image\/","url":"https:\/\/jerznerhof.at\/wp-content\/uploads\/2024\/10\/2024_Logo_Jerzner-Hof_Logo-mit-Sterne-Superior_hell.svg","contentUrl":"https:\/\/jerznerhof.at\/wp-content\/uploads\/2024\/10\/2024_Logo_Jerzner-Hof_Logo-mit-Sterne-Superior_hell.svg","width":300,"height":225,"caption":"Jerzner Hof****s"},"image":{"@id":"https:\/\/jerznerhof.at\/fr\/#\/schema\/logo\/image\/"}}]}},"_links":{"self":[{"href":"https:\/\/jerznerhof.at\/fr\/wp-json\/wp\/v2\/pages\/8199","targetHints":{"allow":["GET"]}}],"collection":[{"href":"https:\/\/jerznerhof.at\/fr\/wp-json\/wp\/v2\/pages"}],"about":[{"href":"https:\/\/jerznerhof.at\/fr\/wp-json\/wp\/v2\/types\/page"}],"author":[{"embeddable":true,"href":"https:\/\/jerznerhof.at\/fr\/wp-json\/wp\/v2\/users\/1"}],"replies":[{"embeddable":true,"href":"https:\/\/jerznerhof.at\/fr\/wp-json\/wp\/v2\/comments?post=8199"}],"version-history":[{"count":14,"href":"https:\/\/jerznerhof.at\/fr\/wp-json\/wp\/v2\/pages\/8199\/revisions"}],"predecessor-version":[{"id":9703,"href":"https:\/\/jerznerhof.at\/fr\/wp-json\/wp\/v2\/pages\/8199\/revisions\/9703"}],"up":[{"embeddable":true,"href":"https:\/\/jerznerhof.at\/fr\/wp-json\/wp\/v2\/pages\/8212"}],"wp:attachment":[{"href":"https:\/\/jerznerhof.at\/fr\/wp-json\/wp\/v2\/media?parent=8199"}],"curies":[{"name":"wp","href":"https:\/\/api.w.org\/{rel}","templated":true}]}}