{"id":8183,"date":"2024-09-30T13:38:22","date_gmt":"2024-09-30T13:38:22","guid":{"rendered":"https:\/\/jerznerhof.at\/hochzeiger-rockt\/"},"modified":"2026-04-01T14:13:27","modified_gmt":"2026-04-01T14:13:27","slug":"hochzeiger-rockt","status":"publish","type":"page","link":"https:\/\/jerznerhof.at\/fr\/evenements\/hochzeiger-rockt\/","title":{"rendered":"Ouverture de l\u2019\u00e9t\u00e9 \u00e0 Hochzeiger"},"content":{"rendered":"\t\t<div data-elementor-type=\"wp-page\" data-elementor-id=\"8183\" class=\"elementor elementor-8183 elementor-60\" data-elementor-post-type=\"page\">\n\t\t\t\t<div class=\"elementor-element elementor-element-1735cbb7 e-flex e-con-boxed e-con e-parent\" data-id=\"1735cbb7\" data-element_type=\"container\" data-e-type=\"container\">\n\t\t\t\t\t<div class=\"e-con-inner\">\n\t\t<div class=\"elementor-element elementor-element-15f9e994 e-con-full e-flex e-con e-child\" data-id=\"15f9e994\" data-element_type=\"container\" data-e-type=\"container\">\n\t\t\t\t<div class=\"elementor-element elementor-element-7e34d8cf elementor-widget elementor-widget-heading\" data-id=\"7e34d8cf\" data-element_type=\"widget\" data-e-type=\"widget\" data-widget_type=\"heading.default\">\n\t\t\t\t\t<h1 class=\"elementor-heading-title elementor-size-default\">Ouverture de l\u2019\u00e9t\u00e9 \u00e0 Hochzeiger<\/h1>\t\t\t\t<\/div>\n\t\t\t\t<div class=\"elementor-element elementor-element-32ade73 elementor-widget elementor-widget-heading\" data-id=\"32ade73\" data-element_type=\"widget\" data-e-type=\"widget\" data-widget_type=\"heading.default\">\n\t\t\t\t\t<h1 class=\"elementor-heading-title elementor-size-default\">Un lancement plein d\u2019ambiance de la saison estivale 2026<\/h1>\t\t\t\t<\/div>\n\t\t\t\t<\/div>\n\t\t\t\t<div class=\"elementor-element elementor-element-4fefefad link-beige elementor-widget elementor-widget-text-editor\" data-id=\"4fefefad\" data-element_type=\"widget\" data-e-type=\"widget\" data-widget_type=\"text-editor.default\">\n\t\t\t\t\t\t\t\t\t<p data-start=\"0\" data-end=\"81\"><strong data-start=\"0\" data-end=\"79\">Dimanche 21 juin 2026 | Domaine de randonn\u00e9e Hochzeiger \u2013 Restaurant Zeiger<\/strong><\/p>\n<p><\/p>\n<p data-start=\"83\" data-end=\"378\">Bient\u00f4t, la nouvelle saison de randonn\u00e9e commencera en musique \u00e0 Hochzeiger ! \u00c0 partir de 11h30, profitez de musique live et de divertissements avec les Oberleinern &amp; Friends au restaurant Zeiger \u00e0 la station interm\u00e9diaire, ainsi que de sp\u00e9cialit\u00e9s grill\u00e9es et d\u2019un g\u00e9n\u00e9reux buffet de g\u00e2teaux.<\/p>\n<p><\/p>\n<p data-start=\"380\" data-end=\"614\">Un petit bonus pour les enfants : les portes de notre boulangerie s\u2019ouvrent \u00e0 nouveau et les plus jeunes peuvent, de 13h00 \u00e0 16h00, d\u00e9corer des biscuits et les emporter chez eux \u2013 une excellente occasion pour une sortie en famille !<\/p>\n<p><\/p>\n<p data-start=\"616\" data-end=\"920\">Billets de remont\u00e9es m\u00e9caniques \u00e0 tarif r\u00e9duit disponibles le 21\/06\/2026 ! Le billet journ\u00e9e (valable pour les trois remont\u00e9es estivales du Hochzeiger) est propos\u00e9 au tarif sp\u00e9cial de 15 \u20ac pour les adultes. Les enfants n\u00e9s en 2011 et apr\u00e8s b\u00e9n\u00e9ficient d\u2019un acc\u00e8s gratuit. Pi\u00e8ce d\u2019identit\u00e9 obligatoire !<\/p>\n<p><\/p>\n<p data-start=\"922\" data-end=\"937\"><strong data-start=\"922\" data-end=\"935\">Programme<\/strong><\/p>\n<ul data-start=\"939\" data-end=\"1416\" data-is-last-node=\"\" data-is-only-node=\"\">\n<li data-section-id=\"xmc4j1\" data-start=\"939\" data-end=\"1067\">De 11h30 \u00e0 environ 14h30 \u2013 Musique et animations avec les Oberleinern &amp; Friends au restaurant Zeiger \u2013 station interm\u00e9diaire<\/li>\n<li data-section-id=\"ppuo53\" data-start=\"1068\" data-end=\"1283\">De 13h00 \u00e0 16h00 \u2013 Journ\u00e9e portes ouvertes de la boulangerie pour enfants au restaurant Zeiger :<br data-start=\"1166\" data-end=\"1169\" \/>La p\u00e2tisserie interne ouvre ses portes. Les petits visiteurs peuvent pr\u00e9parer, d\u00e9corer et d\u00e9guster des biscuits.<\/li>\n<li data-section-id=\"1xfvn68\" data-start=\"1284\" data-end=\"1372\">Sp\u00e9cialit\u00e9s grill\u00e9es et g\u00e2teaux maison de la p\u00e2tisserie interne au restaurant Zeiger<\/li>\n<li data-section-id=\"13g1ibr\" data-start=\"1373\" data-end=\"1416\" data-is-last-node=\"\">Pistes pour v\u00e9los et Zirbencarts ouvertes<\/li>\n<\/ul>\n\t\t\t\t\t\t\t\t<\/div>\n\t\t\t\t<div class=\"elementor-element elementor-element-6c612c51 elementor-widget elementor-widget-image\" data-id=\"6c612c51\" data-element_type=\"widget\" data-e-type=\"widget\" data-widget_type=\"image.default\">\n\t\t\t\t\t\t\t\t\t\t\t\t\t\t\t<img fetchpriority=\"high\" decoding=\"async\" width=\"768\" height=\"512\" src=\"https:\/\/jerznerhof.at\/wp-content\/uploads\/2026\/04\/medium-bergbahnen-hochzeiger-zeigerrestaurant-4-\u00a9-TVB-Pitztal-Severin-Wegener-768x512.jpg\" class=\"attachment-medium_large size-medium_large wp-image-10708\" alt=\"\" srcset=\"https:\/\/jerznerhof.at\/wp-content\/uploads\/2026\/04\/medium-bergbahnen-hochzeiger-zeigerrestaurant-4-\u00a9-TVB-Pitztal-Severin-Wegener-768x512.jpg 768w, https:\/\/jerznerhof.at\/wp-content\/uploads\/2026\/04\/medium-bergbahnen-hochzeiger-zeigerrestaurant-4-\u00a9-TVB-Pitztal-Severin-Wegener-300x200.jpg 300w, https:\/\/jerznerhof.at\/wp-content\/uploads\/2026\/04\/medium-bergbahnen-hochzeiger-zeigerrestaurant-4-\u00a9-TVB-Pitztal-Severin-Wegener-1024x683.jpg 1024w, https:\/\/jerznerhof.at\/wp-content\/uploads\/2026\/04\/medium-bergbahnen-hochzeiger-zeigerrestaurant-4-\u00a9-TVB-Pitztal-Severin-Wegener-1536x1024.jpg 1536w, https:\/\/jerznerhof.at\/wp-content\/uploads\/2026\/04\/medium-bergbahnen-hochzeiger-zeigerrestaurant-4-\u00a9-TVB-Pitztal-Severin-Wegener.jpg 1920w\" sizes=\"(max-width: 768px) 100vw, 768px\" \/>\t\t\t\t\t\t\t\t\t\t\t\t\t\t\t<\/div>\n\t\t<div class=\"elementor-element elementor-element-6cac547f e-flex e-con-boxed e-con e-child\" data-id=\"6cac547f\" data-element_type=\"container\" data-e-type=\"container\">\n\t\t\t\t\t<div class=\"e-con-inner\">\n\t\t\t\t\t<\/div>\n\t\t\t\t<\/div>\n\t\t\t\t\t<\/div>\n\t\t\t\t<\/div>\n\t\t\t\t<\/div>\n\t\t","protected":false},"excerpt":{"rendered":"<p>Ouverture de l\u2019\u00e9t\u00e9 \u00e0 Hochzeiger Un lancement plein d\u2019ambiance de la saison estivale 2026 Dimanche 21 juin 2026 | Domaine de randonn\u00e9e Hochzeiger \u2013 Restaurant Zeiger Bient\u00f4t, la nouvelle saison de randonn\u00e9e commencera en musique \u00e0 Hochzeiger ! \u00c0 partir de 11h30, profitez de musique live et de divertissements avec les Oberleinern &amp; Friends au [&hellip;]<\/p>\n","protected":false},"author":1,"featured_media":0,"parent":8192,"menu_order":25,"comment_status":"closed","ping_status":"closed","template":"","meta":{"_acf_changed":false,"footnotes":""},"class_list":["post-8183","page","type-page","status-publish","hentry"],"acf":[],"yoast_head":"<!-- This site is optimized with the Yoast SEO plugin v27.5 - https:\/\/yoast.com\/product\/yoast-seo-wordpress\/ -->\n<title>Ouverture de l\u2019\u00e9t\u00e9 2026 \u00e0 Hochzeiger | Musique live<\/title>\n<meta name=\"description\" content=\"Le 21 juin 2026, le domaine de randonn\u00e9e Hochzeiger ouvre la nouvelle saison estivale 2026 ! Une ambiance au top avec de la musique live est garantie !\" \/>\n<meta name=\"robots\" content=\"index, follow, max-snippet:-1, max-image-preview:large, max-video-preview:-1\" \/>\n<link rel=\"canonical\" href=\"https:\/\/jerznerhof.at\/fr\/evenements\/hochzeiger-rockt\/\" \/>\n<meta property=\"og:locale\" content=\"fr_FR\" \/>\n<meta property=\"og:type\" content=\"article\" \/>\n<meta property=\"og:title\" content=\"Ouverture de l\u2019\u00e9t\u00e9 2026 \u00e0 Hochzeiger | Musique live\" \/>\n<meta property=\"og:description\" content=\"Le 21 juin 2026, le domaine de randonn\u00e9e Hochzeiger ouvre la nouvelle saison estivale 2026 ! Une ambiance au top avec de la musique live est garantie !\" \/>\n<meta property=\"og:url\" content=\"https:\/\/jerznerhof.at\/fr\/evenements\/hochzeiger-rockt\/\" \/>\n<meta property=\"og:site_name\" content=\"Jerzner Hof****s\" \/>\n<meta property=\"article:modified_time\" content=\"2026-04-01T14:13:27+00:00\" \/>\n<meta name=\"twitter:card\" content=\"summary_large_image\" \/>\n<meta name=\"twitter:label1\" content=\"Dur\u00e9e de lecture estim\u00e9e\" \/>\n\t<meta name=\"twitter:data1\" content=\"1 minute\" \/>\n<script type=\"application\/ld+json\" class=\"yoast-schema-graph\">{\"@context\":\"https:\\\/\\\/schema.org\",\"@graph\":[{\"@type\":\"WebPage\",\"@id\":\"https:\\\/\\\/jerznerhof.at\\\/fr\\\/evenements\\\/hochzeiger-rockt\\\/\",\"url\":\"https:\\\/\\\/jerznerhof.at\\\/fr\\\/evenements\\\/hochzeiger-rockt\\\/\",\"name\":\"Ouverture de l\u2019\u00e9t\u00e9 2026 \u00e0 Hochzeiger | Musique live\",\"isPartOf\":{\"@id\":\"https:\\\/\\\/jerznerhof.at\\\/fr\\\/#website\"},\"datePublished\":\"2024-09-30T13:38:22+00:00\",\"dateModified\":\"2026-04-01T14:13:27+00:00\",\"description\":\"Le 21 juin 2026, le domaine de randonn\u00e9e Hochzeiger ouvre la nouvelle saison estivale 2026 ! Une ambiance au top avec de la musique live est garantie !\",\"breadcrumb\":{\"@id\":\"https:\\\/\\\/jerznerhof.at\\\/fr\\\/evenements\\\/hochzeiger-rockt\\\/#breadcrumb\"},\"inLanguage\":\"fr-FR\",\"potentialAction\":[{\"@type\":\"ReadAction\",\"target\":[\"https:\\\/\\\/jerznerhof.at\\\/fr\\\/evenements\\\/hochzeiger-rockt\\\/\"]}]},{\"@type\":\"BreadcrumbList\",\"@id\":\"https:\\\/\\\/jerznerhof.at\\\/fr\\\/evenements\\\/hochzeiger-rockt\\\/#breadcrumb\",\"itemListElement\":[{\"@type\":\"ListItem\",\"position\":1,\"name\":\"Startseite\",\"item\":\"https:\\\/\\\/jerznerhof.at\\\/fr\\\/\"},{\"@type\":\"ListItem\",\"position\":2,\"name\":\"\u00c9v\u00e9nements\",\"item\":\"https:\\\/\\\/jerznerhof.at\\\/fr\\\/events\\\/\"},{\"@type\":\"ListItem\",\"position\":3,\"name\":\"Ouverture de l\u2019\u00e9t\u00e9 \u00e0 Hochzeiger\"}]},{\"@type\":\"WebSite\",\"@id\":\"https:\\\/\\\/jerznerhof.at\\\/fr\\\/#website\",\"url\":\"https:\\\/\\\/jerznerhof.at\\\/fr\\\/\",\"name\":\"Jerzner Hof****s\",\"description\":\"Wellnesshotel im Pitztal\",\"publisher\":{\"@id\":\"https:\\\/\\\/jerznerhof.at\\\/fr\\\/#organization\"},\"potentialAction\":[{\"@type\":\"SearchAction\",\"target\":{\"@type\":\"EntryPoint\",\"urlTemplate\":\"https:\\\/\\\/jerznerhof.at\\\/fr\\\/?s={search_term_string}\"},\"query-input\":{\"@type\":\"PropertyValueSpecification\",\"valueRequired\":true,\"valueName\":\"search_term_string\"}}],\"inLanguage\":\"fr-FR\"},{\"@type\":\"Organization\",\"@id\":\"https:\\\/\\\/jerznerhof.at\\\/fr\\\/#organization\",\"name\":\"Jerzner Hof****s\",\"url\":\"https:\\\/\\\/jerznerhof.at\\\/fr\\\/\",\"logo\":{\"@type\":\"ImageObject\",\"inLanguage\":\"fr-FR\",\"@id\":\"https:\\\/\\\/jerznerhof.at\\\/fr\\\/#\\\/schema\\\/logo\\\/image\\\/\",\"url\":\"https:\\\/\\\/jerznerhof.at\\\/wp-content\\\/uploads\\\/2024\\\/10\\\/2024_Logo_Jerzner-Hof_Logo-mit-Sterne-Superior_hell.svg\",\"contentUrl\":\"https:\\\/\\\/jerznerhof.at\\\/wp-content\\\/uploads\\\/2024\\\/10\\\/2024_Logo_Jerzner-Hof_Logo-mit-Sterne-Superior_hell.svg\",\"width\":300,\"height\":225,\"caption\":\"Jerzner Hof****s\"},\"image\":{\"@id\":\"https:\\\/\\\/jerznerhof.at\\\/fr\\\/#\\\/schema\\\/logo\\\/image\\\/\"}}]}<\/script>\n<!-- \/ Yoast SEO plugin. -->","yoast_head_json":{"title":"Ouverture de l\u2019\u00e9t\u00e9 2026 \u00e0 Hochzeiger | Musique live","description":"Le 21 juin 2026, le domaine de randonn\u00e9e Hochzeiger ouvre la nouvelle saison estivale 2026 ! Une ambiance au top avec de la musique live est garantie !","robots":{"index":"index","follow":"follow","max-snippet":"max-snippet:-1","max-image-preview":"max-image-preview:large","max-video-preview":"max-video-preview:-1"},"canonical":"https:\/\/jerznerhof.at\/fr\/evenements\/hochzeiger-rockt\/","og_locale":"fr_FR","og_type":"article","og_title":"Ouverture de l\u2019\u00e9t\u00e9 2026 \u00e0 Hochzeiger | Musique live","og_description":"Le 21 juin 2026, le domaine de randonn\u00e9e Hochzeiger ouvre la nouvelle saison estivale 2026 ! Une ambiance au top avec de la musique live est garantie !","og_url":"https:\/\/jerznerhof.at\/fr\/evenements\/hochzeiger-rockt\/","og_site_name":"Jerzner Hof****s","article_modified_time":"2026-04-01T14:13:27+00:00","twitter_card":"summary_large_image","twitter_misc":{"Dur\u00e9e de lecture estim\u00e9e":"1 minute"},"schema":{"@context":"https:\/\/schema.org","@graph":[{"@type":"WebPage","@id":"https:\/\/jerznerhof.at\/fr\/evenements\/hochzeiger-rockt\/","url":"https:\/\/jerznerhof.at\/fr\/evenements\/hochzeiger-rockt\/","name":"Ouverture de l\u2019\u00e9t\u00e9 2026 \u00e0 Hochzeiger | Musique live","isPartOf":{"@id":"https:\/\/jerznerhof.at\/fr\/#website"},"datePublished":"2024-09-30T13:38:22+00:00","dateModified":"2026-04-01T14:13:27+00:00","description":"Le 21 juin 2026, le domaine de randonn\u00e9e Hochzeiger ouvre la nouvelle saison estivale 2026 ! Une ambiance au top avec de la musique live est garantie !","breadcrumb":{"@id":"https:\/\/jerznerhof.at\/fr\/evenements\/hochzeiger-rockt\/#breadcrumb"},"inLanguage":"fr-FR","potentialAction":[{"@type":"ReadAction","target":["https:\/\/jerznerhof.at\/fr\/evenements\/hochzeiger-rockt\/"]}]},{"@type":"BreadcrumbList","@id":"https:\/\/jerznerhof.at\/fr\/evenements\/hochzeiger-rockt\/#breadcrumb","itemListElement":[{"@type":"ListItem","position":1,"name":"Startseite","item":"https:\/\/jerznerhof.at\/fr\/"},{"@type":"ListItem","position":2,"name":"\u00c9v\u00e9nements","item":"https:\/\/jerznerhof.at\/fr\/events\/"},{"@type":"ListItem","position":3,"name":"Ouverture de l\u2019\u00e9t\u00e9 \u00e0 Hochzeiger"}]},{"@type":"WebSite","@id":"https:\/\/jerznerhof.at\/fr\/#website","url":"https:\/\/jerznerhof.at\/fr\/","name":"Jerzner Hof****s","description":"Wellnesshotel im Pitztal","publisher":{"@id":"https:\/\/jerznerhof.at\/fr\/#organization"},"potentialAction":[{"@type":"SearchAction","target":{"@type":"EntryPoint","urlTemplate":"https:\/\/jerznerhof.at\/fr\/?s={search_term_string}"},"query-input":{"@type":"PropertyValueSpecification","valueRequired":true,"valueName":"search_term_string"}}],"inLanguage":"fr-FR"},{"@type":"Organization","@id":"https:\/\/jerznerhof.at\/fr\/#organization","name":"Jerzner Hof****s","url":"https:\/\/jerznerhof.at\/fr\/","logo":{"@type":"ImageObject","inLanguage":"fr-FR","@id":"https:\/\/jerznerhof.at\/fr\/#\/schema\/logo\/image\/","url":"https:\/\/jerznerhof.at\/wp-content\/uploads\/2024\/10\/2024_Logo_Jerzner-Hof_Logo-mit-Sterne-Superior_hell.svg","contentUrl":"https:\/\/jerznerhof.at\/wp-content\/uploads\/2024\/10\/2024_Logo_Jerzner-Hof_Logo-mit-Sterne-Superior_hell.svg","width":300,"height":225,"caption":"Jerzner Hof****s"},"image":{"@id":"https:\/\/jerznerhof.at\/fr\/#\/schema\/logo\/image\/"}}]}},"_links":{"self":[{"href":"https:\/\/jerznerhof.at\/fr\/wp-json\/wp\/v2\/pages\/8183","targetHints":{"allow":["GET"]}}],"collection":[{"href":"https:\/\/jerznerhof.at\/fr\/wp-json\/wp\/v2\/pages"}],"about":[{"href":"https:\/\/jerznerhof.at\/fr\/wp-json\/wp\/v2\/types\/page"}],"author":[{"embeddable":true,"href":"https:\/\/jerznerhof.at\/fr\/wp-json\/wp\/v2\/users\/1"}],"replies":[{"embeddable":true,"href":"https:\/\/jerznerhof.at\/fr\/wp-json\/wp\/v2\/comments?post=8183"}],"version-history":[{"count":12,"href":"https:\/\/jerznerhof.at\/fr\/wp-json\/wp\/v2\/pages\/8183\/revisions"}],"predecessor-version":[{"id":10745,"href":"https:\/\/jerznerhof.at\/fr\/wp-json\/wp\/v2\/pages\/8183\/revisions\/10745"}],"up":[{"embeddable":true,"href":"https:\/\/jerznerhof.at\/fr\/wp-json\/wp\/v2\/pages\/8192"}],"wp:attachment":[{"href":"https:\/\/jerznerhof.at\/fr\/wp-json\/wp\/v2\/media?parent=8183"}],"curies":[{"name":"wp","href":"https:\/\/api.w.org\/{rel}","templated":true}]}}